{"id":53538,"date":"2018-09-27T17:43:46","date_gmt":"2018-09-27T17:43:46","guid":{"rendered":"https:\/\/hlrnet.com\/sites\/?page_id=53538"},"modified":"2020-09-20T17:50:16","modified_gmt":"2020-09-20T17:50:16","slug":"filosofie-in-real-time","status":"publish","type":"page","link":"https:\/\/hlrnet.com\/sites\/filosofie-in-real-time\/","title":{"rendered":"Filosofie in real time"},"content":{"rendered":"<span class=\"span-reading-time rt-reading-time\" style=\"display: block;\"><span class=\"rt-label rt-prefix\">Reading Time: <\/span> <span class=\"rt-time\"> &lt; 1<\/span> <span class=\"rt-label rt-postfix\">minute<\/span><\/span><div id='1' class='widgets_on_page wop_tiny1  wop_small1  wop_medium1  wop_large1  wop_wide1'>\n\t\t\t<ul><li id=\"custom_html-2\" class=\"widget_text widget widget_custom_html\"><h2 class=\"widgettitle\">EN<\/h2><div class=\"textwidget custom-html-widget\"><\/div><\/li><li id=\"rss-12\" class=\"widget widget_rss\"><h2 class=\"widgettitle\"><a class=\"rsswidget rss-widget-feed\" href=\"https:\/\/blog.apaonline.org\/feed\/\"><img decoding=\"async\" class=\"rss-widget-icon\" style=\"border:0\" width=\"14\" height=\"14\" src=\"https:\/\/hlrnet.com\/sites\/wp-includes\/images\/rss.png\" alt=\"RSS feed: APA\" loading=\"lazy\" \/><\/a> <a class=\"rsswidget rss-widget-title\" href=\"https:\/\/blog.apaonline.org\/\">APA<\/a><\/h2><ul><li><a class='rsswidget' href='https:\/\/blog.apaonline.org\/2026\/09\/01\/consent-and-the-formation-of-preferences\/'>Consent and the Formation of Preferences<\/a><\/li><li><a class='rsswidget' href='https:\/\/blog.apaonline.org\/2026\/08\/31\/making-a-space-for-ethics-santa-fe-colleges-ethics-club\/'>Making a Space for Ethics: Santa Fe College\u2019s Ethics Club<\/a><\/li><li><a class='rsswidget' href='https:\/\/blog.apaonline.org\/2026\/08\/28\/when-ai-escapes-the-sandbox\/'>When AI Escapes the Sandbox<\/a><\/li><li><a class='rsswidget' href='https:\/\/blog.apaonline.org\/2026\/08\/28\/recently-published-book-spotlight-death-in-a-shallow-pond\/'>Recently Published Book Spotlight: Death in a Shallow Pond<\/a><\/li><li><a class='rsswidget' href='https:\/\/blog.apaonline.org\/2026\/08\/28\/apa-member-interview-graham-curtiss-rowlands\/'>APA Member Interview: Graham Curtiss-Rowlands<\/a><\/li><li><a class='rsswidget' href='https:\/\/blog.apaonline.org\/2026\/08\/27\/how-widows-bay-supports-a-mystic-epistemology\/'>How Widow\u2019s Bay Supports a Mystic Epistemology<\/a><\/li><li><a class='rsswidget' href='https:\/\/blog.apaonline.org\/2026\/08\/26\/on-exploring-the-space-of-ideas-why-offloading-to-ai-obscures-the-landscape\/'>Offloading to AI Means Not Doing Philosophy: on the importance of exploring the space of ideas<\/a><\/li><li><a class='rsswidget' href='https:\/\/blog.apaonline.org\/2026\/08\/26\/2026-lebowitz-prize-awarded-to-philosophers-de-brigard-and-robins\/'>2026 Lebowitz Prize Awarded to Philosophers De Brigard and Robins<\/a><\/li><li><a class='rsswidget' href='https:\/\/blog.apaonline.org\/2026\/08\/25\/2023-pacific-division-dewey-lecture-great-timing-but-disputed-tools\/'>2023 Pacific Division Dewey Lecture: Great Timing but Disputed Tools<\/a><\/li><li><a class='rsswidget' href='https:\/\/blog.apaonline.org\/2026\/08\/24\/when-are-your-feelings-really-yours\/'>When Are Your Feelings Really Yours?<\/a><\/li><\/ul><\/li><li id=\"rss-13\" class=\"widget widget_rss\"><h2 class=\"widgettitle\"><a class=\"rsswidget rss-widget-feed\" href=\"http:\/\/philosophyofbrains.com\/feed\"><img decoding=\"async\" class=\"rss-widget-icon\" style=\"border:0\" width=\"14\" height=\"14\" src=\"https:\/\/hlrnet.com\/sites\/wp-includes\/images\/rss.png\" alt=\"RSS feed: The Brains Blog\" loading=\"lazy\" \/><\/a> <a class=\"rsswidget rss-widget-title\" href=\"https:\/\/philosophyofbrains.com\/\">The Brains Blog<\/a><\/h2><ul><li><a class='rsswidget' href='https:\/\/philosophyofbrains.com\/2026\/08\/28\/daniel-gregory-signed-inner-speech.aspx'>Daniel Gregory: Signed Inner Speech<\/a><\/li><li><a class='rsswidget' href='https:\/\/philosophyofbrains.com\/2026\/08\/27\/marta-jorba-do-we-know-what-we-think-before-saying-it-to-ourselves.aspx'>Marta Jorba: Do we know what we think before saying it to ourselves?<\/a><\/li><li><a class='rsswidget' href='https:\/\/philosophyofbrains.com\/2026\/08\/26\/wade-munroe-inner-speech-speech-acts-and-the-metaphysics-of-language.aspx'>Wade Munroe: Inner Speech, Speech Acts, and the Metaphysics of Language<\/a><\/li><li><a class='rsswidget' href='https:\/\/philosophyofbrains.com\/2026\/08\/25\/peter-langland-hassan-are-there-words-in-my-head.aspx'>Peter Langland-Hassan:  Are there Words in My Head?<\/a><\/li><li><a class='rsswidget' href='https:\/\/philosophyofbrains.com\/2026\/08\/24\/daniel-gregory-introduction-to-the-symposium-on-inner-speech.aspx'>Daniel Gregory:  Introduction to the Symposium on Inner Speech<\/a><\/li><li><a class='rsswidget' href='https:\/\/philosophyofbrains.com\/2026\/08\/24\/this-week-symposium-on-inner-speech.aspx'>This Week:  Symposium on Inner Speech<\/a><\/li><li><a class='rsswidget' href='https:\/\/philosophyofbrains.com\/2026\/08\/11\/how-boolean-logic-saved-millions-of-lives.aspx'>How Boolean logic saved millions of lives<\/a><\/li><li><a class='rsswidget' href='https:\/\/philosophyofbrains.com\/2026\/07\/24\/kim-soland-pain-intensities.aspx'>Kim Soland:  Pain Intensities<\/a><\/li><li><a class='rsswidget' href='https:\/\/philosophyofbrains.com\/2026\/07\/23\/caitlin-mace-vehicle-indeterminacy-in-memory-neuroscience.aspx'>Caitlin Mace:  Vehicle Indeterminacy in Memory Neuroscience<\/a><\/li><li><a class='rsswidget' href='https:\/\/philosophyofbrains.com\/2026\/07\/22\/yoonhee-jung-beyond-veridicality.aspx'>Yoonhee Jung:  Beyond Veridicality<\/a><\/li><\/ul><\/li><li id=\"rss-23\" class=\"widget widget_rss\"><h2 class=\"widgettitle\"><a class=\"rsswidget rss-widget-feed\" href=\"https:\/\/journals.openedition.org\/ejpap\/backend?format=rssnumeros\"><img decoding=\"async\" class=\"rss-widget-icon\" style=\"border:0\" width=\"14\" height=\"14\" src=\"https:\/\/hlrnet.com\/sites\/wp-includes\/images\/rss.png\" alt=\"RSS feed: European Journal of Pragmatism and American Philosophy\" loading=\"lazy\" \/><\/a> <a class=\"rsswidget rss-widget-title\" href=\"http:\/\/journals.openedition.org\/ejpap\">European Journal of Pragmatism and American Philosophy<\/a><\/h2><ul><li><a class='rsswidget' href='http:\/\/journals.openedition.org\/ejpap\/6543'>XVIII-1 | 2026 \u2013 Dewey\u2019s Experience and Nature in the Archives \/ Into the Diagram<\/a><\/li><li><a class='rsswidget' href='http:\/\/journals.openedition.org\/ejpap\/5254'>XVII-2 | 2025 \u2013 Robert Brandom and Political Theory<\/a><\/li><li><a class='rsswidget' href='http:\/\/journals.openedition.org\/ejpap\/4644'>XVII-1 | 2025 \u2013 Pragmatism in China<\/a><\/li><li><a class='rsswidget' href='http:\/\/journals.openedition.org\/ejpap\/4434'>XVI-2 | 2024 \u2013 Pragmatism and Anthropology<\/a><\/li><li><a class='rsswidget' href='http:\/\/journals.openedition.org\/ejpap\/3758'>XVI-1 | 2024 \u2013 Pragmatism and\/on Science and Scientism<\/a><\/li><li><a class='rsswidget' href='http:\/\/journals.openedition.org\/ejpap\/3363'>XV-2 | 2023 \u2013 Therapy and Conflict. Between Pragmatism and Psychoanalysis<\/a><\/li><li><a class='rsswidget' href='http:\/\/journals.openedition.org\/ejpap\/3181'>XV-1 | 2023 \u2013 Pragmatism and Feminism. Epistemological, Social, and Political Spaces of Resistance<\/a><\/li><li><a class='rsswidget' href='http:\/\/journals.openedition.org\/ejpap\/2945'>XIV-2 | 2022 \u2013 Pragmatism and Phenomenology. A Metaphilosophical Reconsideration<\/a><\/li><li><a class='rsswidget' href='http:\/\/journals.openedition.org\/ejpap\/2688'>XIV-1 | 2022 \u2013 Experience, Interpretation and Meaning: A Dialogue between Hermeneutics and Pragmatism<\/a><\/li><li><a class='rsswidget' href='http:\/\/journals.openedition.org\/ejpap\/2434'>XIII-2 | 2021 \u2013 Pragmatist Ethics: Theory and Practice<\/a><\/li><\/ul><\/li><li id=\"rss-26\" class=\"widget widget_rss\"><h2 class=\"widgettitle\"><a class=\"rsswidget rss-widget-feed\" href=\"https:\/\/www.nature.com\/subjects\/philosophy.rss\"><img decoding=\"async\" class=\"rss-widget-icon\" style=\"border:0\" width=\"14\" height=\"14\" src=\"https:\/\/hlrnet.com\/sites\/wp-includes\/images\/rss.png\" alt=\"RSS feed: Nature.com: Philosophy\" loading=\"lazy\" \/><\/a> <a class=\"rsswidget rss-widget-title\" href=\"https:\/\/www.nature.com\/subjects\/philosophy\">Nature.com: Philosophy<\/a><\/h2><ul><li><a class='rsswidget' href='https:\/\/www.nature.com\/articles\/s41599-026-08416-0'>Rethinking the school in the Anthropocene as an ecological and democratic third place<\/a><\/li><li><a class='rsswidget' href='https:\/\/www.nature.com\/articles\/s42256-026-01294-w'>The epistemic debt of generative AI<\/a><\/li><li><a class='rsswidget' href='https:\/\/www.nature.com\/articles\/d41586-026-02571-9'>Can AI ever be conscious? The question stems from a misconception<\/a><\/li><li><a class='rsswidget' href='https:\/\/www.nature.com\/articles\/s41599-026-08720-9'>What AI cannot sense: a situated reading of olive oil-based cosmetic care<\/a><\/li><li><a class='rsswidget' href='https:\/\/www.nature.com\/articles\/s44183-026-00237-7'>Blue cognitive justice: a critical imperative for ocean justice scholarship<\/a><\/li><li><a class='rsswidget' href='https:\/\/www.nature.com\/articles\/s41599-026-08815-3'>Beyond consequences and duties: a social contract argument for business ethics<\/a><\/li><li><a class='rsswidget' href='https:\/\/www.nature.com\/articles\/s41599-026-08280-y'>Cosmetic surgeon\u2019s legal responsibilities: an Islamic juristic perspective<\/a><\/li><li><a class='rsswidget' href='https:\/\/www.nature.com\/articles\/s41599-026-08729-0'>What cannot be taught: the apprenticeship problem in modern Chinese medicine<\/a><\/li><li><a class='rsswidget' href='https:\/\/www.nature.com\/articles\/s41599-026-08189-6'>PERMEATE: a pilot study and a protocol for ethnographic research on meta-attention<\/a><\/li><li><a class='rsswidget' href='https:\/\/www.nature.com\/articles\/s41598-026-66305-7'>Users prefer generative AI to reflect real over idealized gender proportions<\/a><\/li><\/ul><\/li><li id=\"rss-25\" class=\"widget widget_rss\"><h2 class=\"widgettitle\"><a class=\"rsswidget rss-widget-feed\" href=\"http:\/\/partiallyexaminedlife.com\/feed\/podcast\/\"><img decoding=\"async\" class=\"rss-widget-icon\" style=\"border:0\" width=\"14\" height=\"14\" src=\"https:\/\/hlrnet.com\/sites\/wp-includes\/images\/rss.png\" alt=\"RSS feed: The Partially Examined Life\" loading=\"lazy\" \/><\/a> <a class=\"rsswidget rss-widget-title\" href=\"http:\/\/partiallyexaminedlife.com\/\">The Partially Examined Life<\/a><\/h2><ul><li><a class='rsswidget' href='https:\/\/partiallyexaminedlife.com\/2026\/08\/30\/ep-399-1-dennett-mind\/'>Ep. 399: Dan Dennett&#039;s Model of Mind (Part One)<\/a><\/li><li><a class='rsswidget' href='https:\/\/partiallyexaminedlife.com\/2026\/08\/22\/pel-sunami-nightcap-august-2026\/'>PREMIUM-PEL Sunami Nightcap August 2026<\/a><\/li><li><a class='rsswidget' href='https:\/\/partiallyexaminedlife.libsyn.com\/pel-presents-nem259-glenn-morrow-barnone-songwriting-re-emergence'>PEL Presents NEM#259: Glenn Morrow (Bar\/None): Songwriting Re-Emergence<\/a><\/li><li><a class='rsswidget' href='https:\/\/partiallyexaminedlife.com\/2026\/08\/23\/ep-398-2-davidson-mind\/'>Ep. 398: Donald Davidson on Mind vs. Body (Part Two)<\/a><\/li><li><a class='rsswidget' href='https:\/\/philosophyimprov.com\/pvi123-school-bill-arnett-jenny-hansen\/'>PEL Presents PvI#123: Brain Spritzing w\/ Bill Arnett and Jenny Hansen<\/a><\/li><li><a class='rsswidget' href='https:\/\/www.patreon.com\/closereadsphilosophy\/posts\/peirces-new-part-167128198'>PEL Presents Closereads: Peirce&#039;s New Categories (Part One)<\/a><\/li><li><a class='rsswidget' href='https:\/\/partiallyexaminedlife.com\/2026\/08\/16\/ep-398-1-davidson-mind\/'>Ep. 398: Donald Davidson on Mind vs. Body (Part One)<\/a><\/li><li><a class='rsswidget' href='https:\/\/prettymuchpop.com\/2026\/08\/19\/pmp228-spielberg-aliens\/'>PEL Presents PMP#228: Spielberg&#039;s Alien Fetish<\/a><\/li><li><a class='rsswidget' href='https:\/\/partiallyexaminedlife.com\/2026\/08\/09\/ep-397-2-federalist-papers-live\/'>Ep. 397: Federalist Papers LIVE (Part Two)<\/a><\/li><li><a class='rsswidget' href='https:\/\/nakedlyexaminedmusic.com\/nem258-dan-montgomery\/'>PEL Presents NEM#258: Dan Montgomery: Direct Communication<\/a><\/li><\/ul><\/li><li id=\"rss-4\" class=\"widget widget_rss\"><h2 class=\"widgettitle\"><a class=\"rsswidget rss-widget-feed\" href=\"https:\/\/philomtl.wordpress.com\/feed\/\"><img decoding=\"async\" class=\"rss-widget-icon\" style=\"border:0\" width=\"14\" height=\"14\" src=\"https:\/\/hlrnet.com\/sites\/wp-includes\/images\/rss.png\" alt=\"RSS feed: Philomtl\" loading=\"lazy\" \/><\/a> <a class=\"rsswidget rss-widget-title\" href=\"https:\/\/philomtl.wordpress.com\/\">Philomtl<\/a><\/h2><ul><li><a class='rsswidget' href='https:\/\/philomtl.wordpress.com\/2026\/01\/20\/colloque-annuel-de-lassociation-etudiante-et-du-departement-de-philosophie-et-dethique-appliquee-universite-de-sherbrooke\/'>Colloque annuel de l\u2019Association \u00e9tudiante et du D\u00e9partement de philosophie et d\u2019\u00e9thique appliqu\u00e9e, Universit\u00e9 de Sherbrooke<\/a><\/li><li><a class='rsswidget' href='https:\/\/philomtl.wordpress.com\/2025\/12\/19\/concours-2026-2027-sejours-comme-chercheur%C2%B7ses-invite%C2%B7es-centre-de-recherche-en-ethique-cre\/'>Concours 2026-2027 \u2013 S\u00e9jours comme chercheur\u00b7ses invit\u00e9\u00b7es \u2013 Centre de recherche en \u00e9thique (CR\u00c9)<\/a><\/li><li><a class='rsswidget' href='https:\/\/philomtl.wordpress.com\/2025\/11\/06\/aaron-mills-comparative-legality-how-to-recognize-indigenous-law-as-law\/'>Aaron Mills \u2013 Comparative Legality: How to Recognize Indigenous Law as Law<\/a><\/li><li><a class='rsswidget' href='https:\/\/philomtl.wordpress.com\/2025\/11\/04\/anandi-hattiangadi-artificial-general-intelligence-a-philosophers-manifesto\/'>Anandi\u00a0Hattiangadi \u2013 Artificial General Intelligence: A Philosopher\u2019s Manifesto<\/a><\/li><li><a class='rsswidget' href='https:\/\/philomtl.wordpress.com\/2025\/10\/10\/quill-kukla-centering-gender-euphoria\/'>Quill Kukla \u2013 Centering Gender Euphoria<\/a><\/li><li><a class='rsswidget' href='https:\/\/philomtl.wordpress.com\/2025\/09\/29\/atelier-du-grin-medecine-et-philosophie-raisonner-a-partir-de-cas-particuliers\/'>Atelier du GRIN \u2013 \u00ab\u00a0M\u00e9decine et philosophie\u00a0: raisonner \u00e0 partir de cas particuliers \u00bb<\/a><\/li><li><a class='rsswidget' href='https:\/\/philomtl.wordpress.com\/2025\/09\/13\/david-wong-confucian-daoist-and-democratic-contributions-to-harmony\/'>David Wong \u2013 Confucian, Daoist, and Democratic Contributions to Harmony<\/a><\/li><li><a class='rsswidget' href='https:\/\/philomtl.wordpress.com\/2025\/09\/11\/gabriele-contessa-public-trust-in-science-a-communitarian-approach\/'>Gabriele Contessa \u2013 Public Trust in Science: A Communitarian Approach<\/a><\/li><li><a class='rsswidget' href='https:\/\/philomtl.wordpress.com\/2025\/09\/10\/heidi-grasswick-negotiating-ignorances-in-responsible-epistemic-practices\/'>Heidi Grasswick \u2013 Negotiating Ignorances in Responsible Epistemic Practices<\/a><\/li><li><a class='rsswidget' href='https:\/\/philomtl.wordpress.com\/2025\/04\/08\/jean-lassegue-le-calcul-et-les-metamorphoses-de-la-legalite-le-politique-contre-le-numerique\/'>ANNUL\u00c9 \u2013 Jean Lass\u00e8gue \u2013 Le calcul et les m\u00e9tamorphoses de la l\u00e9galit\u00e9. Le politique contre le num\u00e9rique<\/a><\/li><\/ul><\/li><li id=\"rss-14\" class=\"widget widget_rss\"><h2 class=\"widgettitle\"><a class=\"rsswidget rss-widget-feed\" href=\"https:\/\/philosophicaldisquisitions.blogspot.com\/feeds\/posts\/default\"><img decoding=\"async\" class=\"rss-widget-icon\" style=\"border:0\" width=\"14\" height=\"14\" src=\"https:\/\/hlrnet.com\/sites\/wp-includes\/images\/rss.png\" alt=\"RSS feed: Philosophical Disquisitions\" loading=\"lazy\" \/><\/a> <a class=\"rsswidget rss-widget-title\" href=\"https:\/\/philosophicaldisquisitions.blogspot.com\/\">Philosophical Disquisitions<\/a><\/h2><ul><li><a class='rsswidget' href='https:\/\/philosophicaldisquisitions.blogspot.com\/2024\/11\/why-values-are-always-apt-for.html'>Why Values are Always Apt for Technological Disruption<\/a><\/li><li><a class='rsswidget' href='https:\/\/philosophicaldisquisitions.blogspot.com\/2024\/11\/are-seatbelt-mandates-unduly.html'>Are Seatbelt Mandates Unduly Paternalistic?<\/a><\/li><li><a class='rsswidget' href='https:\/\/philosophicaldisquisitions.blogspot.com\/2024\/07\/generative-ai-and-future-of-equality.html'>Generative AI and the Future of Equality Norms<\/a><\/li><li><a class='rsswidget' href='https:\/\/philosophicaldisquisitions.blogspot.com\/2024\/07\/the-ethics-of-personalised-digital.html'>The Ethics of Personalised Digital Duplicates: A Minimally Viable Permissibility Principle<\/a><\/li><li><a class='rsswidget' href='https:\/\/philosophicaldisquisitions.blogspot.com\/2024\/07\/mind-anticipatory-gap-genome-editing.html'>Mind the Anticipatory Gap: Genome Editing, Value Change and Governance<\/a><\/li><li><a class='rsswidget' href='https:\/\/philosophicaldisquisitions.blogspot.com\/2024\/07\/the-structure-of-academic-writing.html'>The Structure of Academic Writing: Lessons from John McPhee<\/a><\/li><li><a class='rsswidget' href='https:\/\/philosophicaldisquisitions.blogspot.com\/2024\/04\/automation-utopia-and-everything-in.html'>Automation, Utopia and Everything In Between<\/a><\/li><li><a class='rsswidget' href='https:\/\/philosophicaldisquisitions.blogspot.com\/2024\/01\/do-counterfeit-digital-people-threaten.html'>Do Counterfeit Digital People Threaten the Cognitive Elite?<\/a><\/li><li><a class='rsswidget' href='https:\/\/philosophicaldisquisitions.blogspot.com\/2024\/01\/technology-and-dematerialisation-of-sex.html'>Technology and the Dematerialisation of Sex<\/a><\/li><li><a class='rsswidget' href='https:\/\/philosophicaldisquisitions.blogspot.com\/2024\/01\/what-is-equality-of-opportunity.html'>What is Equality of Opportunity? A Framework for Analysis<\/a><\/li><\/ul><\/li><li id=\"rss-18\" class=\"widget widget_rss\"><h2 class=\"widgettitle\"><a class=\"rsswidget rss-widget-feed\" href=\"http:\/\/philosophizethis.libsyn.com\/rss\"><img decoding=\"async\" class=\"rss-widget-icon\" style=\"border:0\" width=\"14\" height=\"14\" src=\"https:\/\/hlrnet.com\/sites\/wp-includes\/images\/rss.png\" alt=\"RSS feed: Philosophize This!\" loading=\"lazy\" \/><\/a> <a class=\"rsswidget rss-widget-title\" href=\"http:\/\/www.philosophizethis.org\/\">Philosophize This!<\/a><\/h2><ul><li><a class='rsswidget' href='https:\/\/philosophizethis.libsyn.com\/episode-189-everything-that-connects-us-is-slowly-disappearing-byung-chul-han-pt-2'>Episode #189 ... Everything that connects us is slowly disappearing. - Byung Chul Han pt. 2<\/a><\/li><li><a class='rsswidget' href='https:\/\/philosophizethis.libsyn.com\/episode-188-achievement-society-and-the-rise-of-narcissism-depression-and-anxiety-byung-chul-han'>Episode #188 ... Achievement Society and the rise of narcissism, depression and anxiety - Byung-Chul Han<\/a><\/li><li><a class='rsswidget' href='https:\/\/philosophizethis.libsyn.com\/episode-187-how-much-freedom-would-you-trade-for-security-foucault-hobbes-mill-agamben'>Episode #187 ... How much freedom would you trade for security? (Foucault, Hobbes, Mill, Agamben)<\/a><\/li><li><a class='rsswidget' href='https:\/\/philosophizethis.libsyn.com\/episode-186-are-we-heading-for-a-digital-prison-panopticon-foucault-bentham-cave'>Episode #186 ... Are we heading for a digital prison? - Panopticon (Foucault, Bentham, Cave)<\/a><\/li><li><a class='rsswidget' href='https:\/\/philosophizethis.libsyn.com\/episode-185-should-we-prepare-for-an-ai-revolution'>Episode #185 ... Should we prepare for an AI revolution?<\/a><\/li><li><a class='rsswidget' href='https:\/\/philosophizethis.libsyn.com\/episode-184-is-ai-really-an-existential-risk'>Episode #184 ... Is Artificial Intelligence really an existential risk?<\/a><\/li><li><a class='rsswidget' href='https:\/\/philosophizethis.libsyn.com\/episode-183-is-chatgpt-really-intelligent'>Episode #183 ... Is ChatGPT really intelligent?<\/a><\/li><li><a class='rsswidget' href='https:\/\/philosophizethis.libsyn.com\/episode-182-what-if-free-will-is-an-illusion'>Episode #182 ... What if free will is an illusion?<\/a><\/li><li><a class='rsswidget' href='https:\/\/philosophizethis.libsyn.com\/episode-181-what-if-consciousness-is-an-illusion'>Episode #181 ... What if consciousness is an illusion?<\/a><\/li><li><a class='rsswidget' href='https:\/\/philosophizethis.libsyn.com\/episode-180-what-if-everything-is-consciousness-phillip-goff-on-panpsychism'>Episode #180 ... What if everything is consciousness? - Phillip Goff on Panpsychism<\/a><\/li><\/ul><\/li><li id=\"rss-19\" class=\"widget widget_rss\"><h2 class=\"widgettitle\"><a class=\"rsswidget rss-widget-feed\" href=\"http:\/\/feeds.feedburner.com\/philosophynews\/jcFI\"><img decoding=\"async\" class=\"rss-widget-icon\" style=\"border:0\" width=\"14\" height=\"14\" src=\"https:\/\/hlrnet.com\/sites\/wp-includes\/images\/rss.png\" alt=\"RSS feed: Philosophy News\" loading=\"lazy\" \/><\/a> <a class=\"rsswidget rss-widget-title\" href=\"https:\/\/philosophynews.com\/\">Philosophy News<\/a><\/h2><ul><li><a class='rsswidget' href='https:\/\/philosophynews.com\/locke-on-real-essence\/'>Locke on Real Essence<\/a><\/li><li><a class='rsswidget' href='https:\/\/philosophynews.com\/consent-and-the-formation-of-preferences\/'>Consent and the Formation of Preferences<\/a><\/li><li><a class='rsswidget' href='https:\/\/philosophynews.com\/philosophybitswhat-do-we-long-for-when-we-see-beauty-to-be-beautiful-we-think-much-happiness\/'>philosophybits:\n\n\u201cWhat do we long for when we see beauty? To be beautiful. We think much happiness\u2026<\/a><\/li><li><a class='rsswidget' href='https:\/\/philosophynews.com\/when-a-sentence-is-called-senseless-it-is-not-as-it-were-its-sense-that-is-senseless-rather-a\/'>\u201cWhen a sentence is called senseless, it is not, as it were, its sense that is senseless. Rather, a\u2026\u201d<\/a><\/li><li><a class='rsswidget' href='https:\/\/philosophynews.com\/a-tour-through-eve-babitzs-letters-reveals-that-this-supremely-insouciant-glamorous-writer-was-once-boring\/'>A tour through Eve Babitz\u2019s letters reveals that this supremely insouciant, glamorous writer was once boring<\/a><\/li><li><a class='rsswidget' href='https:\/\/philosophynews.com\/a-wine-so-thick-you-could-write-with-it-and-pate-made-from-cat-meat-what-did-boys-obsess-over-in-the-renaissance-food\/'>A wine so thick you could write with it and p\u00e2t\u00e9 made from cat meat. What did boys obsess over in the Renaissance? Food<\/a><\/li><li><a class='rsswidget' href='https:\/\/philosophynews.com\/in-1970-1-in-13-four-year-degrees-was-in-english-today-its-1-in-60-what-happened-canon-became-a-dirty-word\/'>In 1970, 1 in 13 four-year degrees was in English. Today it\u2019s 1 in 60. What happened? \u201cCanon\u201d became a dirty word<\/a><\/li><li><a class='rsswidget' href='https:\/\/philosophynews.com\/once-read-a-poem-cannot-be-escaped-through-nothing-other-than-innocent-reading-its-spirit-becomes\/'>Once read, a poem cannot be escaped. Through nothing other than innocent reading, its spirit becomes\u2026<\/a><\/li><li><a class='rsswidget' href='https:\/\/philosophynews.com\/philosophybitsthe-free-intellect-will-see-as-god-might-see-without-a-here-and-now-without\/'>philosophybits:\n\n\u201cThe free intellect will see as God might see, without a here and now, without\u2026<\/a><\/li><li><a class='rsswidget' href='https:\/\/philosophynews.com\/isaac-israeli\/'>Isaac Israeli<\/a><\/li><\/ul><\/li><li id=\"rss-29\" class=\"widget widget_rss\"><h2 class=\"widgettitle\"><a class=\"rsswidget rss-widget-feed\" href=\"https:\/\/philosophynow.org\/podcasts\/rss\"><img decoding=\"async\" class=\"rss-widget-icon\" style=\"border:0\" width=\"14\" height=\"14\" src=\"https:\/\/hlrnet.com\/sites\/wp-includes\/images\/rss.png\" alt=\"RSS feed: Philosophy Now\" loading=\"lazy\" \/><\/a> <a class=\"rsswidget rss-widget-title\" href=\"https:\/\/philosophynow.org\/podcasts\">Philosophy Now<\/a><\/h2><ul><li><a class='rsswidget' href='https:\/\/philosophynow.org\/podcasts\/The_Mental_Universe_Debate'>The Mental Universe Debate<\/a><\/li><li><a class='rsswidget' href='https:\/\/philosophynow.org\/podcasts\/The_Linguistic_Wizardry_of_Ludwig_Wittgenstein'>The Linguistic Wizardry of Ludwig Wittgenstein<\/a><\/li><li><a class='rsswidget' href='https:\/\/philosophynow.org\/podcasts\/Philosophy_Lies_and_Politics'>Philosophy, Lies and Politics<\/a><\/li><li><a class='rsswidget' href='https:\/\/philosophynow.org\/podcasts\/Beyond_Right_and_Wrong'>Beyond Right and Wrong<\/a><\/li><li><a class='rsswidget' href='https:\/\/philosophynow.org\/podcasts\/The_Hidden_World_of_Immanuel_Kant'>The Hidden World of Immanuel Kant<\/a><\/li><li><a class='rsswidget' href='https:\/\/philosophynow.org\/podcasts\/How_Come_Consciousness'>How Come Consciousness?<\/a><\/li><li><a class='rsswidget' href='https:\/\/philosophynow.org\/podcasts\/Buddhist_Philosophy'>Buddhist Philosophy<\/a><\/li><li><a class='rsswidget' href='https:\/\/philosophynow.org\/podcasts\/Impressions_of_David_Hume'>Impressions of David Hume<\/a><\/li><li><a class='rsswidget' href='https:\/\/philosophynow.org\/podcasts\/In_Defence_of_Wonder'>In Defence of Wonder<\/a><\/li><li><a class='rsswidget' href='https:\/\/philosophynow.org\/podcasts\/Philosophy_and_Literature'>Philosophy and Literature<\/a><\/li><\/ul><\/li><li id=\"rss-16\" class=\"widget widget_rss\"><h2 class=\"widgettitle\"><a class=\"rsswidget rss-widget-feed\" href=\"http:\/\/blog.practicalethics.ox.ac.uk\/feed\/\"><img decoding=\"async\" class=\"rss-widget-icon\" style=\"border:0\" width=\"14\" height=\"14\" src=\"https:\/\/hlrnet.com\/sites\/wp-includes\/images\/rss.png\" alt=\"RSS feed: Practical Ethics\" loading=\"lazy\" \/><\/a> <a class=\"rsswidget rss-widget-title\" href=\"https:\/\/blog.uehiro.ox.ac.uk\/\">Practical Ethics<\/a><\/h2><ul><li><a class='rsswidget' href='https:\/\/blog.uehiro.ox.ac.uk\/2026\/08\/2026-uehiro-lectures-miranda-fricker-on-moral-pressures-bending-time-shaping-wills\/'>2026 Uehiro Lectures: Miranda Fricker on Moral Pressures: Bending Time, Shaping Wills\u00a0<\/a><\/li><li><a class='rsswidget' href='https:\/\/blog.uehiro.ox.ac.uk\/2026\/06\/the-uk-plans-to-ban-romantic-ai-chatbots-for-under-18s-young-people-have-bigger-worries-about-ai\/'>The UK plans to ban romantic AI chatbots for under-18s. Young people have bigger worries about AI.<\/a><\/li><li><a class='rsswidget' href='https:\/\/blog.uehiro.ox.ac.uk\/2026\/06\/what-do-we-mean-by-equity-in-global-health\/'>What do we mean by equity in global health?<\/a><\/li><li><a class='rsswidget' href='https:\/\/blog.uehiro.ox.ac.uk\/2026\/05\/human-identity-and-biotechnologies-special-issue-just-published\/'>Human Identity and Biotechnologies: special issue just published<\/a><\/li><li><a class='rsswidget' href='https:\/\/blog.uehiro.ox.ac.uk\/2026\/05\/when-should-we-argue\/'>When Should we Argue?<\/a><\/li><li><a class='rsswidget' href='https:\/\/blog.uehiro.ox.ac.uk\/2026\/04\/community-iftar\/'>Community Iftar<\/a><\/li><li><a class='rsswidget' href='https:\/\/blog.uehiro.ox.ac.uk\/2026\/04\/some-reflections-on-elena-conis-lecture-contextualising-the-modern-era-of-vaccination\/'>Some reflections on Elena Conis\u2019 lecture \u201cContextualising the Modern Era of Vaccination\u201d<\/a><\/li><li><a class='rsswidget' href='https:\/\/blog.uehiro.ox.ac.uk\/2026\/03\/can-pornography-be-feminist-in-a-mass-market-economy\/'>Can Pornography be Feminist in a Mass Market Economy?<\/a><\/li><li><a class='rsswidget' href='https:\/\/blog.uehiro.ox.ac.uk\/2026\/03\/is-prostitution-just-a-job\/'>Is Prostitution Just a Job?<\/a><\/li><li><a class='rsswidget' href='https:\/\/blog.uehiro.ox.ac.uk\/2026\/02\/its-physical-not-intellectual-the-ethics-of-correcting-assumptions-about-disability\/'>\u2018It\u2019s Physical, Not Intellectual\u2019: The Ethics of Correcting Assumptions About Disability<\/a><\/li><\/ul><\/li><li id=\"rss-17\" class=\"widget widget_rss\"><h2 class=\"widgettitle\"><a class=\"rsswidget rss-widget-feed\" href=\"https:\/\/egtheory.wordpress.com\/feed\/\"><img decoding=\"async\" class=\"rss-widget-icon\" style=\"border:0\" width=\"14\" height=\"14\" src=\"https:\/\/hlrnet.com\/sites\/wp-includes\/images\/rss.png\" alt=\"RSS feed: Theory, Evolution, and Games Group\" loading=\"lazy\" \/><\/a> <a class=\"rsswidget rss-widget-title\" href=\"https:\/\/egtheory.wordpress.com\/\">Theory, Evolution, and Games Group<\/a><\/h2><ul><li><a class='rsswidget' href='https:\/\/egtheory.wordpress.com\/2019\/09\/28\/biological-computation-3\/'>Principles of biological computation: from circadian clock to evolution<\/a><\/li><li><a class='rsswidget' href='https:\/\/egtheory.wordpress.com\/2019\/09\/21\/biological-computation-2\/'>The science and engineering of biological computation: from process to software to DNA-based neural networks<\/a><\/li><li><a class='rsswidget' href='https:\/\/egtheory.wordpress.com\/2019\/09\/14\/biological-computation-1\/'>Elements of biological computation &amp; stochastic thermodynamics of life<\/a><\/li><li><a class='rsswidget' href='https:\/\/egtheory.wordpress.com\/2019\/09\/07\/bayesian-mind\/'>Rationality, the Bayesian mind and their limits<\/a><\/li><li><a class='rsswidget' href='https:\/\/egtheory.wordpress.com\/2019\/08\/31\/web-of-c-lief\/'>Web of C-lief: conjectures vs. model assumptions vs. scientific beliefs<\/a><\/li><li><a class='rsswidget' href='https:\/\/egtheory.wordpress.com\/2019\/08\/24\/eseb-idealization-vs-abstraction\/'>Idealization vs abstraction for mathematical models of evolution<\/a><\/li><li><a class='rsswidget' href='https:\/\/egtheory.wordpress.com\/2019\/08\/17\/algotrading-replication\/'>Allegory of the replication crisis in algorithmic trading<\/a><\/li><li><a class='rsswidget' href='https:\/\/egtheory.wordpress.com\/2019\/08\/10\/process-over-state\/'>Process over state: Math is about proofs, not theorems.<\/a><\/li><li><a class='rsswidget' href='https:\/\/egtheory.wordpress.com\/2019\/08\/02\/random-power-law-graphs\/'>Generating random power-law graphs<\/a><\/li><li><a class='rsswidget' href='https:\/\/egtheory.wordpress.com\/2019\/07\/27\/blogging-community-of-computational-and-mathematical-oncologists\/'>Blogging community of computational and mathematical oncologists<\/a><\/li><\/ul><\/li><li id=\"rss-24\" class=\"widget widget_rss\"><h2 class=\"widgettitle\"><a class=\"rsswidget rss-widget-feed\" href=\"http:\/\/www.northamericansocietyforsocialphilosophy.org\/feed\/\"><img decoding=\"async\" class=\"rss-widget-icon\" style=\"border:0\" width=\"14\" height=\"14\" src=\"https:\/\/hlrnet.com\/sites\/wp-includes\/images\/rss.png\" alt=\"RSS feed: North American Society for Social Philosophy\" loading=\"lazy\" \/><\/a> <a class=\"rsswidget rss-widget-title\" href=\"https:\/\/www.northamericansocietyforsocialphilosophy.org\/\">North American Society for Social Philosophy<\/a><\/h2><ul><li><a class='rsswidget' href='https:\/\/www.northamericansocietyforsocialphilosophy.org\/2027-apa-central-nassp-cfas-sept-10-2026-deadline\/'>2027 APA Central: NASSP CFAs (Sept. 10, 2026 Deadline)<\/a><\/li><li><a class='rsswidget' href='https:\/\/www.northamericansocietyforsocialphilosophy.org\/2027-apa-pacific-nassp-cfa-sept-15-2026-deadline\/'>2027 APA Pacific: NASSP CFA (Sept. 15, 2026 deadline)<\/a><\/li><li><a class='rsswidget' href='https:\/\/www.northamericansocietyforsocialphilosophy.org\/member-announcement-feast-steering-committee-nomination\/'>Member Announcement: FEAST Steering Committee Nomination<\/a><\/li><li><a class='rsswidget' href='https:\/\/www.northamericansocietyforsocialphilosophy.org\/deadline-extended-to-march-15-graduate-student-prize-submissions-for-nassp-cswip-2026-conference\/'>Deadline Extended to March 15: Graduate Student Prize Submissions for NASSP &amp; CSWIP 2026 Conference<\/a><\/li><li><a class='rsswidget' href='https:\/\/www.northamericansocietyforsocialphilosophy.org\/deadline-extended-to-march-15-nassp-cswip-2026-conference-call-for-abstracts\/'>Deadline Extended to March 15: NASSP &amp; CSWIP 2026 Conference Call for Abstracts<\/a><\/li><li><a class='rsswidget' href='https:\/\/www.northamericansocietyforsocialphilosophy.org\/mon-feb-2-3pest-2026-nassp-abstract-writing-workshop\/'>Mon. Feb. 2 @ 3pEST: 2026 NASSP Abstract Writing Workshop<\/a><\/li><li><a class='rsswidget' href='https:\/\/www.northamericansocietyforsocialphilosophy.org\/apa-studies-on-feminism-and-philosophy-cfp-due-feb-1-2026\/'>APA Studies on Feminism and Philosophy CFP (due Feb. 1, 2027)<\/a><\/li><li><a class='rsswidget' href='https:\/\/www.northamericansocietyforsocialphilosophy.org\/2026-nassp-cswip-cfa-due-march-1-2026\/'>2026 NASSP &amp; CSWIP CFA (due March 1, 2026)<\/a><\/li><li><a class='rsswidget' href='https:\/\/www.northamericansocietyforsocialphilosophy.org\/social-philosophy-today-cfp-due-dec-31-2025\/'>Social Philosophy Today CfP (due Dec. 31, 2025)<\/a><\/li><li><a class='rsswidget' href='https:\/\/www.northamericansocietyforsocialphilosophy.org\/2026-apa-pacific-nassp-session-cfa-due-sept-15-2025\/'>2026 APA Pacific: NASSP Session CFA (due Sept. 15, 2025)<\/a><\/li><\/ul><\/li><li id=\"custom_html-3\" class=\"widget_text widget widget_custom_html\"><h2 class=\"widgettitle\">FR<\/h2><div class=\"textwidget custom-html-widget\"><\/div><\/li><li id=\"rss-44\" class=\"widget widget_rss\"><h2 class=\"widgettitle\"><a class=\"rsswidget rss-widget-feed\" href=\"https:\/\/classiques-garnier.com\/feed\/catalog\/fr_FR\/142\"><img decoding=\"async\" class=\"rss-widget-icon\" style=\"border:0\" width=\"14\" height=\"14\" src=\"https:\/\/hlrnet.com\/sites\/wp-includes\/images\/rss.png\" alt=\"RSS feed: Alkemie\" loading=\"lazy\" \/><\/a> <a class=\"rsswidget rss-widget-title\" href=\"https:\/\/classiques-garnier.com\/alkemie.html\">Alkemie<\/a><\/h2><ul><li><a class='rsswidget' href='https:\/\/classiques-garnier.com\/alkemie-2026-1-revue-semestrielle-de-litterature-et-philosophie-n-37-l-angoisse.html'>Alkemie. 2026 \u2013 1 Revue semestrielle de litt\u00e9rature et philosophie, n\u00b0 37. L&#039;angoisse<\/a><\/li><li><a class='rsswidget' href='https:\/\/classiques-garnier.com\/alkemie-2025-2-revue-semestrielle-de-litterature-et-philosophie-n-36-l-alienation.html'>Alkemie. 2025 \u2013 2 Revue semestrielle de litt\u00e9rature et philosophie, n\u00b0 36. L\u2019ali\u00e9nation<\/a><\/li><li><a class='rsswidget' href='https:\/\/classiques-garnier.com\/alkemie-2025-1-revue-semestrielle-de-litterature-et-philosophie-n-35-l-intime.html'>Alkemie. 2025 \u2013 1 Revue semestrielle de litt\u00e9rature et philosophie, n\u00b0 35. L\u2019intime<\/a><\/li><li><a class='rsswidget' href='https:\/\/classiques-garnier.com\/alkemie-2024-2-revue-semestrielle-de-litterature-et-philosophie-n-34-le-rire.html'>Alkemie. 2024 \u2013 2 Revue semestrielle de litt\u00e9rature et philosophie, n\u00b0 34. Le rire<\/a><\/li><li><a class='rsswidget' href='https:\/\/classiques-garnier.com\/alkemie-2024-1-revue-semestrielle-de-litterature-et-philosophie-n-33-l-enfance.html'>Alkemie. 2024 \u2013 1 Revue semestrielle de litt\u00e9rature et philosophie, n\u00b0 33. L\u2019enfance<\/a><\/li><li><a class='rsswidget' href='https:\/\/classiques-garnier.com\/alkemie-2023-2-revue-semestrielle-de-litterature-et-philosophie-n-32-l-animal.html'>Alkemie. 2023 \u2013 2 Revue semestrielle de litt\u00e9rature et philosophie, n\u00b0 32. L\u2019animal<\/a><\/li><li><a class='rsswidget' href='https:\/\/classiques-garnier.com\/alkemie-2023-1-revue-semestrielle-de-litterature-et-philosophie-n-31-la-destruction.html'>Alkemie. 2023 \u2013 1 Revue semestrielle de litt\u00e9rature et philosophie, n\u00b0 31. La destruction<\/a><\/li><li><a class='rsswidget' href='https:\/\/classiques-garnier.com\/alkemie-2022-2-revue-semestrielle-de-litterature-et-philosophie-n-30-l-image.html'>Alkemie. 2022 \u2013 2 Revue semestrielle de litt\u00e9rature et philosophie, n\u00b0 30. L&#039;image<\/a><\/li><li><a class='rsswidget' href='https:\/\/classiques-garnier.com\/alkemie-2022-1-revue-semestrielle-de-litterature-et-philosophie-n-29-le-moi.html'>Alkemie. 2022 \u2013 1 Revue semestrielle de litt\u00e9rature et philosophie, n\u00b0 29. Le moi<\/a><\/li><li><a class='rsswidget' href='https:\/\/classiques-garnier.com\/alkemie-2021-2-revue-semestrielle-de-litterature-et-philosophie-n-28-l-horrible.html'>Alkemie. 2021 \u2013 2 Revue semestrielle de litt\u00e9rature et philosophie, n\u00b0 28. L&#039;horrible<\/a><\/li><\/ul><\/li><li id=\"rss-43\" class=\"widget widget_rss\"><h2 class=\"widgettitle\"><a class=\"rsswidget rss-widget-feed\" href=\"https:\/\/www.archivesdephilo.com\/feed\/\"><img decoding=\"async\" class=\"rss-widget-icon\" style=\"border:0\" width=\"14\" height=\"14\" src=\"https:\/\/hlrnet.com\/sites\/wp-includes\/images\/rss.png\" alt=\"RSS feed: Archives de Philosophie\" loading=\"lazy\" \/><\/a> <a class=\"rsswidget rss-widget-title\" href=\"https:\/\/www.archivesdephilo.com\/\">Archives de Philosophie<\/a><\/h2><ul><li><a class='rsswidget' href='https:\/\/www.archivesdephilo.com\/tome-89-2\/'>Tome 89-2<\/a><\/li><li><a class='rsswidget' href='https:\/\/www.archivesdephilo.com\/issue-89-2\/'>Issue 89-2<\/a><\/li><li><a class='rsswidget' href='https:\/\/www.archivesdephilo.com\/issue-89-1\/'>Issue 89-1<\/a><\/li><li><a class='rsswidget' href='https:\/\/www.archivesdephilo.com\/tome-89-1\/'>Tome 89-1<\/a><\/li><li><a class='rsswidget' href='https:\/\/www.archivesdephilo.com\/issue-88-4\/'>Issue 88-4<\/a><\/li><li><a class='rsswidget' href='https:\/\/www.archivesdephilo.com\/tome-88-4\/'>Tome 88-4<\/a><\/li><li><a class='rsswidget' href='https:\/\/www.archivesdephilo.com\/issue-88-3\/'>Issue 88-3<\/a><\/li><li><a class='rsswidget' href='https:\/\/www.archivesdephilo.com\/tome-88-3\/'>Tome 88-3<\/a><\/li><li><a class='rsswidget' href='https:\/\/www.archivesdephilo.com\/tome-87-3\/'>Tome 87-3<\/a><\/li><li><a class='rsswidget' href='https:\/\/www.archivesdephilo.com\/issue-88-2\/'>Issue 88-2<\/a><\/li><\/ul><\/li><li id=\"rss-42\" class=\"widget widget_rss\"><h2 class=\"widgettitle\"><a class=\"rsswidget rss-widget-feed\" href=\"https:\/\/journals.openedition.org\/asterion\/backend?format=rssnumeros\"><img decoding=\"async\" class=\"rss-widget-icon\" style=\"border:0\" width=\"14\" height=\"14\" src=\"https:\/\/hlrnet.com\/sites\/wp-includes\/images\/rss.png\" alt=\"RSS feed: Ast\u00e9rion\" loading=\"lazy\" \/><\/a> <a class=\"rsswidget rss-widget-title\" href=\"http:\/\/journals.openedition.org\/asterion\">Ast\u00e9rion<\/a><\/h2><ul><li><a class='rsswidget' href='http:\/\/journals.openedition.org\/asterion\/12626'>34 | 2026 \u2013 Les robinsonnades<\/a><\/li><li><a class='rsswidget' href='http:\/\/journals.openedition.org\/asterion\/12172'>33 | 2025 \u2013 Gramsci et la pens\u00e9e populaire<\/a><\/li><li><a class='rsswidget' href='http:\/\/journals.openedition.org\/asterion\/11611'>32 | 2025 \u2013 Du prince \u00e9clair\u00e9 au despote \u00e9clair\u00e9<\/a><\/li><li><a class='rsswidget' href='http:\/\/journals.openedition.org\/asterion\/11112'>31 | 2024 \u2013 L\u2019esprit de corps<\/a><\/li><li><a class='rsswidget' href='http:\/\/journals.openedition.org\/asterion\/10469'>30 | 2024 \u2013 Les guerres d\u2019antan<\/a><\/li><li><a class='rsswidget' href='http:\/\/journals.openedition.org\/asterion\/10353'>29 | 2023 \u2013 Pour une histoire s\u00e9mantique du politique<\/a><\/li><li><a class='rsswidget' href='http:\/\/journals.openedition.org\/asterion\/9363'>28 | 2023 \u2013 Histoire et travail social : \u00e9criture, mythes et r\u00e9cits<\/a><\/li><li><a class='rsswidget' href='http:\/\/journals.openedition.org\/asterion\/8373'>27 | 2022 \u2013 Critique et sciences sociales<\/a><\/li><li><a class='rsswidget' href='http:\/\/journals.openedition.org\/asterion\/7827'>26 | 2022 \u2013 Entre politique et philosophie : l\u2019\u00e9dition des philosophes \u00ab classiques \u00bb en France au XIXe si\u00e8cle<\/a><\/li><li><a class='rsswidget' href='http:\/\/journals.openedition.org\/asterion\/7176'>25 | 2021 \u2013 Philosophies de la vision<\/a><\/li><\/ul><\/li><li id=\"rss-41\" class=\"widget widget_rss\"><h2 class=\"widgettitle\"><a class=\"rsswidget rss-widget-feed\" href=\"https:\/\/journals.openedition.org\/cps\/backend?format=rssnumeros\"><img decoding=\"async\" class=\"rss-widget-icon\" style=\"border:0\" width=\"14\" height=\"14\" src=\"https:\/\/hlrnet.com\/sites\/wp-includes\/images\/rss.png\" alt=\"RSS feed: Les Cahiers philosophiques de Strasbourg\" loading=\"lazy\" \/><\/a> <a class=\"rsswidget rss-widget-title\" href=\"http:\/\/journals.openedition.org\/cps\">Les Cahiers philosophiques de Strasbourg<\/a><\/h2><ul><li><a class='rsswidget' href='http:\/\/journals.openedition.org\/cps\/10924'>59 | 2026 \u2013 Sartre et la philosophie sociale<\/a><\/li><li><a class='rsswidget' href='http:\/\/journals.openedition.org\/cps\/9229'>58 | 2025 \u2013 Lou Salom\u00e9, une philosophie du f\u00e9minin<\/a><\/li><li><a class='rsswidget' href='http:\/\/journals.openedition.org\/cps\/8769'>57 | 2025 \u2013 Ernst Cassirer, la culture et l\u2019histoire<\/a><\/li><li><a class='rsswidget' href='http:\/\/journals.openedition.org\/cps\/7988'>56 | 2024 \u2013 L&#039;universit\u00e9 r\u00e9sistante<\/a><\/li><li><a class='rsswidget' href='http:\/\/journals.openedition.org\/cps\/7432'>55 | 2024 \u2013 Le partage d\u2019une voix \u2013 Jean-Luc Nancy<\/a><\/li><li><a class='rsswidget' href='http:\/\/journals.openedition.org\/cps\/6978'>54 | 2023 \u2013 La pens\u00e9e allemande dans l\u2019institution philosophique fran\u00e7aise 1830-1930<\/a><\/li><li><a class='rsswidget' href='http:\/\/journals.openedition.org\/cps\/6264'>53 | 2023 \u2013 [Auto]biographies philosophiques<\/a><\/li><li><a class='rsswidget' href='http:\/\/journals.openedition.org\/cps\/5858'>52 | 2022 \u2013 Friedrich Schiller et l\u2019id\u00e9alisme allemand<\/a><\/li><li><a class='rsswidget' href='http:\/\/journals.openedition.org\/cps\/5403'>51 | 2022 \u2013 Nietzsche<\/a><\/li><li><a class='rsswidget' href='http:\/\/journals.openedition.org\/cps\/4938'>50 | 2021 \u2013 Th\u00e9orie critique transnationale<\/a><\/li><\/ul><\/li><li id=\"rss-28\" class=\"widget widget_rss\"><h2 class=\"widgettitle\"><a class=\"rsswidget rss-widget-feed\" href=\"https:\/\/journals.openedition.org\/cpuc\/backend?format=rssdocuments\"><img decoding=\"async\" class=\"rss-widget-icon\" style=\"border:0\" width=\"14\" height=\"14\" src=\"https:\/\/hlrnet.com\/sites\/wp-includes\/images\/rss.png\" alt=\"RSS feed: Cahiers de philosophie de l\u2019universit\u00e9 de Caen\" loading=\"lazy\" \/><\/a> <a class=\"rsswidget rss-widget-title\" href=\"https:\/\/journals.openedition.org\/cpuc\">Cahiers de philosophie de l\u2019universit\u00e9 de Caen<\/a><\/h2><ul><li><a class='rsswidget' href='https:\/\/journals.openedition.org\/cpuc\/4574'>L\u2019invisibilit\u00e9 des propri\u00e9t\u00e9s\u00a0: d\u00e9fense d\u2019un conceptualisme post-fr\u00e9g\u00e9en<\/a><\/li><li><a class='rsswidget' href='https:\/\/journals.openedition.org\/cpuc\/4585'>Mani\u00e8res d\u2019\u00eatre<\/a><\/li><li><a class='rsswidget' href='https:\/\/journals.openedition.org\/cpuc\/4576'>Le r\u00e9alisme de Gauthier Burley\u00a0: logique, m\u00e9taphysique, \u00e9pist\u00e9mologie<\/a><\/li><li><a class='rsswidget' href='https:\/\/journals.openedition.org\/cpuc\/4604'>Platonisme et particularisme\u00a0: \u00e0 propos d\u2019une histoire des propri\u00e9t\u00e9s individuelles ou pourquoi Aristote a tort et Platon raison<\/a><\/li><li><a class='rsswidget' href='https:\/\/journals.openedition.org\/cpuc\/4593'>Sur la r\u00e9alit\u00e9 des propri\u00e9t\u00e9s dispositionnelles<\/a><\/li><li><a class='rsswidget' href='https:\/\/journals.openedition.org\/cpuc\/4609'>Une m\u00e9taphysique nominaliste est-elle possible ? Le cas d\u2019Occam<\/a><\/li><li><a class='rsswidget' href='https:\/\/journals.openedition.org\/cpuc\/4620'>Les dinosaures ont-ils exist\u00e9\u00a0? R\u00e9alisme \u00e9pist\u00e9mologique et r\u00e9alisme ontologique des universaux<\/a><\/li><li><a class='rsswidget' href='https:\/\/journals.openedition.org\/cpuc\/4632'>L\u2019identit\u00e9 des propri\u00e9t\u00e9s et la n\u00e9cessit\u00e9 des lois de la nature<\/a><\/li><li><a class='rsswidget' href='https:\/\/journals.openedition.org\/cpuc\/4644'>Le d\u00e9clin des universaux dans l\u2019\u00e9cole cart\u00e9sienne<\/a><\/li><li><a class='rsswidget' href='https:\/\/journals.openedition.org\/cpuc\/4649'>Traits et touts<\/a><\/li><\/ul><\/li><li id=\"rss-49\" class=\"widget widget_rss\"><h2 class=\"widgettitle\"><a class=\"rsswidget rss-widget-feed\" href=\"http:\/\/www.philodroit.be\/spip.php?page=backend&#038;lang=fr\"><img decoding=\"async\" class=\"rss-widget-icon\" style=\"border:0\" width=\"14\" height=\"14\" src=\"https:\/\/hlrnet.com\/sites\/wp-includes\/images\/rss.png\" alt=\"RSS feed: Centre Perelman de Philosophie du Droit\" loading=\"lazy\" \/><\/a> <a class=\"rsswidget rss-widget-title\" href=\"\">Centre Perelman de Philosophie du Droit<\/a><\/h2><\/li><li id=\"rss-47\" class=\"widget widget_rss\"><h2 class=\"widgettitle\"><a class=\"rsswidget rss-widget-feed\" href=\"https:\/\/journals.openedition.org\/ccibp\/backend?format=rssdocuments\"><img decoding=\"async\" class=\"rss-widget-icon\" style=\"border:0\" width=\"14\" height=\"14\" src=\"https:\/\/hlrnet.com\/sites\/wp-includes\/images\/rss.png\" alt=\"RSS feed: Courrier du Centre international Blaise Pascal\" loading=\"lazy\" \/><\/a> <a class=\"rsswidget rss-widget-title\" href=\"http:\/\/journals.openedition.org\/ccibp\">Courrier du Centre international Blaise Pascal<\/a><\/h2><ul><li><a class='rsswidget' href='http:\/\/journals.openedition.org\/ccibp\/1269'>\u00c9ditorial<\/a><\/li><li><a class='rsswidget' href='http:\/\/journals.openedition.org\/ccibp\/1363'>Cet obscur \u00ab\u00a0objet de la           po\u00e9sie\u00a0\u00bb<\/a><\/li><li><a class='rsswidget' href='http:\/\/journals.openedition.org\/ccibp\/1340'>Pascal et la rh\u00e9torique           biblique<\/a><\/li><li><a class='rsswidget' href='http:\/\/journals.openedition.org\/ccibp\/1419'>R\u00e9\u00e9crire la Bible\u00a0:           l\u2019exemple de L\u2019Abr\u00e9g\u00e9 de la Vie de           J\u00e9sus-Christ<\/a><\/li><li><a class='rsswidget' href='http:\/\/journals.openedition.org\/ccibp\/1389'>D\u2019un centre           l\u2019autre<\/a><\/li><li><a class='rsswidget' href='http:\/\/journals.openedition.org\/ccibp\/1444'>Salomon de Tultie           proph\u00e8te ou la Sagesse folle des Pens\u00e9es<\/a><\/li><li><a class='rsswidget' href='http:\/\/journals.openedition.org\/ccibp\/1475'>Le siphon g\u00e9ant de Blaise           Pascal<\/a><\/li><li><a class='rsswidget' href='http:\/\/journals.openedition.org\/ccibp\/1493'>Les errata des Nouveaux \u00e9l\u00e9ments de g\u00e9om\u00e9trie d\u2019Antoine           Arnauld<\/a><\/li><li><a class='rsswidget' href='http:\/\/journals.openedition.org\/ccibp\/1503'>Compte rendu du Colloque           \u00ab\u00a0Foi et raison chez Pascal et Chestov\u00a0\u00bb<\/a><\/li><li><a class='rsswidget' href='http:\/\/journals.openedition.org\/ccibp\/1528'>Bibliographie pascalienne           2017-2018<\/a><\/li><\/ul><\/li><li id=\"rss-40\" class=\"widget widget_rss\"><h2 class=\"widgettitle\"><a class=\"rsswidget rss-widget-feed\" href=\"https:\/\/journals.openedition.org\/noesis\/backend?format=rssnumeros\"><img decoding=\"async\" class=\"rss-widget-icon\" style=\"border:0\" width=\"14\" height=\"14\" src=\"https:\/\/hlrnet.com\/sites\/wp-includes\/images\/rss.png\" alt=\"RSS feed: No\u00e9sis\" loading=\"lazy\" \/><\/a> <a class=\"rsswidget rss-widget-title\" href=\"http:\/\/journals.openedition.org\/noesis\">No\u00e9sis<\/a><\/h2><ul><li><a class='rsswidget' href='http:\/\/journals.openedition.org\/noesis\/10129'>42 | 2024 \u2013 Jean Duns Scot. L\u2019oubli de l\u2019\u00eatre<\/a><\/li><li><a class='rsswidget' href='http:\/\/journals.openedition.org\/noesis\/9024'>41 | 2023 \u2013 Qu\u2019est-ce qu\u2019une r\u00e9publique juste ? Actualit\u00e9 de Charles Renouvier (1815-1903)<\/a><\/li><li><a class='rsswidget' href='http:\/\/journals.openedition.org\/noesis\/8247'>40 | 2023 \u2013 Approches relationnelles en philosophie<\/a><\/li><li><a class='rsswidget' href='http:\/\/journals.openedition.org\/noesis\/7692'>39 | 2022 \u2013 La connaissance incertaine<\/a><\/li><li><a class='rsswidget' href='http:\/\/journals.openedition.org\/noesis\/6874'>38 | 2022 \u2013 L&#039;objectivit\u00e9 en math\u00e9matiques\u00a0\/ Objectivity\u00a0in mathematics<\/a><\/li><li><a class='rsswidget' href='http:\/\/journals.openedition.org\/noesis\/5378'>37 | 2021 \u2013 Danse et philosophie<\/a><\/li><li><a class='rsswidget' href='http:\/\/journals.openedition.org\/noesis\/5219'>35-36 | 2020 \u2013 Europe (II). Le milieu du gu\u00e9\u00a0\/ Europa\u00a0(II).\u00a0In mezzo al guado<\/a><\/li><li><a class='rsswidget' href='http:\/\/journals.openedition.org\/noesis\/5123'>34 | 2020 \u2013 Philosophie du droit coutumier<\/a><\/li><li><a class='rsswidget' href='http:\/\/journals.openedition.org\/noesis\/5046'>33 | 2019 \u2013 Qu&#039;est-ce que l&#039;histoire des id\u00e9es\u00a0?<\/a><\/li><li><a class='rsswidget' href='http:\/\/journals.openedition.org\/noesis\/4949'>32 | 2018 \u2013 Avicenne. Ibn Sin\u00e2 (980-1037). L&#039;\u00eatre et l&#039;essence<\/a><\/li><\/ul><\/li><li id=\"rss-39\" class=\"widget widget_rss\"><h2 class=\"widgettitle\"><a class=\"rsswidget rss-widget-feed\" href=\"https:\/\/journals.openedition.org\/peme\/backend?format=rssnumeros\"><img decoding=\"async\" class=\"rss-widget-icon\" style=\"border:0\" width=\"14\" height=\"14\" src=\"https:\/\/hlrnet.com\/sites\/wp-includes\/images\/rss.png\" alt=\"RSS feed: Perspectives m\u00e9di\u00e9vales\" loading=\"lazy\" \/><\/a> <a class=\"rsswidget rss-widget-title\" href=\"http:\/\/journals.openedition.org\/peme\">Perspectives m\u00e9di\u00e9vales<\/a><\/h2><ul><li><a class='rsswidget' href='http:\/\/journals.openedition.org\/peme\/52565'>45-46 | 2024 \u2013 F\u00e9minisme(s), questions de genres et litt\u00e9ratures m\u00e9di\u00e9vales<\/a><\/li><li><a class='rsswidget' href='http:\/\/journals.openedition.org\/peme\/46806'>44 | 2023 \u2013 Dantastique ! Images et imaginaires dantesques<\/a><\/li><li><a class='rsswidget' href='http:\/\/journals.openedition.org\/peme\/42945'>43 | 2022 \u2013 Questions de style<\/a><\/li><li><a class='rsswidget' href='http:\/\/journals.openedition.org\/peme\/36282'>42 | 2021 \u2013 Les \u00e9tudes m\u00e9di\u00e9vales face \u00e0 G\u00e9rard Genette<\/a><\/li><li><a class='rsswidget' href='http:\/\/journals.openedition.org\/peme\/19741'>41 | 2020 \u2013 La vie postm\u00e9di\u00e9vale des art\u00e9facts m\u00e9di\u00e9vaux<\/a><\/li><li><a class='rsswidget' href='http:\/\/journals.openedition.org\/peme\/14645'>40 | 2019 \u2013 Moyen \u00c2ge et politique aujourd&#039;hui<\/a><\/li><li><a class='rsswidget' href='http:\/\/journals.openedition.org\/peme\/13779'>39 | 2018 \u2013 Enseigner la langue et la litt\u00e9rature du Moyen \u00c2ge en France aujourd&#039;hui<\/a><\/li><li><a class='rsswidget' href='http:\/\/journals.openedition.org\/peme\/10440'>38 | 2017 \u2013 Texte et image au Moyen \u00c2ge. Nouvelles perspectives critiques<\/a><\/li><li><a class='rsswidget' href='http:\/\/journals.openedition.org\/peme\/9390'>37 | 2016 \u2013 Le Moyen \u00c2ge en Am\u00e9rique du Nord<\/a><\/li><li><a class='rsswidget' href='http:\/\/journals.openedition.org\/peme\/7218'>36 | 2015 \u2013 Cultiver les lettres m\u00e9di\u00e9vales aujourd&#039;hui<\/a><\/li><\/ul><\/li><li id=\"rss-2\" class=\"widget widget_rss\"><h2 class=\"widgettitle\"><a class=\"rsswidget rss-widget-feed\" href=\"https:\/\/journals.openedition.org\/philosophiascientiae\/backend?format=rssnumeros\"><img decoding=\"async\" class=\"rss-widget-icon\" style=\"border:0\" width=\"14\" height=\"14\" src=\"https:\/\/hlrnet.com\/sites\/wp-includes\/images\/rss.png\" alt=\"RSS feed: Philosophia Scienti\u00e6\" loading=\"lazy\" \/><\/a> <a class=\"rsswidget rss-widget-title\" href=\"http:\/\/journals.openedition.org\/philosophiascientiae\">Philosophia Scienti\u00e6<\/a><\/h2><ul><li><a class='rsswidget' href='http:\/\/journals.openedition.org\/philosophiascientiae\/5171'>30-2 | 2026 \u2013 Undone Computer Science<\/a><\/li><li><a class='rsswidget' href='http:\/\/journals.openedition.org\/philosophiascientiae\/5034'>30-1 | 2026 \u2013 Reconfigurations Robotiques<\/a><\/li><li><a class='rsswidget' href='http:\/\/journals.openedition.org\/philosophiascientiae\/4887'>29-3 | 2025 \u2013 Le Cercle de Vienne<\/a><\/li><li><a class='rsswidget' href='http:\/\/journals.openedition.org\/philosophiascientiae\/4672'>29-2 | 2025 \u2013 L\u2019intuitionnisme entre philosophie, math\u00e9matique et logique : mutations et histoire longue<\/a><\/li><li><a class='rsswidget' href='http:\/\/journals.openedition.org\/philosophiascientiae\/4527'>29-1 | 2025 \u2013 \u201cL\u2019Origine de la g\u00e9om\u00e9trie\u201d d\u2019Edmund Husserl \u00e0 travers l\u2019histoire et la philosophie des sciences<\/a><\/li><li><a class='rsswidget' href='http:\/\/journals.openedition.org\/philosophiascientiae\/4398'>28-3 | 2024 \u2013 Kurt Goldstein<\/a><\/li><li><a class='rsswidget' href='http:\/\/journals.openedition.org\/philosophiascientiae\/4283'>28-2 | 2024 \u2013 Revisiting Stanley Milgram\u2019s Experiment<\/a><\/li><li><a class='rsswidget' href='http:\/\/journals.openedition.org\/philosophiascientiae\/4192'>28-1 | 2024 \u2013 Richesse et vari\u00e9t\u00e9 du n\u00e9okantisme\u00a0: Helmholtz, Cassirer, Vaihinger<\/a><\/li><li><a class='rsswidget' href='http:\/\/journals.openedition.org\/philosophiascientiae\/4058'>27-3 | 2023 \u2013 \u00c9tudes poincar\u00e9iennes (II)<\/a><\/li><li><a class='rsswidget' href='http:\/\/journals.openedition.org\/philosophiascientiae\/3863'>27-2 | 2023 \u2013 \u00c9tudes poincar\u00e9iennes (I)<\/a><\/li><\/ul><\/li><li id=\"rss-38\" class=\"widget widget_rss\"><h2 class=\"widgettitle\"><a class=\"rsswidget rss-widget-feed\" href=\"https:\/\/journals.openedition.org\/philosant\/backend?format=rssnumeros\"><img decoding=\"async\" class=\"rss-widget-icon\" style=\"border:0\" width=\"14\" height=\"14\" src=\"https:\/\/hlrnet.com\/sites\/wp-includes\/images\/rss.png\" alt=\"RSS feed: Philosophie antique\" loading=\"lazy\" \/><\/a> <a class=\"rsswidget rss-widget-title\" href=\"http:\/\/journals.openedition.org\/philosant\">Philosophie antique<\/a><\/h2><ul><li><a class='rsswidget' href='http:\/\/journals.openedition.org\/philosant\/9759'>25 | 2025 \u2013 Logique et argumentation<\/a><\/li><li><a class='rsswidget' href='http:\/\/journals.openedition.org\/philosant\/9362'>24 | 2024 \u2013 Philosophie de l\u2019action<\/a><\/li><li><a class='rsswidget' href='http:\/\/journals.openedition.org\/philosant\/7448'>23 | 2023 \u2013 Commentateurs antiques<\/a><\/li><li><a class='rsswidget' href='http:\/\/journals.openedition.org\/philosant\/9008'>5 | 2005 \u2013 Sto\u00efcisme : physique, \u00e9thique<\/a><\/li><li><a class='rsswidget' href='http:\/\/journals.openedition.org\/philosant\/8520'>4 | 2004 \u2013 Dire, d\u00e9montrer, convaincre<\/a><\/li><li><a class='rsswidget' href='http:\/\/journals.openedition.org\/philosant\/7913'>1 | 2001 \u2013 Figures de Socrate<\/a><\/li><li><a class='rsswidget' href='http:\/\/journals.openedition.org\/philosant\/8220'>6 | 2006 \u2013 Lire et interpr\u00e9ter Platon<\/a><\/li><li><a class='rsswidget' href='http:\/\/journals.openedition.org\/philosant\/6003'>22 | 2022 \u2013 Philosophie latine<\/a><\/li><li><a class='rsswidget' href='http:\/\/journals.openedition.org\/philosant\/7061'>3 | 2003 \u2013 Enjeux de la dialectique<\/a><\/li><li><a class='rsswidget' href='http:\/\/journals.openedition.org\/philosant\/6600'>2 | 2002 \u2013 Questions aristot\u00e9liciennes<\/a><\/li><\/ul><\/li><li id=\"rss-37\" class=\"widget widget_rss\"><h2 class=\"widgettitle\"><a class=\"rsswidget rss-widget-feed\" href=\"https:\/\/journals.openedition.org\/leportique\/backend?format=rssnumeros\"><img decoding=\"async\" class=\"rss-widget-icon\" style=\"border:0\" width=\"14\" height=\"14\" src=\"https:\/\/hlrnet.com\/sites\/wp-includes\/images\/rss.png\" alt=\"RSS feed: Le Portique\" loading=\"lazy\" \/><\/a> <a class=\"rsswidget rss-widget-title\" href=\"http:\/\/journals.openedition.org\/leportique\">Le Portique<\/a><\/h2><ul><li><a class='rsswidget' href='http:\/\/journals.openedition.org\/leportique\/4941'>50 | 2025 \u2013 Jean-Luc Nancy - Conf\u00e9rences in\u00e9dites<\/a><\/li><li><a class='rsswidget' href='http:\/\/journals.openedition.org\/leportique\/4689'>48-49 | 2024 \u2013 Bernard Stiegler<\/a><\/li><li><a class='rsswidget' href='http:\/\/journals.openedition.org\/leportique\/4436'>47 | 2022 \u2013 L\u2019Europe des pass\u00e9s troubles<\/a><\/li><li><a class='rsswidget' href='http:\/\/journals.openedition.org\/leportique\/4198'>Cahiers du Portique n\u00b020 | 2022 \u2013 S\u2019\u00e9manciper<\/a><\/li><li><a class='rsswidget' href='http:\/\/journals.openedition.org\/leportique\/4486'>Cahiers du Portique n\u00b019 | 2022 \u2013 M\u00e9langes offerts \u00e0 Gilles Gourbin<\/a><\/li><li><a class='rsswidget' href='http:\/\/journals.openedition.org\/leportique\/4365'>Cahiers du Portique n\u00b017 | 2019 \u2013 Tokyo Script<\/a><\/li><li><a class='rsswidget' href='http:\/\/journals.openedition.org\/leportique\/4170'>Cahiers du Portique n\u00b018 | 2020 \u2013 Comment la parole acc\u00e8de \u00e0 l\u2019espace public dans le Royaume d\u2019Im\u00e9rina (Madagascar)<\/a><\/li><li><a class='rsswidget' href='http:\/\/journals.openedition.org\/leportique\/4083'>Cahiers du Portique n\u00b015 | 2018 \u2013 Philosophie et non-savoir<\/a><\/li><li><a class='rsswidget' href='http:\/\/journals.openedition.org\/leportique\/3889'>Cahiers du Portique n\u00b016 | 2019 \u2013 Le retrait<\/a><\/li><li><a class='rsswidget' href='http:\/\/journals.openedition.org\/leportique\/3993'>Cahiers du Portique n\u00b014 | 2014 \u2013 Le Temps, l&#039;Enseignement, l&#039;Amiti\u00e9<\/a><\/li><\/ul><\/li><li id=\"rss-36\" class=\"widget widget_rss\"><h2 class=\"widgettitle\"><a class=\"rsswidget rss-widget-feed\" href=\"https:\/\/poj.peeters-leuven.be\/RSS\/RTPM.xml\"><img decoding=\"async\" class=\"rss-widget-icon\" style=\"border:0\" width=\"14\" height=\"14\" src=\"https:\/\/hlrnet.com\/sites\/wp-includes\/images\/rss.png\" alt=\"RSS feed: Recherches de Th\u00e9ologie et Philosophie M\u00e9di\u00e9vales\" loading=\"lazy\" \/><\/a> <a class=\"rsswidget rss-widget-title\" href=\"http:\/\/poj.peeters-leuven.be\/content.php?url=journal&#038;journal_code=RTPM\">Recherches de Th\u00e9ologie et Philosophie M\u00e9di\u00e9vales<\/a><\/h2><ul><li><a class='rsswidget' href='http:\/\/poj.peeters-leuven.be\/content.php?url=article&#038;id=3295659'>Tracing Causes, Weighing Winds<\/a><\/li><li><a class='rsswidget' href='http:\/\/poj.peeters-leuven.be\/content.php?url=article&#038;id=3295665'>Quantity and Divine Equality in the Franciscan Tradition<\/a><\/li><li><a class='rsswidget' href='http:\/\/poj.peeters-leuven.be\/content.php?url=article&#038;id=3295664'>Theological Discussions on Peter Lombard in Twelfth-Century Schools<\/a><\/li><li><a class='rsswidget' href='http:\/\/poj.peeters-leuven.be\/content.php?url=article&#038;id=3295663'>Reinterpreting Avicenna through Averroes<\/a><\/li><li><a class='rsswidget' href='http:\/\/poj.peeters-leuven.be\/content.php?url=article&#038;id=3295662'>Beyond the &lt;i&gt;Organon&lt;\/i&gt;<\/a><\/li><li><a class='rsswidget' href='http:\/\/poj.peeters-leuven.be\/content.php?url=article&#038;id=3295661'>Interpretation and the Law<\/a><\/li><li><a class='rsswidget' href='http:\/\/poj.peeters-leuven.be\/content.php?url=article&#038;id=3295660'>Two Hebrew Passages from Averroes&#039;s &lt;i&gt;Middle Commentary&lt;\/i&gt; on Aristotle&#039;s &lt;i&gt;Metaphysics&lt;\/i&gt; XII, their Material Circumstances, and the Evolution of his Thought<\/a><\/li><li><a class='rsswidget' href='http:\/\/poj.peeters-leuven.be\/content.php?url=article&#038;id=3295658'>Introduction<\/a><\/li><\/ul><\/li><li id=\"rss-35\" class=\"widget widget_rss\"><h2 class=\"widgettitle\"><a class=\"rsswidget rss-widget-feed\" href=\"https:\/\/journals.openedition.org\/rhsh\/backend?format=rssnumeros\"><img decoding=\"async\" class=\"rss-widget-icon\" style=\"border:0\" width=\"14\" height=\"14\" src=\"https:\/\/hlrnet.com\/sites\/wp-includes\/images\/rss.png\" alt=\"RSS feed: Revue d\u2019histoire des sciences humaines\" loading=\"lazy\" \/><\/a> <a class=\"rsswidget rss-widget-title\" href=\"http:\/\/journals.openedition.org\/rhsh\">Revue d\u2019histoire des sciences humaines<\/a><\/h2><ul><li><a class='rsswidget' href='http:\/\/journals.openedition.org\/rhsh\/11736'>47 | 2025 \u2013 Histoire naturelle de l\u2019Homme<\/a><\/li><li><a class='rsswidget' href='http:\/\/journals.openedition.org\/rhsh\/11142'>46 | 2025 \u2013 Varia<\/a><\/li><li><a class='rsswidget' href='http:\/\/journals.openedition.org\/rhsh\/9627'>45 | 2024 \u2013 Financements et agencements disciplinaires<\/a><\/li><li><a class='rsswidget' href='http:\/\/journals.openedition.org\/rhsh\/8988'>44 | 2024 \u2013 R\u00e9cits de r\u00eave<\/a><\/li><li><a class='rsswidget' href='http:\/\/journals.openedition.org\/rhsh\/8558'>43 | 2023 \u2013 Le Moyen \u00c2ge des sciences sociales<\/a><\/li><li><a class='rsswidget' href='http:\/\/journals.openedition.org\/rhsh\/7949'>42 | 2023 \u2013 Les sciences \u00adhumaines et \u00adsociales en \u00adAm\u00e9rique latine, xxe si\u00e8cle<\/a><\/li><li><a class='rsswidget' href='http:\/\/journals.openedition.org\/rhsh\/7298'>41 | 2022 \u2013 Le Sud des sciences sociales<\/a><\/li><li><a class='rsswidget' href='http:\/\/journals.openedition.org\/rhsh\/6744'>40 | 2022 \u2013 R\u00e9former (avec) les sciences sociales en Union sovi\u00e9tique<\/a><\/li><li><a class='rsswidget' href='http:\/\/journals.openedition.org\/rhsh\/6229'>39 | 2021 \u2013 Savant cin\u00e9ma<\/a><\/li><li><a class='rsswidget' href='http:\/\/journals.openedition.org\/rhsh\/5673'>38 | 2021 \u2013 Usages de l\u2019enfant sauvage<\/a><\/li><\/ul><\/li><li id=\"rss-48\" class=\"widget widget_rss\"><h2 class=\"widgettitle\"><a class=\"rsswidget rss-widget-feed\" href=\"https:\/\/www.sps-philoscience.org\/feed\/\"><img decoding=\"async\" class=\"rss-widget-icon\" style=\"border:0\" width=\"14\" height=\"14\" src=\"https:\/\/hlrnet.com\/sites\/wp-includes\/images\/rss.png\" alt=\"RSS feed: SPS \u2013 Soci\u00e9t\u00e9 de philosophie des sciences\" loading=\"lazy\" \/><\/a> <a class=\"rsswidget rss-widget-title\" href=\"https:\/\/www.sps-philoscience.org\/\">SPS \u2013 Soci\u00e9t\u00e9 de philosophie des sciences<\/a><\/h2><ul><li><a class='rsswidget' href='https:\/\/www.sps-philoscience.org\/dialogues-philosophie-science\/'>Dialogues \u00ab\u00a0Philosophie &amp; Science\u00a0\u00bb<\/a><\/li><li><a class='rsswidget' href='https:\/\/www.sps-philoscience.org\/nouvelle-charte-de-la-sps-pour-prevenir-et-lutter-contre-les-vss\/'>Nouvelle charte de la SPS pour pr\u00e9venir et lutter contre les VSS<\/a><\/li><li><a class='rsswidget' href='https:\/\/www.sps-philoscience.org\/prix-jcjc-2024-2025-2\/'>Prix JCJC 2024-2025<\/a><\/li><li><a class='rsswidget' href='https:\/\/www.sps-philoscience.org\/appel-a-candidatures-2eme-ecole-de-la-sps\/'>La 2\u00e8me \u00e9cole de la SPS d\u00e9marrera la semaine prochaine !<\/a><\/li><li><a class='rsswidget' href='https:\/\/www.sps-philoscience.org\/appel-a-mentorat-nouveau-programme-de-la-sps\/'>Appel \u00e0 mentorat \u2013 nouveau programme de la SPS<\/a><\/li><li><a class='rsswidget' href='https:\/\/www.sps-philoscience.org\/congres-sps-2025\/'>Appel \u00e0 contributions : congr\u00e8s SPS 2025<\/a><\/li><li><a class='rsswidget' href='https:\/\/www.sps-philoscience.org\/nouveau-numero-special-de-lato-sensu-le-vague-dans-les-sciences\/'>Nouveau num\u00e9ro sp\u00e9cial de Lato Sensu \u00ab\u00a0Le vague dans les sciences\u00a0\u00bb<\/a><\/li><li><a class='rsswidget' href='https:\/\/www.sps-philoscience.org\/prix-jcjc-2024-2025\/'>PRIX JCJC 2024-2025<\/a><\/li><li><a class='rsswidget' href='https:\/\/www.sps-philoscience.org\/election-ca-sps-2024-27-les-urnes-ont-parle\/'>Election CA SPS (2024-27) : les urnes ont parl\u00e9 !<\/a><\/li><li><a class='rsswidget' href='https:\/\/www.sps-philoscience.org\/numero-special-de-lato-sensu-lobjectivite-dans-les-sciences-date-limite-31-decembre-2024\/'>Num\u00e9ro sp\u00e9cial de Lato Sensu \u00ab\u00a0L\u2019objectivit\u00e9 dans les sciences\u00a0\u00bb (date limite : 31 d\u00e9cembre 2024)<\/a><\/li><\/ul><\/li><li id=\"custom_html-4\" class=\"widget_text widget widget_custom_html\"><h2 class=\"widgettitle\">ES<\/h2><div class=\"textwidget custom-html-widget\">ES<\/div><\/li><li id=\"rss-30\" class=\"widget widget_rss\"><h2 class=\"widgettitle\"><a class=\"rsswidget rss-widget-feed\" href=\"https:\/\/revistas.usc.gal\/index.php\/agora\/gateway\/plugin\/WebFeedGatewayPlugin\/rss2\"><img decoding=\"async\" class=\"rss-widget-icon\" style=\"border:0\" width=\"14\" height=\"14\" src=\"https:\/\/hlrnet.com\/sites\/wp-includes\/images\/rss.png\" alt=\"RSS feed: Agora\" loading=\"lazy\" \/><\/a> <a class=\"rsswidget rss-widget-title\" href=\"\">Agora<\/a><\/h2><\/li><li id=\"rss-31\" class=\"widget widget_rss\"><h2 class=\"widgettitle\"><a class=\"rsswidget rss-widget-feed\" href=\"https:\/\/revistas.uma.es\/index.php\/claridades\/gateway\/plugin\/WebFeedGatewayPlugin\/atom\"><img decoding=\"async\" class=\"rss-widget-icon\" style=\"border:0\" width=\"14\" height=\"14\" src=\"https:\/\/hlrnet.com\/sites\/wp-includes\/images\/rss.png\" alt=\"RSS feed: Claridades\" loading=\"lazy\" \/><\/a> <a class=\"rsswidget rss-widget-title\" href=\"https:\/\/revistas.uma.es\/index.php\/claridades\/es\">Claridades<\/a><\/h2><ul><li><a class='rsswidget' href='https:\/\/revistas.uma.es\/index.php\/claridades\/es\/article\/view\/22562'>El escepticismo literario y hermen\u00e9utico en Michel de Montaigne<\/a><\/li><li><a class='rsswidget' href='https:\/\/revistas.uma.es\/index.php\/claridades\/es\/article\/view\/21398'>M\u00e1s all\u00e1 de la \u00abresponsabilidad\u00bb tradicional<\/a><\/li><li><a class='rsswidget' href='https:\/\/revistas.uma.es\/index.php\/claridades\/es\/article\/view\/17778'>Diferencias y conexiones entre Freud y Spinoza<\/a><\/li><li><a class='rsswidget' href='https:\/\/revistas.uma.es\/index.php\/claridades\/es\/article\/view\/20656'>La caja negra<\/a><\/li><li><a class='rsswidget' href='https:\/\/revistas.uma.es\/index.php\/claridades\/es\/article\/view\/22299'>La existencia \u2013contin\u00faa\u2013 encantada<\/a><\/li><li><a class='rsswidget' href='https:\/\/revistas.uma.es\/index.php\/claridades\/es\/article\/view\/22660'>Lasst alle Hoffnung fahren, die ihr eingeht!<\/a><\/li><li><a class='rsswidget' href='https:\/\/revistas.uma.es\/index.php\/claridades\/es\/article\/view\/22239'>Gestar sin parir, criar sin familia<\/a><\/li><li><a class='rsswidget' href='https:\/\/revistas.uma.es\/index.php\/claridades\/es\/article\/view\/19249'>Deleuze cum Spinoza.<\/a><\/li><li><a class='rsswidget' href='https:\/\/revistas.uma.es\/index.php\/claridades\/es\/article\/view\/20891'>El tiempo mitol\u00f3gico en la L\u00f3gica del sentido de G. Deleuze.<\/a><\/li><li><a class='rsswidget' href='https:\/\/revistas.uma.es\/index.php\/claridades\/es\/article\/view\/20657'>Las figuras de Robinson.<\/a><\/li><\/ul><\/li><li id=\"rss-32\" class=\"widget widget_rss\"><h2 class=\"widgettitle\"><a class=\"rsswidget rss-widget-feed\" href=\"http:\/\/critica.filosoficas.unam.mx\/index.php\/critica\/gateway\/plugin\/WebFeedGatewayPlugin\/atom\"><img decoding=\"async\" class=\"rss-widget-icon\" style=\"border:0\" width=\"14\" height=\"14\" src=\"https:\/\/hlrnet.com\/sites\/wp-includes\/images\/rss.png\" alt=\"RSS feed: Cr\u00edtica. Revista Hispanoamericana de Filosof\u00eda\" loading=\"lazy\" \/><\/a> <a class=\"rsswidget rss-widget-title\" href=\"https:\/\/critica.filosoficas.unam.mx\/index.php\/critica\">Cr\u00edtica. Revista Hispanoamericana de Filosof\u00eda<\/a><\/h2><ul><li><a class='rsswidget' href='https:\/\/critica.filosoficas.unam.mx\/index.php\/critica\/article\/view\/1818'>La consideraci\u00f3n del futuro y las teor\u00edas del tiempo: una objeci\u00f3n a las perspectivas estrechas temporales en \u00e9tica de poblaciones<\/a><\/li><li><a class='rsswidget' href='https:\/\/critica.filosoficas.unam.mx\/index.php\/critica\/article\/view\/1813'>Respuestas a Yuan, \u00c1vila Ca\u00f1amares y Pereira Gandarillas<\/a><\/li><li><a class='rsswidget' href='https:\/\/critica.filosoficas.unam.mx\/index.php\/critica\/article\/view\/1812'>La teor\u00eda proposicional y la percepci\u00f3n como logro cognitivo<\/a><\/li><li><a class='rsswidget' href='https:\/\/critica.filosoficas.unam.mx\/index.php\/critica\/article\/view\/1811'>Conceptualismo y realismo ingenuo. La propuesta de Daniel Kalpokas<\/a><\/li><li><a class='rsswidget' href='https:\/\/critica.filosoficas.unam.mx\/index.php\/critica\/article\/view\/1810'>Contradicci\u00f3n y contenido perceptual: desaf\u00edos para el modelo proposicional<\/a><\/li><li><a class='rsswidget' href='https:\/\/critica.filosoficas.unam.mx\/index.php\/critica\/article\/view\/1809'>Pr\u00e9cis de Perception and Its Content: Toward The Propositional Attitude View<\/a><\/li><li><a class='rsswidget' href='https:\/\/critica.filosoficas.unam.mx\/index.php\/critica\/article\/view\/1807'>Otra vuelta por la l\u00f3gica no mon\u00f3tona: una definici\u00f3n modal de la no monoton\u00eda y una propuesta de semimonoton\u00eda<\/a><\/li><\/ul><\/li><li id=\"rss-33\" class=\"widget widget_rss\"><h2 class=\"widgettitle\"><a class=\"rsswidget rss-widget-feed\" href=\"https:\/\/revistas.um.es\/daimon\/gateway\/plugin\/WebFeedGatewayPlugin\/atom\"><img decoding=\"async\" class=\"rss-widget-icon\" style=\"border:0\" width=\"14\" height=\"14\" src=\"https:\/\/hlrnet.com\/sites\/wp-includes\/images\/rss.png\" alt=\"RSS feed: Daimon Revista Internacional de Filosofia\" loading=\"lazy\" \/><\/a> <a class=\"rsswidget rss-widget-title\" href=\"https:\/\/revistas.um.es\/daimon\">Daimon Revista Internacional de Filosofia<\/a><\/h2><ul><li><a class='rsswidget' href='https:\/\/revistas.um.es\/daimon\/article\/view\/665631'>VENEZIA, L. (2023). El problema de la obligaci\u00f3n pol\u00edtica: una introducci\u00f3n. Bernal: Universidad Nacional de Quilmes<\/a><\/li><li><a class='rsswidget' href='https:\/\/revistas.um.es\/daimon\/article\/view\/595271'>La violencia ling\u00fc\u00edstica y sus heridas corporales: performatividad y fenomenolog\u00eda<\/a><\/li><li><a class='rsswidget' href='https:\/\/revistas.um.es\/daimon\/article\/view\/655201'>RODR\u00cdGUEZ CASTRO, F. (2023). Determinismo y contingencia. Una perspectiva evolucionista. Madrid: Catarata<\/a><\/li><li><a class='rsswidget' href='https:\/\/revistas.um.es\/daimon\/article\/view\/671671'>CHILL\u00d3N LORENZO, Jos\u00e9 Manuel. (2025). Todav\u00eda. Esbozo de una filosof\u00eda existencial del tiempo. Granada: Editorial Comares.<\/a><\/li><li><a class='rsswidget' href='https:\/\/revistas.um.es\/daimon\/article\/view\/593151'>Ficci\u00f3n de naturaleza. Yan Thomas y el proyecto Homo sacer de Giorgio Agamben<\/a><\/li><li><a class='rsswidget' href='https:\/\/revistas.um.es\/daimon\/article\/view\/667581'>LIZ, M. y V\u00c1ZQUEZ, M. (Eds.). (2025) La M\u00e1quina de las Respuestas. Reflexiones ante un espejo. Barcelona: Laertes<\/a><\/li><li><a class='rsswidget' href='https:\/\/revistas.um.es\/daimon\/article\/view\/668851'>FERN\u00c1NDEZ L\u00d3PEZ, J. A. (2025). Problemas fundamentales de la filosof\u00eda medieval. Una lectura contempor\u00e1nea. Madrid: Guillermo Escolar Editor<\/a><\/li><li><a class='rsswidget' href='https:\/\/revistas.um.es\/daimon\/article\/view\/580271'>A New Genesis of Kant\u2019s Essay on the Failure of All Philosophical Trials in Theodicy<\/a><\/li><li><a class='rsswidget' href='https:\/\/revistas.um.es\/daimon\/article\/view\/594241'>En torno a la idea de tiempo: un di\u00e1logo entre Bergson y Zubiri<\/a><\/li><li><a class='rsswidget' href='https:\/\/revistas.um.es\/daimon\/article\/view\/587631'>La terapia ps\u00edquica seg\u00fan Hegel. De la osificaci\u00f3n de la locura a la fluidez de la raz\u00f3n<\/a><\/li><\/ul><\/li><li id=\"rss-45\" class=\"widget widget_rss\"><h2 class=\"widgettitle\"><a class=\"rsswidget rss-widget-feed\" href=\"https:\/\/revistafilosofia.uchile.cl\/index.php\/RDF\/gateway\/plugin\/WebFeedGatewayPlugin\/rss2\"><img decoding=\"async\" class=\"rss-widget-icon\" style=\"border:0\" width=\"14\" height=\"14\" src=\"https:\/\/hlrnet.com\/sites\/wp-includes\/images\/rss.png\" alt=\"RSS feed: Revista de Filosof\u00eda (Chile)\" loading=\"lazy\" \/><\/a> <a class=\"rsswidget rss-widget-title\" href=\"https:\/\/revistafilosofia.uchile.cl\/index.php\/RDF\">Revista de Filosof\u00eda (Chile)<\/a><\/h2><ul><li><a class='rsswidget' href='https:\/\/revistafilosofia.uchile.cl\/index.php\/RDF\/article\/view\/80263'>Ni perd\u00f3n ni olvido<\/a><\/li><li><a class='rsswidget' href='https:\/\/revistafilosofia.uchile.cl\/index.php\/RDF\/article\/view\/84672'>Editorial<\/a><\/li><li><a class='rsswidget' href='https:\/\/revistafilosofia.uchile.cl\/index.php\/RDF\/article\/view\/79379'>Andar y conversar<\/a><\/li><li><a class='rsswidget' href='https:\/\/revistafilosofia.uchile.cl\/index.php\/RDF\/article\/view\/79413'>Palabra y experiencia: Giannini, Ortega, Heidegger<\/a><\/li><li><a class='rsswidget' href='https:\/\/revistafilosofia.uchile.cl\/index.php\/RDF\/article\/view\/79051'>Los l\u00edmites de Ulises. Dante en el debate Barcel\u00f3\/Giannini<\/a><\/li><li><a class='rsswidget' href='https:\/\/revistafilosofia.uchile.cl\/index.php\/RDF\/article\/view\/79301'>\u00bfEn qu\u00e9 sentido el concepto de vinculaci\u00f3n de Humberto Giannini se relaciona con la democracia?<\/a><\/li><li><a class='rsswidget' href='https:\/\/revistafilosofia.uchile.cl\/index.php\/RDF\/article\/view\/77933'>Los caminos de la ira en el lenguaje seg\u00fan Giannini<\/a><\/li><li><a class='rsswidget' href='https:\/\/revistafilosofia.uchile.cl\/index.php\/RDF\/article\/view\/79611'>Capital-vejez: gubernamentalidad neoliberal y envejecimiento en Chile<\/a><\/li><li><a class='rsswidget' href='https:\/\/revistafilosofia.uchile.cl\/index.php\/RDF\/article\/view\/77982'>Ramiro P\u00e9rez Reinoso: normalizador de la filosof\u00eda en Chile (1930-1950)<\/a><\/li><li><a class='rsswidget' href='https:\/\/revistafilosofia.uchile.cl\/index.php\/RDF\/article\/view\/77635'>El saber-c\u00f3mo en la epistemolog\u00eda mapuche<\/a><\/li><\/ul><\/li><li id=\"rss-46\" class=\"widget widget_rss\"><h2 class=\"widgettitle\"><a class=\"rsswidget rss-widget-feed\" href=\"https:\/\/revistas.ucm.es\/index.php\/RESF\/gateway\/plugin\/WebFeedGatewayPlugin\/atom\"><img decoding=\"async\" class=\"rss-widget-icon\" style=\"border:0\" width=\"14\" height=\"14\" src=\"https:\/\/hlrnet.com\/sites\/wp-includes\/images\/rss.png\" alt=\"RSS feed: Revista de Filosof\u00eda (Complutense)\" loading=\"lazy\" \/><\/a> <a class=\"rsswidget rss-widget-title\" href=\"https:\/\/revistas.ucm.es\/index.php\/RESF\/es\">Revista de Filosof\u00eda (Complutense)<\/a><\/h2><ul><li><a class='rsswidget' href='https:\/\/revistas.ucm.es\/index.php\/RESF\/es\/article\/view\/108961'>Bruce B\u00e9gout et Jean-Luc Marion \u2013 radicaliser laph\u00e9nom\u00e9nologie<\/a><\/li><li><a class='rsswidget' href='https:\/\/revistas.ucm.es\/index.php\/RESF\/es\/article\/view\/110149'>Bases biol\u00f3gicas de la conducta, lo innato y los l\u00edmites de la S\u00edntesis Evolutiva Extendida. Respuesta a una nota cr\u00edtica sobre \u00bfC\u00f3mo entender a los humanos?<\/a><\/li><li><a class='rsswidget' href='https:\/\/revistas.ucm.es\/index.php\/RESF\/es\/article\/view\/108351'>IF Rese\u00f1a de \u00c9tienne Souriau, (2025), La instauraci\u00f3n filos\u00f3fica. Bs. As. Cactus. ISBN: 978-631-6714-00-8<\/a><\/li><li><a class='rsswidget' href='https:\/\/revistas.ucm.es\/index.php\/RESF\/es\/article\/view\/108018'>M\u00e1s all\u00e1 de la traducci\u00f3n: m\u00fasica, lenguaje y mediaci\u00f3n<\/a><\/li><li><a class='rsswidget' href='https:\/\/revistas.ucm.es\/index.php\/RESF\/es\/article\/view\/106383'>Infancia y tecnolog\u00eda: cr\u00edtica posthumanista a la raz\u00f3n tecnopedag\u00f3gica<\/a><\/li><li><a class='rsswidget' href='https:\/\/revistas.ucm.es\/index.php\/RESF\/es\/article\/view\/108400'>Tati\u00e1n, D. y Eines, J., El susurro del marrano (Spinoza en teatro), Buenos Aires, RedEditorial, 2025, 96 pp.<\/a><\/li><li><a class='rsswidget' href='https:\/\/revistas.ucm.es\/index.php\/RESF\/es\/article\/view\/107808'>Nota cr\u00edtica sobre el libro \u00bfC\u00f3mo entender a los humanos?, de Pablo Rodr\u00edguez Palenzuela<\/a><\/li><li><a class='rsswidget' href='https:\/\/revistas.ucm.es\/index.php\/RESF\/es\/article\/view\/106738'>Oralidad y escritura: una propuesta de reintegraci\u00f3n entre \u00e9tica y hermen\u00e9utica en la obra de Emmanuel Levinas<\/a><\/li><li><a class='rsswidget' href='https:\/\/revistas.ucm.es\/index.php\/RESF\/es\/article\/view\/106995'>Deconstrucci\u00f3n del suicidio. Una lectura acompa\u00f1ada de El mito de S\u00edsifo<\/a><\/li><li><a class='rsswidget' href='https:\/\/revistas.ucm.es\/index.php\/RESF\/es\/article\/view\/102020'>El cosmopolitismo: \u00bfalternativa a la globalizaci\u00f3n? Reflexiones filos\u00f3ficas sobre un tema kantiano<\/a><\/li><\/ul><\/li><li id=\"custom_html-5\" class=\"widget_text widget widget_custom_html\"><h2 class=\"widgettitle\">NL<\/h2><div class=\"textwidget custom-html-widget\">NL<\/div><\/li><li id=\"rss-34\" class=\"widget widget_rss\"><h2 class=\"widgettitle\"><a class=\"rsswidget rss-widget-feed\" href=\"https:\/\/www.ifilosofie.nl\/feed\/\"><img decoding=\"async\" class=\"rss-widget-icon\" style=\"border:0\" width=\"14\" height=\"14\" src=\"https:\/\/hlrnet.com\/sites\/wp-includes\/images\/rss.png\" alt=\"RSS feed: iFilosofie\" loading=\"lazy\" \/><\/a> <a class=\"rsswidget rss-widget-title\" href=\"https:\/\/isvw.nl\/\">iFilosofie<\/a><\/h2><ul><li>An error has occurred, which probably means the feed is down. Try again later.<\/li><\/ul><\/li><li id=\"rss-51\" class=\"widget widget_rss\"><h2 class=\"widgettitle\"><a class=\"rsswidget rss-widget-feed\" href=\"https:\/\/www.ru.nl\/radboudreflects\/agenda\/lezingen\/?rss=true\"><img decoding=\"async\" class=\"rss-widget-icon\" style=\"border:0\" width=\"14\" height=\"14\" src=\"https:\/\/hlrnet.com\/sites\/wp-includes\/images\/rss.png\" alt=\"RSS feed: Lezingen van Radboud Reflects\" loading=\"lazy\" \/><\/a> <a class=\"rsswidget rss-widget-title\" href=\"\">Lezingen van Radboud Reflects<\/a><\/h2><\/li><li id=\"rss-52\" class=\"widget widget_rss\"><h2 class=\"widgettitle\"><a class=\"rsswidget rss-widget-feed\" href=\"https:\/\/feeds.transistor.fm\/podcast-filosofie\"><img decoding=\"async\" class=\"rss-widget-icon\" style=\"border:0\" width=\"14\" height=\"14\" src=\"https:\/\/hlrnet.com\/sites\/wp-includes\/images\/rss.png\" alt=\"RSS feed: Podcast filosofie\" loading=\"lazy\" \/><\/a> <a class=\"rsswidget rss-widget-title\" href=\"http:\/\/www.centre-erasme.nl\/\">Podcast filosofie<\/a><\/h2><ul><li><a class='rsswidget' href='https:\/\/share.transistor.fm\/s\/99c56079'>Kom naar ons live-event (en kom in verzet) op vrijdag 6 november!<\/a><\/li><li><a class='rsswidget' href='https:\/\/share.transistor.fm\/s\/f821833b'>Confronterende denkers uit andere tijden<\/a><\/li><li><a class='rsswidget' href='https:\/\/share.transistor.fm\/s\/ea095aaf'>Chantal Mouffe<\/a><\/li><li><a class='rsswidget' href='https:\/\/share.transistor.fm\/s\/e71158bc'>Sara Ahmed<\/a><\/li><li><a class='rsswidget' href='https:\/\/share.transistor.fm\/s\/3294b8dd'>Henri Bergson<\/a><\/li><li><a class='rsswidget' href='https:\/\/share.transistor.fm\/s\/ad916285'>Jacques Maritain<\/a><\/li><li><a class='rsswidget' href='https:\/\/share.transistor.fm\/s\/9cf333e1'>Axel Honneth<\/a><\/li><li><a class='rsswidget' href='https:\/\/share.transistor.fm\/s\/7ce2eebd'>Edith Stein<\/a><\/li><li><a class='rsswidget' href='https:\/\/share.transistor.fm\/s\/3ba95048'>Frantz Fanon<\/a><\/li><li><a class='rsswidget' href='https:\/\/share.transistor.fm\/s\/f2859e2d'>Ludwig Feuerbach<\/a><\/li><\/ul><\/li><li id=\"rss-53\" class=\"widget widget_rss\"><h2 class=\"widgettitle\"><a class=\"rsswidget rss-widget-feed\" href=\"https:\/\/poj.peeters-leuven.be\/RSS\/TVF.xml\"><img decoding=\"async\" class=\"rss-widget-icon\" style=\"border:0\" width=\"14\" height=\"14\" src=\"https:\/\/hlrnet.com\/sites\/wp-includes\/images\/rss.png\" alt=\"RSS feed: Tijdschrift voor Filosofie\" loading=\"lazy\" \/><\/a> <a class=\"rsswidget rss-widget-title\" href=\"http:\/\/poj.peeters-leuven.be\/content.php?url=journal&#038;journal_code=TVF\">Tijdschrift voor Filosofie<\/a><\/h2><ul><li><a class='rsswidget' href='http:\/\/poj.peeters-leuven.be\/content.php?url=article&#038;id=3295575'>Zur Anschauung des Allgemeinen<\/a><\/li><li><a class='rsswidget' href='http:\/\/poj.peeters-leuven.be\/content.php?url=article&#038;id=3295574'>Eidetic Purification and the Role of Stipulations in Fantasy<\/a><\/li><li><a class='rsswidget' href='http:\/\/poj.peeters-leuven.be\/content.php?url=article&#038;id=3295573'>Phenomenology of Character and Personal Essence<\/a><\/li><li><a class='rsswidget' href='http:\/\/poj.peeters-leuven.be\/content.php?url=article&#038;id=3295572'>Hedwig Conrad-Martinus on Reality and Mind-Independence<\/a><\/li><li><a class='rsswidget' href='http:\/\/poj.peeters-leuven.be\/content.php?url=article&#038;id=3295571'>Untitled<\/a><\/li><li><a class='rsswidget' href='http:\/\/poj.peeters-leuven.be\/content.php?url=article&#038;id=3295570'>Phenomenological Platonism<\/a><\/li><li><a class='rsswidget' href='http:\/\/poj.peeters-leuven.be\/content.php?url=article&#038;id=3295569'>Phenomenological Essences<\/a><\/li><\/ul><\/li><li id=\"rss-50\" class=\"widget widget_rss\"><h2 class=\"widgettitle\"><a class=\"rsswidget rss-widget-feed\" href=\"https:\/\/verenigingvanethici.wordpress.com\/feed\/\"><img decoding=\"async\" class=\"rss-widget-icon\" style=\"border:0\" width=\"14\" height=\"14\" src=\"https:\/\/hlrnet.com\/sites\/wp-includes\/images\/rss.png\" alt=\"RSS feed: Vereniging van Ethici van Nederland\" loading=\"lazy\" \/><\/a> <a class=\"rsswidget rss-widget-title\" href=\"\">Vereniging van Ethici van Nederland<\/a><\/h2><\/li><\/ul><\/div><!-- widgets_on_page -->\n<p>EN<\/p>\n<p>FR<\/p>\n<p>ES<\/p>\n<p>NL<\/p>\n<p>&nbsp;<\/p>\n","protected":false},"excerpt":{"rendered":"<p><span class=\"span-reading-time rt-reading-time\" style=\"display: block;\"><span class=\"rt-label rt-prefix\">Reading Time: <\/span> <span class=\"rt-time\"> &lt; 1<\/span> <span class=\"rt-label rt-postfix\">minute<\/span><\/span>EN FR ES NL &nbsp;<\/p>\n","protected":false},"author":1,"featured_media":0,"parent":0,"menu_order":0,"comment_status":"closed","ping_status":"closed","template":"","meta":{"iawp_total_views":14,"footnotes":"","_wp_rev_ctl_limit":""},"class_list":["post-53538","page","type-page","status-publish","hentry"],"yoast_head":"<!-- This site is optimized with the Yoast SEO plugin v28.4 - https:\/\/yoast.com\/product\/yoast-seo-wordpress\/ -->\n<title>Filosofie in real time - hlrnet.com<\/title>\n<meta name=\"robots\" content=\"index, follow, max-snippet:-1, max-image-preview:large, max-video-preview:-1\" \/>\n<link rel=\"canonical\" href=\"https:\/\/hlrnet.com\/sites\/filosofie-in-real-time\/\" \/>\n<meta property=\"og:locale\" content=\"en_US\" \/>\n<meta property=\"og:type\" content=\"article\" \/>\n<meta property=\"og:title\" content=\"Filosofie in real time - hlrnet.com\" \/>\n<meta property=\"og:description\" content=\"Reading Time:  &lt; 1 minuteEN FR ES NL &nbsp;\" \/>\n<meta property=\"og:url\" content=\"https:\/\/hlrnet.com\/sites\/filosofie-in-real-time\/\" \/>\n<meta property=\"og:site_name\" content=\"hlrnet.com\" \/>\n<meta property=\"article:modified_time\" content=\"2020-09-20T17:50:16+00:00\" \/>\n<meta name=\"twitter:card\" content=\"summary_large_image\" \/>\n<script type=\"application\/ld+json\" class=\"yoast-schema-graph\">{\"@context\":\"https:\\\/\\\/schema.org\",\"@graph\":[{\"@type\":\"WebPage\",\"@id\":\"https:\\\/\\\/hlrnet.com\\\/sites\\\/filosofie-in-real-time\\\/\",\"url\":\"https:\\\/\\\/hlrnet.com\\\/sites\\\/filosofie-in-real-time\\\/\",\"name\":\"Filosofie in real time - hlrnet.com\",\"isPartOf\":{\"@id\":\"https:\\\/\\\/hlrnet.com\\\/sites\\\/#website\"},\"datePublished\":\"2018-09-27T17:43:46+00:00\",\"dateModified\":\"2020-09-20T17:50:16+00:00\",\"breadcrumb\":{\"@id\":\"https:\\\/\\\/hlrnet.com\\\/sites\\\/filosofie-in-real-time\\\/#breadcrumb\"},\"inLanguage\":\"en-US\",\"potentialAction\":[{\"@type\":\"ReadAction\",\"target\":[\"https:\\\/\\\/hlrnet.com\\\/sites\\\/filosofie-in-real-time\\\/\"]}]},{\"@type\":\"BreadcrumbList\",\"@id\":\"https:\\\/\\\/hlrnet.com\\\/sites\\\/filosofie-in-real-time\\\/#breadcrumb\",\"itemListElement\":[{\"@type\":\"ListItem\",\"position\":1,\"name\":\"Home\",\"item\":\"https:\\\/\\\/hlrnet.com\\\/sites\\\/\"},{\"@type\":\"ListItem\",\"position\":2,\"name\":\"Filosofie in real time\"}]},{\"@type\":\"WebSite\",\"@id\":\"https:\\\/\\\/hlrnet.com\\\/sites\\\/#website\",\"url\":\"https:\\\/\\\/hlrnet.com\\\/sites\\\/\",\"name\":\"hlrnet.com\",\"description\":\"Hans Le Roy\",\"publisher\":{\"@id\":\"https:\\\/\\\/hlrnet.com\\\/sites\\\/#organization\"},\"potentialAction\":[{\"@type\":\"SearchAction\",\"target\":{\"@type\":\"EntryPoint\",\"urlTemplate\":\"https:\\\/\\\/hlrnet.com\\\/sites\\\/?s={search_term_string}\"},\"query-input\":{\"@type\":\"PropertyValueSpecification\",\"valueRequired\":true,\"valueName\":\"search_term_string\"}}],\"inLanguage\":\"en-US\"},{\"@type\":\"Organization\",\"@id\":\"https:\\\/\\\/hlrnet.com\\\/sites\\\/#organization\",\"name\":\"hlrnet.com\",\"url\":\"https:\\\/\\\/hlrnet.com\\\/sites\\\/\",\"logo\":{\"@type\":\"ImageObject\",\"inLanguage\":\"en-US\",\"@id\":\"https:\\\/\\\/hlrnet.com\\\/sites\\\/#\\\/schema\\\/logo\\\/image\\\/\",\"url\":\"https:\\\/\\\/hlrnet.com\\\/sites\\\/wp-content\\\/uploads\\\/2018\\\/04\\\/cropped-default512x512-trans-1.png\",\"contentUrl\":\"https:\\\/\\\/hlrnet.com\\\/sites\\\/wp-content\\\/uploads\\\/2018\\\/04\\\/cropped-default512x512-trans-1.png\",\"width\":512,\"height\":160,\"caption\":\"hlrnet.com\"},\"image\":{\"@id\":\"https:\\\/\\\/hlrnet.com\\\/sites\\\/#\\\/schema\\\/logo\\\/image\\\/\"}}]}<\/script>\n<!-- \/ Yoast SEO plugin. -->","yoast_head_json":{"title":"Filosofie in real time - hlrnet.com","robots":{"index":"index","follow":"follow","max-snippet":"max-snippet:-1","max-image-preview":"max-image-preview:large","max-video-preview":"max-video-preview:-1"},"canonical":"https:\/\/hlrnet.com\/sites\/filosofie-in-real-time\/","og_locale":"en_US","og_type":"article","og_title":"Filosofie in real time - hlrnet.com","og_description":"Reading Time:  &lt; 1 minuteEN FR ES NL &nbsp;","og_url":"https:\/\/hlrnet.com\/sites\/filosofie-in-real-time\/","og_site_name":"hlrnet.com","article_modified_time":"2020-09-20T17:50:16+00:00","twitter_card":"summary_large_image","schema":{"@context":"https:\/\/schema.org","@graph":[{"@type":"WebPage","@id":"https:\/\/hlrnet.com\/sites\/filosofie-in-real-time\/","url":"https:\/\/hlrnet.com\/sites\/filosofie-in-real-time\/","name":"Filosofie in real time - hlrnet.com","isPartOf":{"@id":"https:\/\/hlrnet.com\/sites\/#website"},"datePublished":"2018-09-27T17:43:46+00:00","dateModified":"2020-09-20T17:50:16+00:00","breadcrumb":{"@id":"https:\/\/hlrnet.com\/sites\/filosofie-in-real-time\/#breadcrumb"},"inLanguage":"en-US","potentialAction":[{"@type":"ReadAction","target":["https:\/\/hlrnet.com\/sites\/filosofie-in-real-time\/"]}]},{"@type":"BreadcrumbList","@id":"https:\/\/hlrnet.com\/sites\/filosofie-in-real-time\/#breadcrumb","itemListElement":[{"@type":"ListItem","position":1,"name":"Home","item":"https:\/\/hlrnet.com\/sites\/"},{"@type":"ListItem","position":2,"name":"Filosofie in real time"}]},{"@type":"WebSite","@id":"https:\/\/hlrnet.com\/sites\/#website","url":"https:\/\/hlrnet.com\/sites\/","name":"hlrnet.com","description":"Hans Le Roy","publisher":{"@id":"https:\/\/hlrnet.com\/sites\/#organization"},"potentialAction":[{"@type":"SearchAction","target":{"@type":"EntryPoint","urlTemplate":"https:\/\/hlrnet.com\/sites\/?s={search_term_string}"},"query-input":{"@type":"PropertyValueSpecification","valueRequired":true,"valueName":"search_term_string"}}],"inLanguage":"en-US"},{"@type":"Organization","@id":"https:\/\/hlrnet.com\/sites\/#organization","name":"hlrnet.com","url":"https:\/\/hlrnet.com\/sites\/","logo":{"@type":"ImageObject","inLanguage":"en-US","@id":"https:\/\/hlrnet.com\/sites\/#\/schema\/logo\/image\/","url":"https:\/\/hlrnet.com\/sites\/wp-content\/uploads\/2018\/04\/cropped-default512x512-trans-1.png","contentUrl":"https:\/\/hlrnet.com\/sites\/wp-content\/uploads\/2018\/04\/cropped-default512x512-trans-1.png","width":512,"height":160,"caption":"hlrnet.com"},"image":{"@id":"https:\/\/hlrnet.com\/sites\/#\/schema\/logo\/image\/"}}]}},"publishpress_future_action":{"enabled":false,"date":"2026-09-09 06:39:12","action":"change-status","newStatus":"draft","terms":[],"taxonomy":"","extraData":[]},"publishpress_future_workflow_manual_trigger":{"enabledWorkflows":[]},"_links":{"self":[{"href":"https:\/\/hlrnet.com\/sites\/wp-json\/wp\/v2\/pages\/53538","targetHints":{"allow":["GET"]}}],"collection":[{"href":"https:\/\/hlrnet.com\/sites\/wp-json\/wp\/v2\/pages"}],"about":[{"href":"https:\/\/hlrnet.com\/sites\/wp-json\/wp\/v2\/types\/page"}],"author":[{"embeddable":true,"href":"https:\/\/hlrnet.com\/sites\/wp-json\/wp\/v2\/users\/1"}],"replies":[{"embeddable":true,"href":"https:\/\/hlrnet.com\/sites\/wp-json\/wp\/v2\/comments?post=53538"}],"version-history":[{"count":0,"href":"https:\/\/hlrnet.com\/sites\/wp-json\/wp\/v2\/pages\/53538\/revisions"}],"wp:attachment":[{"href":"https:\/\/hlrnet.com\/sites\/wp-json\/wp\/v2\/media?parent=53538"}],"curies":[{"name":"wp","href":"https:\/\/api.w.org\/{rel}","templated":true}]}}