{"id":13875,"date":"2019-11-28T20:48:09","date_gmt":"2019-11-28T20:48:09","guid":{"rendered":"https:\/\/hlrnet.com\/sites\/alt164\/?page_id=13875"},"modified":"2026-02-14T20:28:05","modified_gmt":"2026-02-14T20:28:05","slug":"estudias-de-la-lengua","status":"publish","type":"page","link":"https:\/\/hlrnet.com\/sites\/alt164\/estudias-de-la-lengua\/","title":{"rendered":"Estudios de la lengua"},"content":{"rendered":"<ul>\n<li>Estudios de la lengua &gt;&gt;\n<ul>\n<li><a href=\"https:\/\/www.academia.org.mx\/\">Academia mexicana de la lengua<\/a><\/li>\n<li><a href=\"http:\/\/ahbx.eu\/\">AHBx: Asociaci\u00f3n de Hispanistas del Benelux<\/a><\/li>\n<li><a href=\"https:\/\/amantesdelaortografia.com\/\">Amantes de la Ortograf\u00eda &#8211; ADLO<\/a><\/li>\n<li><a href=\"https:\/\/www.iberianstudies.net\/\">Association for Contemporary Iberian Studies (ACIS)<\/a><\/li>\n<li><a href=\"https:\/\/www.hispanists.org.uk\/\">Association of Hispanists of Great Britain &amp; Ireland<\/a><\/li>\n<li><a href=\"https:\/\/www.colombianistas.org\/\">Asociaci\u00f3n de colombianistas<\/a><\/li>\n<li><a href=\"https:\/\/www.americanistas.es\/\">Asociaci\u00f3n espa\u00f1ola de americanistas<\/a><\/li>\n<li><a href=\"https:\/\/ae-ic.org\/\">Asociaci\u00f3n Espa\u00f1ola de Investigaci\u00f3n de la Comunicaci\u00f3n <\/a><\/li>\n<li><a href=\"http:\/\/www.aledportal.com\/\">Asociaci\u00f3n Latinoamericana de Analistas del Discurso (ALED)<\/a><\/li>\n<li><a title=\"Asociaci\u00f3n de Ling\u00fc\u00edstica del Discurso\" href=\"https:\/\/lingdiscurso.org\/\" rel=\"home\">Asociaci\u00f3n de Ling\u00fc\u00edstica del Discurso<\/a><\/li>\n<li><a href=\"https:\/\/www.mundoalfal.org\/\">Asociaci\u00f3n de Ling\u00fc\u00edstica y Filolog\u00eda de Am\u00e9rica Latina (ALFAL)<\/a><\/li>\n<li><a href=\"https:\/\/asociacioninternacionaldehispanistas.org\/\">Asociaci\u00f3n internacional de hispanistas<\/a><\/li>\n<li><a href=\"https:\/\/www.cilengua.es\/\">Centro Internacional de Investigaci\u00f3n de la Lengua Espa\u00f1ola (CiLengua)<\/a><\/li>\n<li><a href=\"https:\/\/cie.usal.es\/cie-usal\/\">Centro Internacional del Espa\u00f1ol (CIEUSAL)<\/a><\/li>\n<li><a href=\"https:\/\/collocate.blogspot.com\/\">ColocaTe<\/a>: grupo de investigaci\u00f3n de la Universidade da Coru\u00f1a que se centra en el estudio y descripci\u00f3n de las colocaciones con el objetivo de desarrollar herramientas \u00fatiles para aprendices de ELE.<\/li>\n<li><a href=\"https:\/\/congresosdelalengua.es\/\">Congresos de la lengua<\/a> (Cervantes.es)<\/li>\n<li><a href=\"http:\/\/www.contrastiva.it\/\">Contrastiva. Portal de gram\u00e1tica y de ling\u00fc\u00edstica contrastiva espa\u00f1ol italiano<\/a><\/li>\n<li><a href=\"https:\/\/www.delcastellano.com\/\">Delcastellano<\/a>: gram\u00e1tica hist\u00f3rica del espa\u00f1ol<\/li>\n<li><a href=\"https:\/\/www.ugr.es\/~jmpazos\/dicofon\/markdown\/\">Dicofon: diccionario de fon\u00e9tica<\/a> (Universidad de Granada)<\/li>\n<li><a href=\"https:\/\/www.editorialgredos.com\/\">Editorial Gredos<\/a><\/li>\n<li><a href=\"http:\/\/elies.rediris.es\/\">ELIES: Estudios de Ling\u00fc\u00edstica del espa\u00f1ol<\/a><\/li>\n<li><a href=\"https:\/\/bop.unibe.ch\/index.php\/elies\/index\">Estudios de Ling\u00fc\u00edstica del Espa\u00f1ol<\/a> (revista)<\/li>\n<li><a href=\"https:\/\/www.cervantesvirtual.com\/portal\/hispanistas\/\">Figuras del hispanismo<\/a><\/li>\n<li><a href=\"http:\/\/www.caminodelalengua.com\/\">Fundaci\u00f3n Camino de la Lengua Castellana<\/a><\/li>\n<li><a href=\"https:\/\/www.fundeu.es\/\">Fund\u00e9u<\/a>: web para alejar los anglicismos de la consultoria<\/li>\n<li><a href=\"http:\/\/www.textoshispanicos.es\/\">Grupo de Investigaci\u00f3n de Textos para la Historia del Espa\u00f1ol (GITHE)<\/a><\/li>\n<li><a href=\"http:\/\/hesperia.ucm.es\/\">Hesperia: banco de datos de las lenguas paleohisp\u00e1nicas<\/a><\/li>\n<li><a href=\"http:\/\/www.hispanoteca.eu\/\">Hispanoteca<\/a>: lengua y literatura<\/li>\n<li><a href=\"https:\/\/www.infoling.org\/\">Infoling<\/a>: lista de distribuci\u00f3n moderada especializada en ling\u00fc\u00edstica hisp\u00e1nica<\/li>\n<li><a href=\"https:\/\/www.ilcyl.com\/\">Instituto Castellano y Leon\u00e9s de la Lengua<\/a><\/li>\n<li><a href=\"https:\/\/www.sis.soton.ac.uk\/\">International Association for the Study of Spanish in Society (SIS \/ EES)<\/a><\/li>\n<li><a href=\"https:\/\/investigaciondocente.com\/\">Investigaci\u00f3n docente<\/a><\/li>\n<li><a href=\"https:\/\/lasa.international.pitt.edu\/\">Latin American Studies Association (LASA)<\/a><\/li>\n<li><a href=\"https:\/\/linhd.uned.es\/\">Laboratorio de Innovaci\u00f3n en Humanidades Digitales (LINHD)<\/a><\/li>\n<li><a href=\"https:\/\/www.lenguayprensa.uma.es\/\">Lengua y Prensa<\/a>: Hemeroteca ling\u00fc\u00edstica virtual &#8211; Portal dedicado a las noticias sobre divulgaci\u00f3n ling\u00fc\u00edstica, las lenguas de Espa\u00f1a y sus variedades. Base de datos de m\u00e1s de 22,000 noticias.<\/li>\n<li><a href=\"https:\/\/cervantesobservatorio.fas.harvard.edu\/es\">Observatorio de la lengua espa\u00f1ola y las culturas hisp\u00e1nicas en los Estados Unidos<\/a><\/li>\n<li><a href=\"http:\/\/www.hispanismo.cervantes.es\/\">Portal del hispanismo (Cervantes)<\/a><\/li>\n<li><a href=\"https:\/\/www.potowski.org\/\">Kim Potowski<\/a><\/li>\n<li><a href=\"https:\/\/www.la-semyr.es\/\">Sociedad de Estudios Medievales y Renacentistas (SEMYR)<\/a><\/li>\n<li><a href=\"https:\/\/www.cervantesvirtual.com\/portal\/Slesxix\/\">Sociedad de Literatura Espa\u00f1ola del Siglo XIX (SLES XIX)<\/a><\/li>\n<li><a href=\"https:\/\/www.siglo18.org\/\">Sociedad Espa\u00f1ola de Estudios del Siglo XVIII<\/a><\/li>\n<li><a href=\"https:\/\/www.selgyc.com\/\">Sociedad Espa\u00f1ola de Literatura General y Comparada<\/a><\/li>\n<li><a href=\"https:\/\/hispanistes.fr\/\">Soci\u00e9t\u00e9 des Hispanistes<\/a> (FR)<\/li>\n<li><a href=\"https:\/\/benjamins.com\/catalog\/sic\">Spanish in Context<\/a>: pragmatics and sociopragmatics<\/li>\n<li><a href=\"https:\/\/www.wikilengua.org\/\">Wikilengua<\/a>: un sitio abierto y participativo sobre las dudas pr\u00e1cticas del castellano y un medio para reflejar la diversidad de una lengua hablada por cientos de millones de personas.<\/li>\n<\/ul>\n<\/li>\n<li>Revistas\n<ul>\n<li><a href=\"https:\/\/revistas-filologicas.unam.mx\/anuario-letras\/index.php\/al\">Anuario de Letras. Ling\u00fc\u00edstica y Filolog\u00eda (UNAM)<\/a><\/li>\n<li><a href=\"https:\/\/dirasathispanicas.org\/index.php\/dirasathispanicas\/index\">Dir\u0101s\u0101t Hisp\u0101nicas. Revista Tunecina de Estudios Hisp\u00e1nicos<\/a><\/li>\n<li><a href=\"https:\/\/cvc.cervantes.es\/lengua\/eaesla\/\">E-Aesla. Revista digital de ling\u00fc\u00edstica aplicada<\/a><\/li>\n<li><a href=\"http:\/\/www.hispanista.com.br\/\">Hispanista<\/a> (revista brasile\u00f1a)<\/li>\n<li><a href=\"https:\/\/revistes.uab.cat\/isogloss\/index\">Isogloss. A journal on variation of Romance and Iberian languages<\/a><\/li>\n<li><a href=\"https:\/\/revistas.uca.es\/index.php\/pragma\/index\">Pragmaling\u00fc\u00edstica: revista<\/a><\/li>\n<li><a href=\"https:\/\/www.nebrija.com\/revista-linguistica\/\">Revista Nebrija de Ling\u00fc\u00edstica Aplicada a la Ense\u00f1anza de Lenguas<\/a><\/li>\n<li><a href=\"https:\/\/www.cervantesvirtual.com\/hemeroteca\/signa\/index.shtml\">Signa: revista de la asociaci\u00f3n espa\u00f1ola de semi\u00f3tica<\/a><\/li>\n<li><a href=\"https:\/\/www.um.es\/tonosdigital\">Tonos<\/a>: revista electr\u00f3nica de estudios filol\u00f3gicos<\/li>\n<li><a href=\"https:\/\/revistaseug.ugr.es\/index.php\/Variacion\">VARIACI\u00d3N. Revista de variaci\u00f3n y cambio ling\u00fc\u00edstico<\/a><\/li>\n<\/ul>\n<\/li>\n<li>Bibliograf\u00eda de ling\u00fc\u00edstica\n<ul>\n<li><a href=\"http:\/\/bddoc.csic.es:8080\/\">CSIC<\/a><\/li>\n<li><a href=\"https:\/\/lingmex.colmex.mx\/\">Lingmex<\/a>: bibliograf\u00eda ling\u00fc\u00edstica de M\u00e9xico desde 1970<\/li>\n<\/ul>\n<\/li>\n<\/ul>\n<span class=\"last-modified-timestamp\">Feb 14, 2026 @ 8:28 pm<\/span>\n","protected":false},"excerpt":{"rendered":"<p>Estudios de la lengua &gt;&gt; Academia mexicana de la lengua AHBx: Asociaci\u00f3n de Hispanistas del Benelux Amantes de la Ortograf\u00eda &#8211; ADLO Association for Contemporary Iberian Studies (ACIS) Association of Hispanists of Great Britain &amp; Ireland Asociaci\u00f3n de colombianistas Asociaci\u00f3n espa\u00f1ola de americanistas Asociaci\u00f3n Espa\u00f1ola de Investigaci\u00f3n de la Comunicaci\u00f3n<\/p>\n","protected":false},"author":1,"featured_media":0,"parent":0,"menu_order":0,"comment_status":"closed","ping_status":"closed","template":"","meta":{"iawp_total_views":0,"footnotes":"","_wp_rev_ctl_limit":""},"class_list":["post-13875","page","type-page","status-publish","hentry"],"publishpress_future_action":{"enabled":false,"date":"2026-05-07 15:48:13","action":"change-status","newStatus":"draft","terms":[],"taxonomy":"","extraData":[]},"publishpress_future_workflow_manual_trigger":{"enabledWorkflows":[]},"_links":{"self":[{"href":"https:\/\/hlrnet.com\/sites\/alt164\/wp-json\/wp\/v2\/pages\/13875","targetHints":{"allow":["GET"]}}],"collection":[{"href":"https:\/\/hlrnet.com\/sites\/alt164\/wp-json\/wp\/v2\/pages"}],"about":[{"href":"https:\/\/hlrnet.com\/sites\/alt164\/wp-json\/wp\/v2\/types\/page"}],"author":[{"embeddable":true,"href":"https:\/\/hlrnet.com\/sites\/alt164\/wp-json\/wp\/v2\/users\/1"}],"replies":[{"embeddable":true,"href":"https:\/\/hlrnet.com\/sites\/alt164\/wp-json\/wp\/v2\/comments?post=13875"}],"version-history":[{"count":4,"href":"https:\/\/hlrnet.com\/sites\/alt164\/wp-json\/wp\/v2\/pages\/13875\/revisions"}],"predecessor-version":[{"id":27622,"href":"https:\/\/hlrnet.com\/sites\/alt164\/wp-json\/wp\/v2\/pages\/13875\/revisions\/27622"}],"wp:attachment":[{"href":"https:\/\/hlrnet.com\/sites\/alt164\/wp-json\/wp\/v2\/media?parent=13875"}],"curies":[{"name":"wp","href":"https:\/\/api.w.org\/{rel}","templated":true}]}}