{"id":13870,"date":"2019-11-28T20:44:24","date_gmt":"2019-11-28T20:44:24","guid":{"rendered":"https:\/\/hlrnet.com\/sites\/alt164\/?page_id=13870"},"modified":"2026-02-14T20:27:34","modified_gmt":"2026-02-14T20:27:34","slug":"materiales-de-clase","status":"publish","type":"page","link":"https:\/\/hlrnet.com\/sites\/alt164\/materiales-de-clase\/","title":{"rendered":"Materiales de clase"},"content":{"rendered":"<ul>\n<li>Materiales de clase\n<ul>\n<li><a href=\"https:\/\/abcdeele.com\/\">abcdeEle<\/a><\/li>\n<li><a href=\"https:\/\/arche-ele.com\/\">Arche-Ele<\/a><\/li>\n<li><a href=\"https:\/\/www.aulaintercultural.org\/\">Aulaintercultural<\/a><\/li>\n<li><a href=\"https:\/\/eleclasesespanolcomolenguaextranjera.wordpress.com\/\">Clases ELE<\/a><\/li>\n<li><a href=\"https:\/\/cvc.cervantes.es\/aula\/didactired\/didactiteca\/default.asp\">Didactica<\/a><\/li>\n<li><a href=\"https:\/\/didactilang.com\/\">Didactilang<\/a><\/li>\n<li><a href=\"https:\/\/elecreacion.com\/\">ELEcreaci\u00f3n<\/a><\/li>\n<li><a href=\"https:\/\/es.islcollective.com\/\"><strong>iSLCollective<\/strong><\/a>: hojas de trabajo<\/li>\n<li><a href=\"https:\/\/superlapiz.com\/\">Super L\u00e1piz<\/a><\/li>\n<li><a href=\"https:\/\/www.marcoele.com\/\"><strong>MarcoEle<\/strong><\/a><\/li>\n<li><a href=\"https:\/\/mundoele1.wordpress.com\/\">Mundo ELE<\/a><\/li>\n<li><a href=\"https:\/\/profe.social\/\">Profe.Social<\/a>: social network and resources for teachers<\/li>\n<li><a href=\"https:\/\/profesorplans.com\/category\/experiencias-docentes\/clases\/espanol-ele\/\">Profesor Plans: ELE<\/a><\/li>\n<li><a href=\"https:\/\/www.educacionfpydeportes.gob.es\/mc\/redele\/revistaredele.html\">RedELE<\/a><\/li>\n<li><a href=\"https:\/\/rockalingua.com\/\">Rockalingua<\/a>: music based Spanish leaning &#8211; for kids<\/li>\n<li><a href=\"https:\/\/www.rutaele.es\/\"><strong>Ruta ELE<\/strong><\/a><\/li>\n<li><a href=\"https:\/\/www.spanishunicorn.com\/\">Spanish Unicorn<\/a><\/li>\n<li><a href=\"https:\/\/www.todoele.net\/\"><strong>TodoEle<\/strong><\/a><\/li>\n<li><a href=\"https:\/\/www.videoele.com\/\">VideoEle<\/a><\/li>\n<li><a href=\"https:\/\/www.wolfgangsteveker.de\/\" target=\"_blank\" rel=\"noopener noreferrer\">Wolfgang Versteker<\/a><\/li>\n<li><a href=\"https:\/\/zachary-jones.com\/zambombazo\/\">Zambombazo<\/a><\/li>\n<li>Materiales en fuente abierta\n<ul>\n<li><a href=\"https:\/\/ocw.mit.edu\/\" target=\"_blank\" rel=\"noopener noreferrer\">MIT Open Courseware<\/a><\/li>\n<li><a href=\"https:\/\/www.oercommons.org\/\">OERCommons<\/a>: open educational resources<\/li>\n<li><a href=\"https:\/\/commons.wikimedia.org\/\">Wikimedia commons<\/a><\/li>\n<li><a href=\"https:\/\/wikimediafoundation.org\/wiki\/Home\">Wikimedia Foundation<\/a><\/li>\n<\/ul>\n<\/li>\n<\/ul>\n<\/li>\n<li>M\u00e1s recursos para profesores\n<ul>\n<li><a href=\"https:\/\/abcdeele.com\/\">abcdeEle<\/a>:materiales m\u00e1s visuales y divertidos para tus clases de espa\u00f1ol<\/li>\n<li><a href=\"https:\/\/www.alte.org\/\" target=\"_blank\" rel=\"noopener noreferrer\">ALTE<\/a>: Asociaci\u00f3n Europea de Examinadores de Lengua, con descripci\u00f3n de niveles de competencia de la lengua.<\/li>\n<li><a href=\"https:\/\/cvc.cervantes.es\/obref\/agle\" target=\"_blank\" rel=\"noopener noreferrer\">Archivo Gramatical de la Lengua Espa\u00f1ola<\/a> (don Salvador Fern\u00e1ndez Ram\u00edrez)<\/li>\n<li><a href=\"https:\/\/comprensionlectora.es\/\">Asociaci\u00f3n espa\u00f1ola de comprensi\u00f3n lectora<\/a><\/li>\n<li><a href=\"https:\/\/cvc.cervantes.es\/ensenanza\/actividades_ave\/aveteca.htm\">Aveteca<\/a>: archivo de las Actividades del Aula Virtual de Espa\u00f1ol<\/li>\n<li><a href=\"https:\/\/cvc.cervantes.es\/ensenanza\/biblioteca_ele\/\" target=\"_blank\" rel=\"noopener noreferrer\">Biblioteca del profesor de espa\u00f1ol<\/a> (CVC &#8211; Instituto Cervantes)<\/li>\n<li><a href=\"https:\/\/www.bvfe.es\/\">Biblioteca Virtual de la Filolog\u00eda Espa\u00f1ola<\/a><\/li>\n<li><a href=\"https:\/\/birlibirprofe.com\/\">Birlibirprofe<\/a><\/li>\n<li><a href=\"https:\/\/www.calamoycran.com\/blog\">C\u00e1lamo &amp; Cran blog<\/a><\/li>\n<li><a href=\"https:\/\/www.clasedeele.es\/\">Clase de ELE<\/a><\/li>\n<li><a href=\"https:\/\/www.colorele.es\/\">Colorele<\/a>: ideas para la clase de espa\u00f1ol<\/li>\n<li><a href=\"https:\/\/conmovimiento.com\">ConMovimiento<\/a><\/li>\n<li><a href=\"https:\/\/www.cnice.mecd.es\/\" target=\"_blank\" rel=\"noopener noreferrer\">CNICE<\/a>: Centro Nacional de Informaci\u00f3n y Comunicaci\u00f3n Educativa<\/li>\n<li><a href=\"https:\/\/martinabex.com\/\">The Comprensible Classroom<\/a><\/li>\n<li><a href=\"https:\/\/www.colorele.es\/\">colorELE<\/a>: ideas para la clase<\/li>\n<li><a href=\"https:\/\/cfp.cervantes.es\/\">Cursos de Formaci\u00f3n Profesional del Instituto Cervantes<\/a><\/li>\n<li><a href=\"https:\/\/deleb2.wordpress.com\/\">DELEB2<\/a><\/li>\n<li><a href=\"https:\/\/cvc.cervantes.es\/aula\/didactired\/\" target=\"_blank\" rel=\"noopener noreferrer\">Didactired<\/a>: secci\u00f3n semanal del CVC en la que se publican actividades dirigidas a profesores de espa\u00f1ol<\/li>\n<li><a href=\"https:\/\/diplomas.cervantes.es\/\">Diplomas de espa\u00f1ol como lengua extranjera<\/a>: con modelos de examen<\/li>\n<li><a href=\"https:\/\/eclecticedu.blogspot.be\/\">EcLEcTIC<\/a><\/li>\n<li><a href=\"https:\/\/www.educaciontrespuntocero.com\/\">Educaci\u00f3n 3.0<\/a><\/li>\n<li><a href=\"https:\/\/www.educaspain.com\/\">Educaspain<\/a>: red internacional de ense\u00f1anza del espa\u00f1ol \/ ofertas de empleo<\/li>\n<li><a href=\"https:\/\/www.eduespa.org\/\">EDUESPA<\/a><\/li>\n<li><a href=\"https:\/\/elengua.usal.es\/\">E-lengua<\/a> (Universidad de Salamanca)<\/li>\n<li><a href=\"https:\/\/www.encuentro-practico.com\/\" target=\"_blank\" rel=\"noopener noreferrer\">Encuentro pr\u00e1ctico de profesores de espa\u00f1ol lengua extranjera<\/a> (International House &#8211; Difusi\u00f3n)<\/li>\n<li><a href=\"https:\/\/elespaniolenlamaleta.blogspot.be\/\">El espa\u00f1ol en la maleta<\/a><\/li>\n<li><a href=\"https:\/\/bancodelele.blogspot.com\/\">Espaprofes banco de recursos ELE<\/a><\/li>\n<li><a href=\"https:\/\/estudiarespanol.wordpress.com\">Estudiarespa\u00f1ol<\/a><\/li>\n<li><a href=\"https:\/\/eltallerdeele.blogspot.com\/\">El taller de ELE<\/a><\/li>\n<li><a href=\"https:\/\/www.goconqr.com\/es\/aprender\/espanol-para-extranjeros-recursos-ele\/\">Espa\u00f1ol para Extranjeros &#8211; Recursos ELE<\/a><\/li>\n<li><a href=\"https:\/\/www.fidescu.org\/\">FIDESCU<\/a>: Fundaci\u00f3n para la investigaci\u00f3n y desarrollo de la cultura espa\u00f1ola<\/li>\n<li><a href=\"https:\/\/foco.usal.es\/\">FOCO<\/a>: espacio colaborativo<\/li>\n<li><a href=\"https:\/\/formacionele.com\/\">Formaci\u00f3nele<\/a>: elearning para profesores de espa\u00f1ol<\/li>\n<li><a href=\"http:\/\/formespa.rediris.es\/\">Formespa<\/a>: espacio de colaboraci\u00f3n<\/li>\n<li><a href=\"https:\/\/www.dis.ulpgc.es\/contenido\/investigacion\/\" target=\"_blank\" rel=\"noopener noreferrer\">Grupo de Estructuras de Datos y Ling\u00fc\u00edstica Computacional<\/a><\/li>\n<li><a href=\"https:\/\/hablacultura.com\/\">Hablacultura<\/a>: recursos para estudiantes y profesores de espa\u00f1ol<\/li>\n<li><a href=\"https:\/\/hablametodo.com\/\">Habla m\u00e9todo: <\/a>curso en l\u00ednea<\/li>\n<li><a href=\"http:\/\/www.hispanoteca.eu\/\">Hispanoteca<\/a>: lengua y cultras hispanas<\/li>\n<li><a href=\"https:\/\/www.educacionfpydeportes.gob.es\/belgica\/publicaciones-materiales.html\">Infoasesor\u00eda<\/a> (Bruselas)<\/li>\n<li><a href=\"https:\/\/infografiasencastellano.com\/\">Infograf\u00edas<\/a><\/li>\n<li><a href=\"https:\/\/examenes.cervantes.es\/es\/dele\/examenes\/a1\">Instituto Cervantes: materiales para ex\u00e1menes DELE<\/a><\/li>\n<li><a href=\"https:\/\/www.laclasedeele.com\/\">La Clase de ELE<\/a><\/li>\n<li><a href=\"https:\/\/superlapiz.com\/\">Super L\u00e1piz<\/a>: materiales<\/li>\n<li><a href=\"https:\/\/eledelengua.com\/\">Ldelengua<\/a>: un podcast sobre la ense\u00f1anza del espa\u00f1ol y la web 2.0<\/li>\n<li><a href=\"https:\/\/leer.es\/\">leer.es<\/a> pretende transmitir el entusiasmo por la lectura y animar a su pr\u00e1ctica, as\u00ed como aportar materiales y consejos para los docentes y las familias<\/li>\n<li><a href=\"https:\/\/cvc.cervantes.es\/ensenanza\/biblioteca_ele\/marco\/\">Marco com\u00fan europeo de referencia para las lenguas<\/a><\/li>\n<li><a href=\"https:\/\/nosolodeyod.blogspot.com\/\">No solo de yod<\/a>: blog sobre la historia de la lengua<\/li>\n<li><a href=\"https:\/\/www.profedeele.es\/\">ProfeDeELE<\/a><\/li>\n<li><a href=\"https:\/\/www.profe-de-espanol.de\/\">Profe-de-espa\u00f1ol.de<\/a><\/li>\n<li><a href=\"https:\/\/profesorescreativos.es\/recursos-de-ele\/\">Profesores creativos: recursos de ELE<\/a><\/li>\n<li><a href=\"https:\/\/profesoresdeele.org\/\">Profesores de ELE<\/a><\/li>\n<li><a href=\"https:\/\/profevio.wordpress.com\/\">ProfeVio<\/a><\/li>\n<li><a href=\"https:\/\/intef.educacion.es\/\">Recursos TIC<\/a><\/li>\n<li><a href=\"https:\/\/www.educacionfpydeportes.gob.es\/mc\/redele\/revistaredele.html\" target=\"_blank\" rel=\"noopener noreferrer\">RedELE<\/a>: red electr\u00f3nica y did\u00e1ctica del espa\u00f1ol como lengua extranjera<\/li>\n<li><a href=\"https:\/\/e-le.es\/\">Red social eLe<\/a><\/li>\n<li><a href=\"https:\/\/www.rutaele.es\/\">Rutaele<\/a>: revista y materiales<\/li>\n<li><a href=\"https:\/\/www.santillanaele.com\/\">Santillana ELE<\/a>: materiales de ense\u00f1anza de espa\u00f1ol lengua extranjera<\/li>\n<li><a href=\"https:\/\/www.spanish4teachers.org\/\">Spanish4Teachers<\/a>: recursos gratuitos para profesores<\/li>\n<li><a href=\"https:\/\/teachers.net\/mentors\/spanish\/\" target=\"_blank\" rel=\"noopener noreferrer\">Spanish Teachers Chatboard<\/a><\/li>\n<li><a href=\"https:\/\/www.ticele.es\/\">Ticele<\/a>: formaci\u00f3n y materiales ELE<\/li>\n<li><a href=\"https:\/\/www.todoele.net\/\">TodoEle<\/a>: sitio por y para profesores de espa\u00f1ol<\/li>\n<\/ul>\n<\/li>\n<\/ul>\n","protected":false},"excerpt":{"rendered":"<p>Materiales de clase abcdeEle Arche-Ele Aulaintercultural Clases ELE Didactica Didactilang ELEcreaci\u00f3n iSLCollective: hojas de trabajo Super L\u00e1piz MarcoEle Mundo ELE Profe.Social: social network and resources for teachers Profesor Plans: ELE RedELE Rockalingua: music based Spanish leaning &#8211; for kids Ruta ELE Spanish Unicorn TodoEle VideoEle Wolfgang Versteker Zambombazo Materiales en<\/p>\n","protected":false},"author":1,"featured_media":0,"parent":0,"menu_order":0,"comment_status":"closed","ping_status":"closed","template":"","meta":{"iawp_total_views":52,"footnotes":"","_wp_rev_ctl_limit":""},"class_list":["post-13870","page","type-page","status-publish","hentry"],"publishpress_future_action":{"enabled":false,"date":"2026-05-07 15:48:13","action":"change-status","newStatus":"draft","terms":[],"taxonomy":"","extraData":[]},"publishpress_future_workflow_manual_trigger":{"enabledWorkflows":[]},"_links":{"self":[{"href":"https:\/\/hlrnet.com\/sites\/alt164\/wp-json\/wp\/v2\/pages\/13870","targetHints":{"allow":["GET"]}}],"collection":[{"href":"https:\/\/hlrnet.com\/sites\/alt164\/wp-json\/wp\/v2\/pages"}],"about":[{"href":"https:\/\/hlrnet.com\/sites\/alt164\/wp-json\/wp\/v2\/types\/page"}],"author":[{"embeddable":true,"href":"https:\/\/hlrnet.com\/sites\/alt164\/wp-json\/wp\/v2\/users\/1"}],"replies":[{"embeddable":true,"href":"https:\/\/hlrnet.com\/sites\/alt164\/wp-json\/wp\/v2\/comments?post=13870"}],"version-history":[{"count":4,"href":"https:\/\/hlrnet.com\/sites\/alt164\/wp-json\/wp\/v2\/pages\/13870\/revisions"}],"predecessor-version":[{"id":27621,"href":"https:\/\/hlrnet.com\/sites\/alt164\/wp-json\/wp\/v2\/pages\/13870\/revisions\/27621"}],"wp:attachment":[{"href":"https:\/\/hlrnet.com\/sites\/alt164\/wp-json\/wp\/v2\/media?parent=13870"}],"curies":[{"name":"wp","href":"https:\/\/api.w.org\/{rel}","templated":true}]}}