{"id":13864,"date":"2019-11-28T20:38:56","date_gmt":"2019-11-28T20:38:56","guid":{"rendered":"https:\/\/hlrnet.com\/sites\/alt164\/?page_id=13864"},"modified":"2025-06-23T14:54:50","modified_gmt":"2025-06-23T14:54:50","slug":"asociaciones-de-profesores-ele-y-revistas-de-ele","status":"publish","type":"page","link":"https:\/\/hlrnet.com\/sites\/alt164\/asociaciones-de-profesores-ele-y-revistas-de-ele\/","title":{"rendered":"Asociaciones de profesores ELE y revistas de ELE"},"content":{"rendered":"<ul>\n<li>Asociaciones de profesores ELE (incluyendo las de hispanistas, porque en muchas pa\u00edses se confunden) (ver tambi\u00e9n lista de <a href=\"https:\/\/www.hablandodeele.com\/profesor\/asociaciones-de-ele-2\/\">hablandodeele<\/a>)\n<ul>\n<li><a href=\"https:\/\/www.aape.at\/\" target=\"_blank\" rel=\"noopener noreferrer\">AAPE<\/a> &#8211; Asociaci\u00f3n austr\u00edaca de profesores de espa\u00f1ol<\/li>\n<li><a href=\"https:\/\/www.aatsp.org\/\" target=\"_blank\" rel=\"noopener noreferrer\">AATSP<\/a> &#8211; American Association of Teachers of Spanish and Portuguese<\/li>\n<li><a href=\"https:\/\/www.hispanistas.ca\/\">ACH<\/a> &#8211; Asociaci\u00f3n Canadiense de Hispanistas<\/li>\n<li><a href=\"https:\/\/www.aeal.eu\/\">AEAL<\/a> &#8211; Asociaci\u00f3n para el Estudio de la Adquisici\u00f3n del Lenguaje<\/li>\n<li><a href=\"https:\/\/www.aepe.eu\/\" target=\"_blank\" rel=\"noopener noreferrer\">AEPE<\/a> &#8211; Asociaci\u00f3n europea de profesores de espa\u00f1ol<\/li>\n<li><a href=\"http:\/\/www.aelfe.org\/\">AELFE<\/a> &#8211; Asociaci\u00f3n europea de lenguas para fines espec\u00edficos<\/li>\n<li><a href=\"http:\/\/www.ahpe.hu\/\">AHPE<\/a> &#8211; Asociaci\u00f3n H\u00fangara de Profesores de Espa\u00f1ol<\/li>\n<li><a href=\"http:\/\/ahisrael.org\/\">AHI<\/a> &#8211; Asociaci\u00f3n de Hispanistas de Israel<\/li>\n<li><a href=\"https:\/\/asociacioninternacionaldehispanistas.org\/\">AIH<\/a> &#8211; Asociaci\u00f3n Internacional de Hispanistas<\/li>\n<li><a href=\"https:\/\/ahiucr.org.ua\/\">Asociaci\u00f3n de Hispanistas de Ucrania<\/a><\/li>\n<li><a href=\"https:\/\/www.anpe.no\/\">ANPE<\/a> &#8211; Asociaci\u00f3n Noruega de Profesores de Espa\u00f1ol<\/li>\n<li><a href=\"https:\/\/www.apeeau.com\/\">APEEAU<\/a> &#8211; Asociaci\u00f3n de Profesores de Espa\u00f1ol en Emiratos \u00c1rabes Unidos<\/li>\n<li><a href=\"https:\/\/spansklararforeningen.se\/\">APEOS<\/a> &#8211; Asociaci\u00f3n de profesores de espa\u00f1ol del oeste de Suecia\u00a0| Spanskl\u00e4rarf\u00f6reningen i V\u00e4stra Sverige<\/li>\n<li><a href=\"https:\/\/apeq-ca.blogspot.ca\/\">APEQ<\/a> &#8211; Asociaci\u00f3n de profesores de espa\u00f1ol de Quebec<\/li>\n<li><a href=\"https:\/\/apemg.org\/\">APEGM<\/a> &#8211; Asociaci\u00f3n de Profesores de espa\u00f1ol de Minas Gerais<\/li>\n<li><a href=\"http:\/\/www.apes.edu.rs\/\">APES<\/a> &#8211; Asociaci\u00f3n de Profesores de espa\u00f1ol en Serbia<\/li>\n<li><a href=\"https:\/\/www.facebook.com\/groups\/1056720331199732\">APESCI &#8211; Association des professeurs d&#8217;espagnol du secondaire de C\u00f4te d&#8217;Ivoire<\/a><\/li>\n<li><a href=\"https:\/\/www.facebook.com\/profile.php?id=100066690232401\">APET<\/a> &#8211; Asociaci\u00f3n de profesores de espa\u00f1ol de T\u00fanez<\/li>\n<li><a href=\"https:\/\/www.asele.org\/\">ASELE<\/a> &#8211; Asociaci\u00f3n para la ense\u00f1anza del espa\u00f1ol como lengua extranjera<\/li>\n<li><a href=\"https:\/\/asesge.org\/\">ASESGE<\/a> &#8211; Asociaci\u00f3n de Estudiantes de Guinea Ecuatorial<\/li>\n<li><a href=\"https:\/\/www.asetrad.org\/\">ASETRAD<\/a> &#8211; Asociaci\u00f3n espa\u00f1ola de traductores, correctores e int\u00e9rpretes<\/li>\n<li><a href=\"https:\/\/www.asilim.org\/\">ASILIM<\/a> &#8211; Asociaci\u00f3n para la Integraci\u00f3n Ling\u00fc\u00edstica del Inmigrante en Madrid<\/li>\n<li><a href=\"https:\/\/ahiucr.org.ua\/\">Asociaci\u00f3n de Hispanistas de Ucrania<\/a><\/li>\n<li><a href=\"https:\/\/www.suomenespanjanopettajat.fi\/\">Asociaci\u00f3n de profesores de espa\u00f1ol en Finlandia<\/a><\/li>\n<li><a href=\"https:\/\/athtaiwan.org\/\">ATH Taiwan &#8211; Asociaci\u00f3n taiwanesa de hispanistas<\/a><\/li>\n<li><a href=\"https:\/\/atsirlanda.com\/\">ATS Ireland<\/a><\/li>\n<li><a href=\"https:\/\/aus-ape.cz\/\">AUS APE<\/a> &#8211; Asociaci\u00f3n de Profesores de espa\u00f1ol de la Rep\u00fablica Checa<\/li>\n<li><a href=\"https:\/\/www.canela.org.es\/\">CANELA &#8211; Confederaci\u00f3n Acad\u00e9mica Nipona, Espa\u00f1ola y Latinomericana<\/a><\/li>\n<li><a href=\"https:\/\/www.eleuk.org\/\">ELE-UK<\/a><\/li>\n<li><a href=\"https:\/\/www.fiape.org\/\" target=\"_blank\" rel=\"noopener noreferrer\">FIAPE<\/a> &#8211; Federaci\u00f3n Internacional de Profesores de Espa\u00f1ol<\/li>\n<li><a href=\"https:\/\/hispanismoruso.ru\/\">Hispanismo ruso<\/a> &#8211; asociaci\u00f3n de Rusia<\/li>\n<li><a href=\"https:\/\/www.hispanorama.de\/\">hispanorama.de<\/a> &#8211; Asociaci\u00f3n alemana de profesores de espa\u00f1ol<\/li>\n<li><a href=\"https:\/\/www.facebook.com\/groups\/173636399670703\/about\/\">Pea\u00b2<\/a> &#8211; Asociaci\u00f3n de Profesores de Espa\u00f1ol de Aqu\u00ed y all\u00e1 (\u00c1frica)<\/li>\n<li><a href=\"https:\/\/www.facebook.com\/Red-De-Asociaciones-Sudamericanas-De-Profesores-De-espa%C3%B1ol-105447804396257\/\">Red de Asociaciones Sudamericanas de Profesores de Espa\u00f1ol<\/a><\/li>\n<li><a href=\"https:\/\/www.sbpe.info\/\" target=\"_blank\" rel=\"noopener noreferrer\">SBPE<\/a> &#8211; Sociedad belga de profesores de espa\u00f1ol<\/li>\n<li><a href=\"http:\/\/sdus.si\/\">SDUS<\/a> &#8211; Profesores de espa\u00f1ol en Eslovenia<\/li>\n<li><a href=\"https:\/\/www.tremedica.org\/\">TREM\u00c9DICA &#8211; Asociaci\u00f3n Internacional de Traductores y Redactores de Medicina y Ciencias Afines<\/a><\/li>\n<li><a href=\"https:\/\/www.vdsn.nl\/\">VDSN<\/a> &#8211; Vereniging Docenten Spaans in Nederland<\/li>\n<li><a href=\"https:\/\/www.vsg-aspe.ch\/\">VSG-ASPE<\/a> &#8211; Asociaci\u00f3n Suiza de Profesores de Espa\u00f1ol<\/li>\n<\/ul>\n<\/li>\n<li>Revistas de EELE\n<ul>\n<li><a href=\"https:\/\/www.archiletras.com\/\">Archiletras<\/a><\/li>\n<li><a href=\"https:\/\/www.cervantesvirtual.com\/portales\/faspe\/revista_calamo_indice\/\">C\u00e1lamo: revista de la FASPE (Federaci\u00f3n de Asociaciones de Profesores de Espa\u00f1ol)<\/a><\/li>\n<li><a href=\"https:\/\/www.cuadernoscervantes.com\/\" target=\"_blank\" rel=\"noopener noreferrer\">Cuadernos Cervantes<\/a><\/li>\n<li><a href=\"https:\/\/e-leando.web.uah.es\/\">E-eleando<\/a><\/li>\n<li><a href=\"https:\/\/www.ucm.es\/info\/especulo\" target=\"_blank\" rel=\"noopener noreferrer\">Esp\u00e9culo<\/a> (Universidad Complutense)<\/li>\n<li><a href=\"https:\/\/www.arcomuralla.com\/detalle_libro.php?id=923\">Espa\u00f1ol actual<\/a><\/li>\n<li><a href=\"https:\/\/www.e-journall.org\/\">e-JournALL e-Journal of Applied Linguistics and Languages<\/a><\/li>\n<li><a href=\"https:\/\/cvc.cervantes.es\/literatura\/esedll\/\">e-SEDLL<\/a>: colaboraci\u00f3n entre la Sociedad Espa\u00f1ola de Did\u00e1ctica de la Lengua y la Literatura (SEDLL) y el Instituto Cervantes<\/li>\n<li><a href=\"https:\/\/www.aatsp.org\/?page=Hispania\" target=\"_blank\" rel=\"noopener noreferrer\">Hispania<\/a><\/li>\n<li><a href=\"https:\/\/www.tandfonline.com\/toc\/rslt20\/current\">JSLT &#8211; Journal of Spanish Language Teaching<\/a><\/li>\n<li><a href=\"https:\/\/www.marcoele.com\/\">MarcoELE<\/a><\/li>\n<li><a href=\"https:\/\/www.educacion.gob.es\/belgica\/publicaciones-materiales\/publicaciones.html\">Mosaico<\/a><\/li>\n<li><a href=\"https:\/\/apliut.revues.org\/\">Recherche et pratiques p\u00e9dagogiques en langues de sp\u00e9cialit\u00e9 : revue de l&#8217;Association des Professeurs de Langues des Instituts Universitaires de Technologie (APLIUT)<\/a><\/li>\n<li><a href=\"https:\/\/relinguistica.azc.uam.mx\/\">ReLig\u00fc\u00edstica Aplicada<\/a><\/li>\n<li><a href=\"https:\/\/www.scielo.cl\/scielo.php?script=sci_serial&amp;pid=0718-4883&amp;lng=es&amp;nrm=iso\">RLA. Revista de Ling\u00fc\u00edstica Te\u00f3rica Aplicada<\/a><\/li>\n<li><a href=\"https:\/\/www.rutaele.es\/\">Ruta ELE<\/a>: revista digital para profesores de ELE<\/li>\n<li><a href=\"https:\/\/p3.usal.edu.ar\/\">Signos ELE: Revista de Espa\u00f1ol como Lengua Extranjera <\/a><\/li>\n<li><a href=\"https:\/\/www.sinoele.org\/\">SinoELE<\/a>: revista de ense\u00f1anza de espa\u00f1ol como lengua extranjera a hablantes de chino<\/li>\n<li><a href=\"https:\/\/www.bbk.ac.uk\/tecla\/\" target=\"_blank\" rel=\"noopener noreferrer\">Tecla<\/a><\/li>\n<\/ul>\n<\/li>\n<li>Formaciones\n<ul>\n<li>Inicial (aparte de las universidades)<\/li>\n<li><a href=\"https:\/\/educaspain.com\/formacion\/\">Educaspain<\/a><\/li>\n<li><a href=\"https:\/\/eleinternacional.com\/\">ELE Internacional<\/a><\/li>\n<li><a href=\"https:\/\/certificadoele.com\/\">Oxford House<\/a><\/li>\n<li>Continua<\/li>\n<li><a href=\"https:\/\/www.educacionyfp.gob.es\/mc\/redele\/formacion.html\">Acci\u00f3n educativa<\/a><\/li>\n<li><a href=\"https:\/\/formacionele.com\/\">Formaci\u00f3n ELE<\/a> (International House)<\/li>\n<li><a href=\"https:\/\/cfp.cervantes.es\/\">Instituto Cervantes: Formaci\u00f3n de profesores<\/a><\/li>\n<li><a href=\"https:\/\/spanishinstitute.net\/es\/cursos-de-espanol\/formacion-profesores\/\">Spanish Institute<\/a><\/li>\n<li><a href=\"https:\/\/cursosinternacionales.usal.es\/es\/curso-para-profesores-de-ele\">Universidad de Salamanca<\/a><\/li>\n<li>La lista de <a href=\"https:\/\/www.todoele.net\/cursos\">Todoele<\/a><\/li>\n<\/ul>\n<\/li>\n<li>A ver tambi\u00e9n:\n<ul>\n<li><a href=\"https:\/\/didacticadeele.com\/\">Did\u00e1ctica de ELE<\/a><\/li>\n<li><a href=\"https:\/\/brill.com\/display\/serial\/FORO\">Foro hisp\u00e1nico<\/a>: serie de libros revistos por pares<\/li>\n<li><a href=\"https:\/\/spanish2go.online\/\">Spanish2go<\/a><\/li>\n<\/ul>\n<\/li>\n<\/ul>\n<div id=\"simple-translate\" class=\"simple-translate-system-theme\">\n<div>\n<div class=\"simple-translate-button isShow\" style=\"background-image: url('moz-extension:\/\/37e44441-594c-4b50-b456-e2df16779982\/icons\/512.png'); height: 22px; width: 22px; top: 459px; left: 76px;\"><\/div>\n<div class=\"simple-translate-panel \" style=\"width: 300px; height: 200px; top: 0px; left: 0px; font-size: 13px;\">\n<div class=\"simple-translate-result-wrapper\" style=\"overflow: hidden;\">\n<div class=\"simple-translate-move\" draggable=\"true\"><\/div>\n<div class=\"simple-translate-result-contents\">\n<p class=\"simple-translate-result\" dir=\"auto\">\n<p class=\"simple-translate-candidate\" dir=\"auto\">\n<\/div>\n<\/div>\n<\/div>\n<\/div>\n<\/div>\n","protected":false},"excerpt":{"rendered":"<p>Asociaciones de profesores ELE (incluyendo las de hispanistas, porque en muchas pa\u00edses se confunden) (ver tambi\u00e9n lista de hablandodeele) AAPE &#8211; Asociaci\u00f3n austr\u00edaca de profesores de espa\u00f1ol AATSP &#8211; American Association of Teachers of Spanish and Portuguese ACH &#8211; Asociaci\u00f3n Canadiense de Hispanistas AEAL &#8211; Asociaci\u00f3n para el Estudio de<\/p>\n","protected":false},"author":1,"featured_media":0,"parent":0,"menu_order":0,"comment_status":"closed","ping_status":"closed","template":"","meta":{"iawp_total_views":41,"footnotes":"","_wp_rev_ctl_limit":""},"class_list":["post-13864","page","type-page","status-publish","hentry"],"publishpress_future_action":{"enabled":false,"date":"2026-05-04 05:48:00","action":"change-status","newStatus":"draft","terms":[],"taxonomy":"","extraData":[]},"publishpress_future_workflow_manual_trigger":{"enabledWorkflows":[]},"_links":{"self":[{"href":"https:\/\/hlrnet.com\/sites\/alt164\/wp-json\/wp\/v2\/pages\/13864","targetHints":{"allow":["GET"]}}],"collection":[{"href":"https:\/\/hlrnet.com\/sites\/alt164\/wp-json\/wp\/v2\/pages"}],"about":[{"href":"https:\/\/hlrnet.com\/sites\/alt164\/wp-json\/wp\/v2\/types\/page"}],"author":[{"embeddable":true,"href":"https:\/\/hlrnet.com\/sites\/alt164\/wp-json\/wp\/v2\/users\/1"}],"replies":[{"embeddable":true,"href":"https:\/\/hlrnet.com\/sites\/alt164\/wp-json\/wp\/v2\/comments?post=13864"}],"version-history":[{"count":4,"href":"https:\/\/hlrnet.com\/sites\/alt164\/wp-json\/wp\/v2\/pages\/13864\/revisions"}],"predecessor-version":[{"id":26634,"href":"https:\/\/hlrnet.com\/sites\/alt164\/wp-json\/wp\/v2\/pages\/13864\/revisions\/26634"}],"wp:attachment":[{"href":"https:\/\/hlrnet.com\/sites\/alt164\/wp-json\/wp\/v2\/media?parent=13864"}],"curies":[{"name":"wp","href":"https:\/\/api.w.org\/{rel}","templated":true}]}}