{"id":11796,"date":"2018-04-19T17:15:36","date_gmt":"2018-04-19T17:15:36","guid":{"rendered":"http:\/\/hlrnet.com\/sites\/alt164\/?page_id=11796"},"modified":"2026-02-14T20:24:32","modified_gmt":"2026-02-14T20:24:32","slug":"el-catalan-en-internet","status":"publish","type":"page","link":"https:\/\/hlrnet.com\/sites\/alt164\/el-catalan-en-internet\/","title":{"rendered":"El catal\u00e1n en internet"},"content":{"rendered":"<ul>\n<li>El dominio .CAT<\/li>\n<li><a href=\"https:\/\/www.3xl.cat\/\" target=\"_blank\" rel=\"noopener noreferrer\">3XL<\/a>: comunitat juvenil<\/li>\n<li>Actualidad\n<ul>\n<li><a href=\"https:\/\/www.3cat24.cat\/\">3cat24<\/a><\/li>\n<li><a href=\"https:\/\/www.noticies.cat\/\" target=\"_blank\" rel=\"noopener noreferrer\">Ag\u00e8ncia Catalana de Not\u00edcies<\/a><\/li>\n<li><a href=\"https:\/\/www.elpuntavui.cat\" target=\"_blank\" rel=\"noopener noreferrer\">Avui<\/a><\/li>\n<li><a href=\"https:\/\/www.catradio.cat\/\" target=\"_blank\" rel=\"noopener noreferrer\">Catalunya Radio<\/a><\/li>\n<li><a href=\"https:\/\/www.diaridegirona.cat\/\" target=\"_blank\" rel=\"noopener noreferrer\">Diari de Girona<\/a><\/li>\n<li><a href=\"https:\/\/www.eldimoni.com\/\" target=\"_blank\" rel=\"noopener noreferrer\">El Dimoni de Santa Eug\u00e8nia de Ter<\/a><\/li>\n<li><a href=\"https:\/\/www.elnacional.cat\/\">El Nacional<\/a><\/li>\n<li><a href=\"https:\/\/www.ebredigital.cat\/\">Ebre digital<\/a><\/li>\n<li><a href=\"https:\/\/www.e-noticies.cat\/\" target=\"_blank\" rel=\"noopener noreferrer\">E-Not\u00edcies<\/a><\/li>\n<li><a href=\"https:\/\/www.elpunt.cat\/\" target=\"_blank\" rel=\"noopener noreferrer\">El Punt<\/a><\/li>\n<li><a href=\"https:\/\/www.regio7.cat\/\" target=\"_blank\" rel=\"noopener noreferrer\">Regi\u00f3 7<\/a><\/li>\n<li><a href=\"https:\/\/www.segre.com\/\" target=\"_blank\" rel=\"noopener noreferrer\">El Segre<\/a><\/li>\n<li><a href=\"https:\/\/www.tv3.cat\/\">TV3<\/a><\/li>\n<\/ul>\n<\/li>\n<li><a href=\"https:\/\/www.abecedaris.blogspot.com\/\">Abecedaris<\/a>: impressions, del dia a dia a les classes, que volen ser compartides<\/li>\n<li><a href=\"http:\/\/www.sorolls.org\/\">Associaci\u00f3 Catalana contra la Contaminaci\u00f3 Ac\u00fastica<\/a><\/li>\n<li><a href=\"https:\/\/www.catalaonline.com\/\">Catal\u00e1 online: escuela virtual<\/a><\/li>\n<li><a href=\"https:\/\/dcvb.iec.cat\/\">Diccionari catal\u00e0-valenci\u00e0-balear<\/a><\/li>\n<li><a href=\"https:\/\/www.edu365.cat\/\">Edu365<\/a><\/li>\n<li><a href=\"http:\/\/www.ub.es\/slc\/socio\/inflink.htm\" target=\"_blank\" rel=\"noopener noreferrer\">Enlla\u00e7os a altres webs d&#8217;informaci\u00f3 sobre la llengua catalana<\/a> (UB)<\/li>\n<li><a href=\"https:\/\/www.ensiola.cat\/\">Ensiola Editorial<\/a><\/li>\n<li><a href=\"https:\/\/www.folc.cat\/\" target=\"_blank\" rel=\"noopener noreferrer\">FOLC- Federaci\u00f3 d&#8217;Organitzacions per la Llengua Catalana<\/a><\/li>\n<li><a href=\"https:\/\/www.gencat.cat\/\">Generalitat de Catalunya<\/a><\/li>\n<li><a href=\"https:\/\/www.granangular.cat\/\">Granangular<\/a> (TVE Catalunya)<\/li>\n<li><a href=\"https:\/\/www.idescat.cat\/\">Idescat<\/a>: Institut d&#8217;Estad\u00edstica de Catalunya<\/li>\n<li>Lengua \/ ling\u00fc\u00edstica\n<ul>\n<li><a href=\"https:\/\/www.ehumanista.ucsb.edu\/\">eHumanista<\/a><\/li>\n<li><a href=\"https:\/\/revistes.iec.cat\/index.php\/LLiL\/index\">Llengua i literatura<\/a><\/li>\n<\/ul>\n<\/li>\n<li><a href=\"https:\/\/www.iec.cat\/\">Institut d&#8217;Estudis Catalans<\/a><\/li>\n<li><a href=\"https:\/\/www.mossos.net\/\">Mossos d&#8217;esquadra<\/a><\/li>\n<li><a href=\"https:\/\/www.meam.es\/\">Museu Europeu d&#8217;Art Modern<\/a><\/li>\n<li><a href=\"https:\/\/www.mhcat.cat\/\">Museu d&#8217;Hist\u00f2ria de Catalunya<\/a><\/li>\n<li><a href=\"https:\/\/www.rtve.es\/\" target=\"_blank\" rel=\"noopener noreferrer\">R\u00e0dio 4<\/a><\/li>\n<li><a href=\"https:\/\/www.softcatala.org\/\">SoftCala<\/a>: organizaci\u00f3n que provee versiones en catal\u00e1n de productos inform\u00e1ticos<\/li>\n<li><a href=\"https:\/\/www.som-hi.com\/\">Som-hi (buscador)<\/a><\/li>\n<li>Televisi\u00f3n\n<ul>\n<li><a href=\"https:\/\/www.rtve.es\/television\/aquiparlem\/\">Aqu\u00ed parlem<\/a><\/li>\n<li><a href=\"https:\/\/www.rtve.es\/tve\/b\/elscaminsdelacalma\/\">Els camins de la calma<\/a><\/li>\n<li><a href=\"https:\/\/www.rtve.es\/television\/lescuines\/\">Les cuines dels nous catalans<\/a><\/li>\n<li><a href=\"https:\/\/www.rtve.es\/television\/linformatiu\/\">L&#8217;informatiu<\/a><\/li>\n<li><a href=\"https:\/\/www.rtve.es\/television\/elsnouscatalans\/\">Els nous catalans<\/a><\/li>\n<\/ul>\n<\/li>\n<li><a href=\"https:\/\/www.termcat.cat\/\">TERMCAT<\/a>: centro de terminolog\u00eda<\/li>\n<li><a href=\"https:\/\/www.uab.cat\/\" target=\"_blank\" rel=\"noopener noreferrer\">Universitat Aut\u00f2noma de Barcelona<\/a><\/li>\n<li><a href=\"https:\/\/biblioteca.uv.es\/valenciano\/recursos_electronicos\/llibres\/colec.php\">Universitat de Val\u00e8ncia: acc\u00e9s als llibres electr\u00f2nics<\/a><\/li>\n<li><a href=\"https:\/\/www.uoc.es\/\">UOD: Universitat Oberta de Catalunya<\/a><\/li>\n<li><a href=\"https:\/\/www.vilaweb.cat\/\">VilaWeb<\/a><\/li>\n<li><a href=\"https:\/\/ca.wikipedia.org\/\">Viquip\u00e8dia<\/a><\/li>\n<\/ul>\n<span class=\"last-modified-timestamp\">Feb 14, 2026 @ 8:24 pm<\/span>\n","protected":false},"excerpt":{"rendered":"<p>El dominio .CAT 3XL: comunitat juvenil Actualidad 3cat24 Ag\u00e8ncia Catalana de Not\u00edcies Avui Catalunya Radio Diari de Girona El Dimoni de Santa Eug\u00e8nia de Ter El Nacional Ebre digital E-Not\u00edcies El Punt Regi\u00f3 7 El Segre TV3 Abecedaris: impressions, del dia a dia a les classes, que volen ser compartides<\/p>\n","protected":false},"author":1,"featured_media":0,"parent":0,"menu_order":0,"comment_status":"closed","ping_status":"closed","template":"","meta":{"iawp_total_views":4,"footnotes":"","_wp_rev_ctl_limit":""},"class_list":["post-11796","page","type-page","status-publish","hentry"],"publishpress_future_action":{"enabled":false,"date":"2026-05-04 01:03:47","action":"change-status","newStatus":"draft","terms":[],"taxonomy":"","extraData":[]},"publishpress_future_workflow_manual_trigger":{"enabledWorkflows":[]},"_links":{"self":[{"href":"https:\/\/hlrnet.com\/sites\/alt164\/wp-json\/wp\/v2\/pages\/11796","targetHints":{"allow":["GET"]}}],"collection":[{"href":"https:\/\/hlrnet.com\/sites\/alt164\/wp-json\/wp\/v2\/pages"}],"about":[{"href":"https:\/\/hlrnet.com\/sites\/alt164\/wp-json\/wp\/v2\/types\/page"}],"author":[{"embeddable":true,"href":"https:\/\/hlrnet.com\/sites\/alt164\/wp-json\/wp\/v2\/users\/1"}],"replies":[{"embeddable":true,"href":"https:\/\/hlrnet.com\/sites\/alt164\/wp-json\/wp\/v2\/comments?post=11796"}],"version-history":[{"count":4,"href":"https:\/\/hlrnet.com\/sites\/alt164\/wp-json\/wp\/v2\/pages\/11796\/revisions"}],"predecessor-version":[{"id":27613,"href":"https:\/\/hlrnet.com\/sites\/alt164\/wp-json\/wp\/v2\/pages\/11796\/revisions\/27613"}],"wp:attachment":[{"href":"https:\/\/hlrnet.com\/sites\/alt164\/wp-json\/wp\/v2\/media?parent=11796"}],"curies":[{"name":"wp","href":"https:\/\/api.w.org\/{rel}","templated":true}]}}