{"id":11788,"date":"2018-04-19T17:14:22","date_gmt":"2018-04-19T17:14:22","guid":{"rendered":"http:\/\/hlrnet.com\/sites\/alt164\/?page_id=11788"},"modified":"2026-02-14T20:23:55","modified_gmt":"2026-02-14T20:23:55","slug":"cultura-con-n","status":"publish","type":"page","link":"https:\/\/hlrnet.com\/sites\/alt164\/cultura-con-n\/","title":{"rendered":"Cultura con \u00d1"},"content":{"rendered":"<ul>\n<li>En general\n<ul>\n<li><a href=\"https:\/\/www.almendron.com\/\">Almendr\u00f3n<\/a>: ventana sobre el mundo cultural, art\u00edstico y pol\u00edtico<\/li>\n<li><a href=\"https:\/\/aulaintercultural.org\/adam\/\">ADAM Aula Internacional: el portal de la educaci\u00f3n intercultural<\/a><\/li>\n<li><a href=\"https:\/\/arteviajero.com\/\">Arte viajero<\/a><\/li>\n<li><a href=\"https:\/\/www.babab.com\/\" target=\"\" rel=\"noopener noreferrer\">Babab, revista de cultura<\/a><\/li>\n<li><a href=\"https:\/\/www.culturainquieta.com\/\">Cultura inquieta<\/a><\/li>\n<li><a href=\"https:\/\/www.elcultural.es\/\">El Cultural: revista de actualidad cultural<\/a><\/li>\n<li><a href=\"https:\/\/dialektika.org\/\">Dialektika<\/a>: filosof\u00eda, cultura y sociedad<\/li>\n<li><a href=\"https:\/\/www.espinof.com\/\">Espinof<\/a><\/li>\n<li><a href=\"https:\/\/www.europeana.eu\/es\">Europeana<\/a>: patrimonio digital europeo<\/li>\n<li><a href=\"https:\/\/www.fidescu.org\/\">FIDESCU<\/a>: Fundaci\u00f3n para la investigaci\u00f3n y desarrollo de la cultura espa\u00f1ola<\/li>\n<li>La <a href=\"https:\/\/www.fmirobcn.org\/es\/\" target=\"_blank\" rel=\"noopener noreferrer\">Fundaci\u00f3n Juan Mir\u00f2<\/a><\/li>\n<li><a href=\"https:\/\/artsandculture.google.com\/project\/discover-spain?hl=es\">Google Arts &amp; Culture<\/a><\/li>\n<li><a href=\"https:\/\/hablacultura.com\/\">Hablacultura<\/a>: recursos para estudiantes y profesores de espa\u00f1ol<\/li>\n<li><a href=\"https:\/\/hispana.mcu.es\/\">Hispana<\/a>: directorio y recolector de recursos digitales<\/li>\n<li><a href=\"https:\/\/www.culturahispana.org\/\">Instituto de Cultura Hispana<\/a><\/li>\n<li><a href=\"https:\/\/www.liceus.com\/\" target=\"_blank\" rel=\"noopener noreferrer\">Liceus<\/a>: el portal de las humanidades<\/li>\n<li><a href=\"https:\/\/www.march.es\/\">Fundaci\u00f3n Juan March<\/a><\/li>\n<li><a href=\"https:\/\/malentendidosinterculturales.blogspot.com\/\">Malentendidos culturales<\/a><\/li>\n<li><a href=\"https:\/\/masdearte.com\/\">M\u00e1s de arte<\/a><\/li>\n<li><a href=\"https:\/\/www.culturaydeporte.gob.es\/\" target=\"_blank\" rel=\"noopener noreferrer\">Ministerio de Educaci\u00f3n y Cultura<\/a><\/li>\n<li><a href=\"https:\/\/www.nhccnm.org\/\">National Hispanic Cultural Center<\/a> (EEUU)<\/li>\n<li><a href=\"https:\/\/numerocero.es\/\">Numero Cero<\/a><\/li>\n<li><a href=\"https:\/\/cultura.elpais.com\/cultura\">El Pa\u00eds<\/a>\n<ul>\n<li><a href=\"https:\/\/cultura.elpais.com\/cultura\/babelia.html\">Babelia<\/a><\/li>\n<\/ul>\n<\/li>\n<li><a href=\"https:\/\/www.patrimonionacional.es\/\" target=\"_blank\" rel=\"noopener noreferrer\">Patrimonio Nacional<\/a><\/li>\n<li><a href=\"https:\/\/www.raicesdeeuropa.com\/\">Ra\u00edces de Europa<\/a><\/li>\n<li><a href=\"https:\/\/www.recursosculturales.com\/\">Recursos Culturales<\/a> (Buenos Aires, Argentina)<\/li>\n<li><a href=\"https:\/\/revistaseug.ugr.es\/index.php\/letral\">Revista Letral<\/a><\/li>\n<li><a href=\"https:\/\/www.revistaliberia.org\/\">Revista Liberia<\/a><\/li>\n<li><a href=\"http:\/\/www.proyectos.cchs.csic.es\/sefardiweb\/\">Sefardiweb. Nueva web acad\u00e9mica de estudios sefard\u00edes<\/a><\/li>\n<\/ul>\n<\/li>\n<li>La cultura de museos &#8211; el arte\n<ul>\n<li><a href=\"https:\/\/www.3minutosdearte.com\">3 minutos de arte<\/a><\/li>\n<li><a href=\"https:\/\/www.artelista.com\/\">Artelista<\/a>: arte en internet<\/li>\n<li><a href=\"https:\/\/www.centrocentro.org\/\">Centrocentro<\/a>: centro cultural en la madrile\u00f1a Plaza de Cibeles<\/li>\n<li><a href=\"https:\/\/www.entradas.com\/\">Entradas<\/a>: lista de museos y exposiciones por ciudad, con posibilidad de conseguir entradas en l\u00ednea<\/li>\n<li><a href=\"https:\/\/www.glosarioarquitectonico.com\/\">Glosario ilustrado de arte arquitect\u00f3nico<\/a><\/li>\n<li><a href=\"https:\/\/www.ivam.es\/\" target=\"_blank\" rel=\"noopener noreferrer\">Instituto Valenciano de Arte Moderno<\/a><\/li>\n<li><a href=\"https:\/\/www.fundaciotapies.org\/\" target=\"_blank\" rel=\"noopener noreferrer\">Fundaci\u00f3 Antoni T\u00e0pies<\/a><\/li>\n<li><a href=\"https:\/\/www.flg.es\/\" target=\"_blank\" rel=\"noopener noreferrer\">Fundaci\u00f3n L\u00e1zaro Galdiano<\/a><\/li>\n<li><a href=\"https:\/\/www.gaudeo.es\/\">Gaudeo<\/a>: galer\u00eda virtual de la Universidad de Oviedo<\/li>\n<li><a href=\"http:\/\/www.man.es\/\">Museo Arqueol\u00f3gico Nacional (MAN)<\/a><\/li>\n<li><a href=\"https:\/\/www.culturaydeporte.gob.es\/mnaltamira\/home.html\" target=\"_blank\" rel=\"noopener noreferrer\">Museo de Altamira<\/a><\/li>\n<li><a href=\"https:\/\/www.museobilbao.com\/\" target=\"_blank\" rel=\"noopener noreferrer\">Museo de Bellas Artes de Bilbao<\/a><\/li>\n<li><a href=\"https:\/\/www.cult.gva.es\/mbav\/\" target=\"_blank\" rel=\"noopener noreferrer\">Museo de Bellas Artes de Valencia<\/a><\/li>\n<li><a href=\"http:\/\/meiac.es\/\">Museo Extreme\u00f1o e Iberoamericano de Arte Contempor\u00e1neao (MEIAC)<\/a><\/li>\n<li><a href=\"https:\/\/www.culturaydeporte.gob.es\/mnescultura\/inicio.html\" target=\"_blank\" rel=\"noopener noreferrer\">Museo Nacional de Escultura<\/a> (Valladolid)<\/li>\n<li><a href=\"https:\/\/www.museoreinasofia.es\/\" target=\"_blank\" rel=\"noopener noreferrer\">Museo Nacional Centro de Arte Reina Sof\u00eda<\/a><\/li>\n<li><a href=\"https:\/\/www.museodelprado.es\/\" target=\"_blank\" rel=\"noopener noreferrer\">Museo Nacional del Prado<\/a><\/li>\n<li><a href=\"https:\/\/www.culturaydeporte.gob.es\/msorolla\/inicio.html\" target=\"_blank\" rel=\"noopener noreferrer\">Museo Sorolla<\/a><\/li>\n<li><a href=\"https:\/\/www.museothyssen.org\/\" target=\"_blank\" rel=\"noopener noreferrer\">Museo Thyssen-Bornemisza<\/a><\/li>\n<li><a href=\"https:\/\/www.mnac.es\/\" target=\"_blank\" rel=\"noopener noreferrer\">Museu Nacional d&#8217;Art de Catalunya<\/a><\/li>\n<li><a href=\"http:\/\/musmon.com\/es\">MUSMon<\/a>: audiogu\u00edas<\/li>\n<li><a href=\"https:\/\/www.epdlp.com\/\" target=\"_blank\" rel=\"noopener noreferrer\">El Poder de la Palabra<\/a><\/li>\n<li><a href=\"http:\/\/www.romanicoaragones.com\/\">Rom\u00e1nico aragon\u00e9s: gu\u00eda digital del rom\u00e1nico<\/a><\/li>\n<\/ul>\n<\/li>\n<li><a href=\"file:\/\/\/C:\/Users\/hlr\/OneDrive\/-MAIN-\/spmusi.htm\">La m\u00fasica<\/a><\/li>\n<li>Historia de la pintura y del arte\n<ul>\n<li><a href=\"https:\/\/www.artehistoria.com\/\" target=\"_blank\" rel=\"noopener noreferrer\">ArteHistoria<\/a><\/li>\n<li><a href=\"https:\/\/www.arteguias.com\/\" target=\"_blank\" rel=\"noopener noreferrer\">Arteguias: portal de arte rom\u00e1nico<\/a><\/li>\n<li><a href=\"file:\/\/\/C:\/Users\/hlr\/OneDrive\/-MAIN-\/arteromanico.htm\">Arte rom\u00e1nico<\/a> (hlrnet)<\/li>\n<li><a href=\"https:\/\/pintura.aut.org\/\" target=\"_blank\" rel=\"noopener noreferrer\">Ciudad de la pintura<\/a> (<a href=\"https:\/\/pintura.aut.org\/BU04?Autnum=11.073\">El Greco<\/a>, <a href=\"https:\/\/pintura.aut.org\/BU04?Autnum=11.122\" target=\"_blank\" rel=\"noopener noreferrer\">Vel\u00e1zquez<\/a>, <a href=\"https:\/\/pintura.aut.org\/BU04?Autnum=11.122\">Goya<\/a>)<\/li>\n<li><a href=\"https:\/\/www.cuscatla.com\/arte.htm\" target=\"_blank\" rel=\"noopener noreferrer\"><strong>Cuscatl\u00e1n: museo cibern\u00e9tico<\/strong><\/a><\/li>\n<li><a href=\"https:\/\/www.salvador-dali.org\/\">Fundaci\u00f3 Gala-Salvador Dal\u00ed<\/a><\/li>\n<li><a href=\"https:\/\/www.monografias.com\/trabajos13\/histarte\/histarte.shtml\">Historia del arte<\/a> (Monograf\u00edas.com)<\/li>\n<li><a href=\"https:\/\/es.wikipedia.org\/wiki\/Historia_del_arte\">Historia del arte<\/a> (Wikipedia)<\/li>\n<li><a href=\"https:\/\/goya.unizar.es\/\">InfoGoya &#8211; exposici\u00f3n virtual<\/a><\/li>\n<li><a href=\"https:\/\/www.museodelprado.es\/\">Museo del Prado<\/a><\/li>\n<li><a href=\"https:\/\/www.museothyssen.org\/\">Museo Thyssen<\/a><\/li>\n<li><a href=\"https:\/\/commons.wikimedia.org\/wiki\/Museo_del_Prado\">Wikimedia Commons: Museo del Prado<\/a><\/li>\n<\/ul>\n<\/li>\n<li>Relacionado\n<ul>\n<li><a href=\"https:\/\/www.amigosdelromanico.org\/\">Amigos del rom\u00e1nico<\/a><\/li>\n<\/ul>\n<\/li>\n<li>El camino de Santiago\n<ul>\n<li><a href=\"https:\/\/caminodesantiago.consumer.es\/\" target=\"_blank\" rel=\"noopener noreferrer\">Camino de Santiago<\/a>: etapas, albergues, monumentos (Eroski)<\/li>\n<li><a href=\"https:\/\/www.guiarte.com\/caminosantiago\/\" target=\"_blank\" rel=\"noopener noreferrer\">Camino de Santiago<\/a> (guiarte)<\/li>\n<li><a href=\"https:\/\/www.caminosantiago.com\/\" target=\"_blank\" rel=\"noopener noreferrer\">Caminosantiago.com<\/a><\/li>\n<li><a href=\"https:\/\/cvc.cervantes.es\/actcult\/camino_santiago\/\" target=\"_blank\" rel=\"noopener noreferrer\">Centro Virtual Cervantes: exposici\u00f3n virtual<\/a><\/li>\n<li><a href=\"https:\/\/www.demadridalcamino.org\/\" target=\"_blank\" rel=\"noopener noreferrer\">Asociaci\u00f3n de Amigos de los Caminos de Santiago de Madrid<\/a><\/li>\n<li><a href=\"https:\/\/www.caminosantiago.org\/\" target=\"_blank\" rel=\"noopener noreferrer\">Federaci\u00f3n espa\u00f1ola de Asociaciones de Amigos del Camino de Santiago<\/a><\/li>\n<li><a href=\"https:\/\/www.flickr.com\/groups\/caminosantiago\" target=\"_blank\" rel=\"noopener noreferrer\">Flickr: fotos<\/a><\/li>\n<li><a href=\"https:\/\/www.jacobeo.net\/\" target=\"_blank\" rel=\"noopener noreferrer\">Jacobeo.net<\/a>: informaci\u00f3n pr\u00e1ctica<\/li>\n<li><a href=\"https:\/\/www.mundicamino.com\/\" target=\"_blank\" rel=\"noopener noreferrer\">Mundicamino<\/a><\/li>\n<li><a href=\"https:\/\/albertosolana.wordpress.com\/\">Tradici\u00f3n Jacobea<\/a><\/li>\n<\/ul>\n<\/li>\n<li>El cine\n<ul>\n<li><a href=\"https:\/\/www.20minutos.es\/cine\/\">20 Minutos: cine<\/a><\/li>\n<li><a href=\"https:\/\/www.academiadecine.com\/\">Academia de cine<\/a><\/li>\n<li><a href=\"https:\/\/www.alcine.org\/\">Alcine<\/a>: festival de cine de Alcal\u00e1 de Henares<\/li>\n<li><a href=\"https:\/\/www.almodovarlandia.com\/\" target=\"_blank\" rel=\"noopener noreferrer\">AlmdovarLandia<\/a><\/li>\n<li><a href=\"http:\/\/aulacorto.mecd.gob.es\/\">Aulacorto<\/a>: portal de cine para colegios e institutos<\/li>\n<li><a href=\"https:\/\/solocortometrajes.blogspot.com\/\">El ba\u00fal del cortometraje<\/a><\/li>\n<li><a href=\"https:\/\/www.buscacine.com\/\" target=\"_blank\" rel=\"noopener noreferrer\">Buscacine<\/a><\/li>\n<li><a href=\"https:\/\/www.labutaca.net\/\" target=\"_blank\" rel=\"noopener noreferrer\">La Butaca<\/a><\/li>\n<li><a href=\"https:\/\/www.abc.es\/\" target=\"_blank\" rel=\"noopener noreferrer\">Cartelera de ABC<\/a><\/li>\n<li><a href=\"https:\/\/cinecam.wordpress.com\/\">Cine_Cam<\/a><\/li>\n<li><a href=\"https:\/\/cineconn.es\/\">Cine con \u00f1<\/a><br \/>\n<div class=\"wprss_ajax\" data-id=\"rss69f55d456a\"><img loading=\"lazy\" decoding=\"async\" src=\"https:\/\/hlrnet.com\/sites\/alt164\/wp-content\/plugins\/wp-rss-retriever\/inc\/imgs\/ajax-loader.gif\" alt=\"Loading RSS Feed\" width=\"16\" height=\"16\"><\/div><\/li>\n<li><a href=\"https:\/\/cineele.com\/\">CineELE<\/a>: actividades de ELE con audiovisuales<\/li>\n<li><a href=\"https:\/\/es.wikipedia.org\/wiki\/Cine_espa%C3%B1ol\">Cine espa\u00f1ol<\/a> (Wikipedia)<\/li>\n<li><a href=\"https:\/\/cinele.weebly.com\/\">cinele<\/a>: Cine, pedagog\u00eda cr\u00edtica y derechos humanos en clase de espa\u00f1ol en Francia<\/li>\n<li><span class=\"lpLexEntryName\"><a href=\"https:\/\/college.holycross.edu\/projects\/cineglos\/\">Cineglos<\/a> <\/span><span class=\"lpGlossSpanish\">es un glosario audiovisual de terminolog\u00eda cinematogr\u00e1fica dise\u00f1ado para estudiantes y profesores del cine en espa\u00f1ol<\/span><\/li>\n<li><a href=\"https:\/\/www.20minutos.es\/cinemania\/\">Cineman\u00eda | Cine, series, cr\u00edticas y mucho m\u00e1s<\/a><\/li>\n<li><a href=\"https:\/\/cineuropa.org\/index.aspx?lang=es\">CinEuropa<\/a>: lo mejor del cine europeo<\/li>\n<li><a href=\"https:\/\/cinescuela.org\/\">Cinescuela<\/a>: lleva el cine a tu aula<\/li>\n<li><a href=\"https:\/\/www.cinenacional.com\/\">Cine nacional<\/a> (AR)<\/li>\n<li><a href=\"https:\/\/www.cinesa.es\/\" target=\"_blank\" rel=\"noopener noreferrer\">Cinesa<\/a><\/li>\n<li><a href=\"https:\/\/cinesargentinos.com\/\">Cines argentinos<\/a><\/li>\n<li><a href=\"https:\/\/cortele.blogspot.com\/\">Cortele<\/a><\/li>\n<li><a href=\"https:\/\/cortosdemetraje.com\/\">Cortos de metraje<\/a><\/li>\n<li><a href=\"https:\/\/www.deaplaneta.com\/\">DeAPlaneta<\/a><\/li>\n<li><a href=\"https:\/\/efilm.online\/\">eFilm<\/a><\/li>\n<li><a href=\"https:\/\/www.elpais.com\/cine\/\">El cine en El Pa\u00eds<\/a><\/li>\n<li><a href=\"https:\/\/crucedecables.blogspot.com\/\">Cruce de cables<\/a><\/li>\n<li><a href=\"https:\/\/www.decine21.com\/\">DeCine21<\/a><\/li>\n<li><a href=\"https:\/\/concedecine.blogspot.com\/\">Con C de Cine<\/a><\/li>\n<li><a href=\"https:\/\/www.ecartelera.com\/\">e-cartelera<\/a><\/li>\n<li><a href=\"https:\/\/www.esquire.com\/es\/actualidad\/cine\/\">Esquire<\/a><\/li>\n<li><a href=\"https:\/\/www.gijonfilmfestival.com\/\">Festival Internacional de cine de Gij\u00f3n<\/a><\/li>\n<li><a href=\"https:\/\/www.filmaffinity.com\/es\/\">FilmAffinity<\/a><\/li>\n<li><a href=\"https:\/\/www.filmax.com\/\" target=\"_blank\" rel=\"noopener noreferrer\">Filmax<\/a><\/li>\n<li><a href=\"https:\/\/www.filmin.es\/\">Filmin<\/a>: cat\u00e1logo de pel\u00edculas y series, con suscripci\u00f3n<\/li>\n<li><a href=\"https:\/\/www.rtve.es\/filmoteca\/\">Filmoteca espa\u00f1ola<\/a> (RTVE)<\/li>\n<li><a href=\"https:\/\/flixole.com\/\">FlixOl\u00e9<\/a>: plataforma de cine espa\u00f1ol<\/li>\n<li><a href=\"https:\/\/www.fotogramas.es\/\" target=\"_blank\" rel=\"noopener noreferrer\">Fotogramas<\/a><\/li>\n<li><a href=\"https:\/\/www.golem.es\/\" target=\"_blank\" rel=\"noopener noreferrer\">Golem<\/a><\/li>\n<li><a href=\"https:\/\/www.hoyesarte.com\/\">Hoy es Arte<\/a><\/li>\n<li><a href=\"https:\/\/www.lahiguera.net\/\" target=\"_blank\" rel=\"noopener noreferrer\">LaHiguera<\/a>: m\u00fasica y cine<\/li>\n<li><a href=\"https:\/\/www.premiosgoya.com\/\">Premios Goya<\/a><\/li>\n<li><a href=\"https:\/\/www.rtve.es\/temas\/cine-espanol\/11911\/\">RTVE<\/a><\/li>\n<li><a href=\"https:\/\/www.antena3.com\/se-estrena\/\">Se estrena<\/a><\/li>\n<li><a href=\"https:\/\/www.elseptimoarte.net\/\">El s\u00e9ptimo arte<\/a><\/li>\n<li><a href=\"https:\/\/www.todoele.net\/\">TodoELE<\/a>: materiales para trabajar el cine en clase<\/li>\n<li><a href=\"https:\/\/trailersyestrenos.es\">Tr\u00e1ileres y estrenos<\/a><\/li>\n<li><a href=\"https:\/\/www.tucineportal.com\/\" target=\"_blank\" rel=\"noopener noreferrer\">TuCinePortal<\/a><\/li>\n<li><a href=\"https:\/\/es.cine.yahoo.com\/\" target=\"_blank\" rel=\"noopener noreferrer\">Yahoo Cine Espa\u00f1a<\/a> (tambi\u00e9n <a href=\"https:\/\/mx.movies.yahoo.com\/\" target=\"_blank\" rel=\"noopener noreferrer\">M\u00e9xico<\/a>)<\/li>\n<li><a href=\"https:\/\/www.zinema.com\/\" target=\"_blank\" rel=\"noopener noreferrer\">Zinema<\/a><\/li>\n<\/ul>\n<\/li>\n<li>El teatro\n<ul>\n<li><a href=\"https:\/\/www.adeteatro.com\/\">Asociaci\u00f3n de Directores de Escena de Espa\u00f1a<\/a><\/li>\n<\/ul>\n<\/li>\n<li>El flamenco\n<ul>\n<li><a href=\"https:\/\/www.centroandaluzdeflamenco.es\/\" target=\"_blank\" rel=\"noopener noreferrer\">Centro Andaluz de Flamenco<\/a><\/li>\n<li><a href=\"https:\/\/www.granadafestival.org\/\" target=\"_blank\" rel=\"noopener noreferrer\">Festival de Granada<\/a><\/li>\n<li><a href=\"https:\/\/www.red2000.com\/spain\/flamenco\/1index.html\" target=\"_blank\" rel=\"noopener noreferrer\">Flamenco<\/a> (red2000)<\/li>\n<li><a href=\"https:\/\/www.flamencoheeren.com\/\" target=\"_blank\" rel=\"noopener noreferrer\">Fundaci\u00f3n Cristina Heeren de Arte Flamenco<\/a><\/li>\n<li><a href=\"https:\/\/www.andalucia.org\/actividades-y-atracciones\/flamenco\/\" target=\"_blank\" rel=\"noopener noreferrer\">Gu\u00eda telem\u00e1tica del flamenco<\/a><\/li>\n<li><a href=\"https:\/\/www.horizonteflamenco.com\/\" target=\"_blank\" rel=\"noopener noreferrer\">Horizonte Flamenco<\/a><\/li>\n<li><a href=\"https:\/\/www.flamenco.no\/\" target=\"_blank\" rel=\"noopener noreferrer\">Pe\u00f1a flamenca noruega<\/a><\/li>\n<li><a href=\"file:\/\/\/C:\/Users\/hlr\/OneDrive\/-MAIN-\/spmusi.htm\">M\u00e1s sobre m\u00fasica<\/a> (hlrnet)<\/li>\n<\/ul>\n<\/li>\n<li>La tomatina\n<ul>\n<li><a href=\"https:\/\/turismolahoya.bu\u00f1ol.es\/la-tomatina\/\">Bu\u00f1ol Turismo<\/a><\/li>\n<li><a href=\"https:\/\/latomatina.info\/\">La Tomatina<\/a><\/li>\n<li><a href=\"https:\/\/tomatina.es\/\">Tomatina.es<\/a><\/li>\n<li><a href=\"https:\/\/tomatina.org\/\">Tomatina.org<\/a><\/li>\n<li><a href=\"http:\/\/www.tomatofestivalspain.com\/\">La tomatina Bu\u00f1ol<\/a><\/li>\n<li><a href=\"https:\/\/elpais.com\/noticias\/tomatina-bunol\/\">El Pa\u00eds<\/a><\/li>\n<li><a href=\"https:\/\/es.wikipedia.org\/wiki\/Tomatina\">Wikipedia<\/a><\/li>\n<\/ul>\n<\/li>\n<li>La feria de abril\n<ul>\n<li><a href=\"https:\/\/www.andalucia.org\/es\/feria-de-abril\">Andalucia.org<\/a><\/li>\n<li><a href=\"https:\/\/www.enforex.com\/espanol\/cultura\/feria-abril.html\">Enforex<\/a><\/li>\n<li><a href=\"https:\/\/sevillando.net\/feria-de-abril\/\">Guiajando<\/a><\/li>\n<li><a href=\"https:\/\/www.sevilla.org\/fiestas-de-la-ciudad\/feria-de-sevilla\">Sevilla.org<\/a><\/li>\n<li><a href=\"https:\/\/www.tripadvisor.es\/Attraction_Review-g187443-d15029306-Reviews-Portada_de_la_Feria_de_Abril-Seville_Province_of_Seville_Andalucia.html\">Tripadvisor<\/a><\/li>\n<li><a href=\"https:\/\/visitasevilla.es\/la-feria-de-abril\/\">Visita sevilla.es<\/a><\/li>\n<li><a href=\"https:\/\/es.wikipedia.org\/wiki\/Feria_de_Abril\">Wikipedia<\/a><\/li>\n<\/ul>\n<\/li>\n<li>Los toros\n<ul>\n<li><a href=\"https:\/\/www.elmundo.es\/Toros\/Artetoreo\/Elartedeltoreo.html\" target=\"_blank\" rel=\"noopener noreferrer\">El arte del toreo<\/a> (El Mundo)<\/li>\n<li><a href=\"https:\/\/www.avancetaurino.com\/\">Avance torero<\/a>: diario digital<\/li>\n<li><a href=\"https:\/\/www.burladerodos.com\/\" target=\"_blank\" rel=\"noopener noreferrer\">Burladerodos<\/a><\/li>\n<li><a href=\"https:\/\/www.carnavaldeltoro.es\/\">Carnaval del Toro<\/a> (Ciudad Rodrigo)<\/li>\n<li><a href=\"https:\/\/depitonapiton.blogspot.be\/\">De pit\u00f3n a pit\u00f3n<\/a><\/li>\n<li><a href=\"https:\/\/www.sergiogalan.com\/\" target=\"_blank\" rel=\"noopener noreferrer\">Sergio Gal\u00e1n <\/a><\/li>\n<li><a href=\"https:\/\/www.curro-romero.com\/\" target=\"_blank\" rel=\"noopener noreferrer\">Curro Romero<\/a><\/li>\n<li><a href=\"https:\/\/www.red2000.com\/spain\/toros\/\" target=\"_blank\" rel=\"noopener noreferrer\">Las corridas de toros<\/a>: lo que es, la historia, enlaces.<\/li>\n<li><a href=\"https:\/\/mundotoro.com\/\" target=\"_blank\" rel=\"noopener noreferrer\">MundoToro<\/a><\/li>\n<li><a href=\"http:\/\/www.museotaurinovalencia.es\/\">Museo taurino de Valencia<\/a><\/li>\n<li><a href=\"https:\/\/blogs.periodistadigital.com\/toros.php\">Periodista digital: toros<\/a><\/li>\n<li>Plazas\n<ul>\n<li><a href=\"https:\/\/www.realmaestranza.com\/\">Real Maestranza de Sevilla<\/a><\/li>\n<\/ul>\n<\/li>\n<li><a href=\"https:\/\/www.eltoro.org\/\" target=\"_blank\" rel=\"noopener noreferrer\">El Toro.org<\/a><\/li>\n<\/ul>\n<\/li>\n<li>Los sanfermines\n<ul>\n<li><a href=\"https:\/\/www.diariodenavarra.es\/noticias\/san-fermin\/portada\/\">Diario de Navarra<\/a><\/li>\n<li><a href=\"https:\/\/www.noticiasdenavarra.com\/navarra\/san-fermin\/\">Noticias de Navarra<\/a><\/li>\n<li><a href=\"https:\/\/www.pamplona.es\/turismo\/sanfermin\">Pamplona.es<\/a><\/li>\n<li><a href=\"https:\/\/www.rtve.es\/noticias\/san-fermin\/\">RTVE<\/a><\/li>\n<li><a href=\"https:\/\/www.sanfermin.com\/es\/guia-de-la-fiesta\/que-es-sanfermin\/\">San Fermin.com<\/a><\/li>\n<li><a href=\"https:\/\/sanferminespamplona.es\/\">San Fermines Pamplona<\/a><\/li>\n<li><a href=\"https:\/\/www.visitnavarra.es\/es\/sanfermines\">Visit Navarra<\/a><\/li>\n<li><a href=\"https:\/\/es.wikipedia.org\/wiki\/Sanfermines\">Wikipedia<\/a><\/li>\n<\/ul>\n<\/li>\n<li>\u00a0Ocio\n<ul>\n<li><a href=\"https:\/\/ocio.uncomo.com\/\">1como<\/a><\/li>\n<li><a href=\"https:\/\/www.e-propuestas.com\/index.php\">e-propuestas: ocio y aventura<\/a><\/li>\n<\/ul>\n<\/li>\n<li>Revistas\n<ul>\n<li><a href=\"https:\/\/amnis.revues.org\/\">Amnis. Revue de civilisation contemporaine Europes\/Am\u00e9riques<\/a><\/li>\n<li><a href=\"https:\/\/brill.com\/view\/serial\/FORO\">Foro hisp\u00e1nico<\/a>: revista hisp\u00e1nica de Flandes y Holanda<\/li>\n<li><a href=\"https:\/\/www.hyperborea-labtis.org\/\">Hyperborea<\/a>: revista de ensayo y creaci\u00f3n<\/li>\n<li><a href=\"https:\/\/turia.uv.es\/index.php\/kamchatka\">Kamchatka. Revista de an\u00e1lisis cultural<\/a><\/li>\n<li><a href=\"https:\/\/www.lamaletadeportbou.com\/\">La Maleta de Portbou<\/a>: revista de humanidades y econom\u00eda<\/li>\n<li><a href=\"https:\/\/letraceluloide.blogspot.com.es\/\">Letraceluloide<\/a><\/li>\n<li><a href=\"https:\/\/www.educacionfpydeportes.gob.es\/eeuu\/publicaciones\/materiales.html\">Materiales: revista para la ense\u00f1anza multicultural<\/a><\/li>\n<li><a href=\"https:\/\/www.semiotica.buap.mx\/\">T\u00f3picos del Seminario. Revista de Semi\u00f3tica<\/a><\/li>\n<\/ul>\n<\/li>\n<\/ul>\n<span class=\"last-modified-timestamp\">Feb 14, 2026 @ 8:23 pm<\/span>\n","protected":false},"excerpt":{"rendered":"<p>En general Almendr\u00f3n: ventana sobre el mundo cultural, art\u00edstico y pol\u00edtico ADAM Aula Internacional: el portal de la educaci\u00f3n intercultural Arte viajero Babab, revista de cultura Cultura inquieta El Cultural: revista de actualidad cultural Dialektika: filosof\u00eda, cultura y sociedad Espinof Europeana: patrimonio digital europeo FIDESCU: Fundaci\u00f3n para la investigaci\u00f3n y<\/p>\n","protected":false},"author":1,"featured_media":0,"parent":0,"menu_order":0,"comment_status":"closed","ping_status":"closed","template":"","meta":{"iawp_total_views":12,"footnotes":"","_wp_rev_ctl_limit":""},"class_list":["post-11788","page","type-page","status-publish","hentry"],"publishpress_future_action":{"enabled":false,"date":"2026-05-04 01:01:46","action":"change-status","newStatus":"draft","terms":[],"taxonomy":"","extraData":[]},"publishpress_future_workflow_manual_trigger":{"enabledWorkflows":[]},"_links":{"self":[{"href":"https:\/\/hlrnet.com\/sites\/alt164\/wp-json\/wp\/v2\/pages\/11788","targetHints":{"allow":["GET"]}}],"collection":[{"href":"https:\/\/hlrnet.com\/sites\/alt164\/wp-json\/wp\/v2\/pages"}],"about":[{"href":"https:\/\/hlrnet.com\/sites\/alt164\/wp-json\/wp\/v2\/types\/page"}],"author":[{"embeddable":true,"href":"https:\/\/hlrnet.com\/sites\/alt164\/wp-json\/wp\/v2\/users\/1"}],"replies":[{"embeddable":true,"href":"https:\/\/hlrnet.com\/sites\/alt164\/wp-json\/wp\/v2\/comments?post=11788"}],"version-history":[{"count":4,"href":"https:\/\/hlrnet.com\/sites\/alt164\/wp-json\/wp\/v2\/pages\/11788\/revisions"}],"predecessor-version":[{"id":27611,"href":"https:\/\/hlrnet.com\/sites\/alt164\/wp-json\/wp\/v2\/pages\/11788\/revisions\/27611"}],"wp:attachment":[{"href":"https:\/\/hlrnet.com\/sites\/alt164\/wp-json\/wp\/v2\/media?parent=11788"}],"curies":[{"name":"wp","href":"https:\/\/api.w.org\/{rel}","templated":true}]}}