{"id":11774,"date":"2018-04-19T17:11:53","date_gmt":"2018-04-19T17:11:53","guid":{"rendered":"http:\/\/hlrnet.com\/sites\/alt164\/?page_id=11774"},"modified":"2024-12-24T13:28:39","modified_gmt":"2024-12-24T13:28:39","slug":"historia-ed-espana","status":"publish","type":"page","link":"https:\/\/hlrnet.com\/sites\/alt164\/historia-ed-espana\/","title":{"rendered":"Historia de Espa\u00f1a"},"content":{"rendered":"<ul>\n<li>Generalidades\n<ul>\n<li><a href=\"https:\/\/www.artehistoria.com\/\" target=\"_blank\" rel=\"noopener noreferrer\">ArteHistoria<\/a> (Junta de Castilla y Le\u00f3n)<\/li>\n<li><a href=\"https:\/\/www.ahistcon.org\/\">Asociaci\u00f3n de Historia Contempor\u00e1nea<\/a><\/li>\n<li><a href=\"https:\/\/biombohistorico.blogspot.com.es\/\">Biombo hist\u00f3rico<\/a><\/li>\n<li><a href=\"https:\/\/fundacionpalarq.com\/\">Fundaci\u00f3n Palarq<\/a>: paleontolog\u00eda y arqueolog\u00eda<\/li>\n<li><a href=\"https:\/\/www.historiaconstitucional.com\/\">Historia constitucional<\/a><\/li>\n<li><a href=\"https:\/\/www.monografias.com\/trabajos55\/hispania\/hispania.shtml\">Historia de Espa\u00f1a<\/a> (Marcos Mamani Cahuancama)<\/li>\n<li><a href=\"https:\/\/historiasdelahistoria.com\/\">Historias de la Historia<\/a><\/li>\n<li><a href=\"https:\/\/www.historyenespanol.com\/\">History en espa\u00f1ol<\/a>: d\u00eda a d\u00eda &#8211; \u00bfqu\u00e9 pas\u00f3 el d\u00eda de mi cumplea\u00f1os?<\/li>\n<li><a href=\"https:\/\/www.monografias.com\/Historia\/\">Monograf\u00edas.com: Historia<\/a><\/li>\n<\/ul>\n<\/li>\n<li>Revistas\n<ul>\n<li><a href=\"https:\/\/revistas.fuesp.com\/cih\/index\">Cuadernos de Investigaci\u00f3n Hist\u00f3rica<\/a><\/li>\n<li><a href=\"https:\/\/www.historia-actual.org\/\">Asociaci\u00f3n Historia Actual<\/a><\/li>\n<li><a href=\"https:\/\/revistas.uam.es\/historiaautonoma\/index\">Revista Historia Aut\u00f3noma<\/a><\/li>\n<\/ul>\n<\/li>\n<li>Asociaciones\n<ul>\n<li><a href=\"https:\/\/adhilac.com.ar\/\">Asociaci\u00f3n de Historiadores Latinoamericanos y del Caribe (ADHILAC)<\/a><\/li>\n<\/ul>\n<\/li>\n<li>S\u00edntesis\n<ul>\n<li><a href=\"https:\/\/www.red2000.com\/spain\/primer\/1hist.html\" target=\"_blank\" rel=\"noopener noreferrer\">Historia de Espa\u00f1a<\/a> (Red 2000 &#8211; Todo sobre Espa\u00f1a)<\/li>\n<\/ul>\n<\/li>\n<li>Edad Media\n<ul>\n<li><a href=\"https:\/\/e-spania.revues.org\/\">e-Spania. Revue \u00e9lectronique d\u2019\u00e9tudes hispaniques m\u00e9di\u00e9vales<\/a><\/li>\n<\/ul>\n<\/li>\n<li>La Conquista\n<ul>\n<li>&#8211;<\/li>\n<\/ul>\n<\/li>\n<li>Dos de mayo\n<ul>\n<li><a href=\"https:\/\/www.elmundo.es\/especiales\/2008\/04\/espana\/bicentenario\/index.html\">Elmundo.es especial<\/a><\/li>\n<li><a href=\"https:\/\/www.elpais.com\/especial\/bicentenario-2mayo\/\">Elpais especial<\/a><\/li>\n<\/ul>\n<\/li>\n<li>Siglo XIX\n<ul>\n<li><a href=\"http:\/\/www.historiasiglo20.org\/enlaces\/contemporanea.htm\"> Historiasiglo20<\/a><\/li>\n<\/ul>\n<\/li>\n<li>La Guerra Civil y sus consecuencias\n<ul>\n<li><a href=\"https:\/\/www.historiasiglo20.org\/\" target=\"_blank\" rel=\"noopener noreferrer\">Historia del Siglo 20<\/a><\/li>\n<\/ul>\n<\/li>\n<li>Siglo XX\n<ul>\n<li><a href=\"https:\/\/www.historiasiglo20.org\/\">Historia siglo 20<\/a><\/li>\n<\/ul>\n<\/li>\n<\/ul>\n<span class=\"last-modified-timestamp\">Dic 24, 2024 @ 1:28 pm<\/span>\n<div id=\"simple-translate\" class=\"simple-translate-system-theme\">\n<div>\n<div class=\"simple-translate-button isShow\" style=\"background-image: url('moz-extension:\/\/bb6e946f-335c-4d61-b033-c0e4e42322f9\/icons\/512.png'); height: 22px; width: 22px; top: 642px; left: 78px;\"><\/div>\n<div class=\"simple-translate-panel \" style=\"width: 300px; height: 200px; top: 0px; left: 0px; font-size: 13px;\">\n<div class=\"simple-translate-result-wrapper\" style=\"overflow: hidden;\">\n<div class=\"simple-translate-move\" draggable=\"true\"><\/div>\n<div class=\"simple-translate-result-contents\">\n<p class=\"simple-translate-result\" dir=\"auto\">\n<p class=\"simple-translate-candidate\" dir=\"auto\">\n<\/div>\n<\/div>\n<\/div>\n<\/div>\n<\/div>\n","protected":false},"excerpt":{"rendered":"<p>Generalidades ArteHistoria (Junta de Castilla y Le\u00f3n) Asociaci\u00f3n de Historia Contempor\u00e1nea Biombo hist\u00f3rico Fundaci\u00f3n Palarq: paleontolog\u00eda y arqueolog\u00eda Historia constitucional Historia de Espa\u00f1a (Marcos Mamani Cahuancama) Historias de la Historia History en espa\u00f1ol: d\u00eda a d\u00eda &#8211; \u00bfqu\u00e9 pas\u00f3 el d\u00eda de mi cumplea\u00f1os? Monograf\u00edas.com: Historia Revistas Cuadernos de Investigaci\u00f3n<\/p>\n","protected":false},"author":1,"featured_media":0,"parent":0,"menu_order":0,"comment_status":"closed","ping_status":"closed","template":"","meta":{"iawp_total_views":10,"footnotes":"","_wp_rev_ctl_limit":""},"class_list":["post-11774","page","type-page","status-publish","hentry"],"publishpress_future_action":{"enabled":false,"date":"2026-05-04 04:24:55","action":"change-status","newStatus":"draft","terms":[],"taxonomy":"","extraData":[]},"publishpress_future_workflow_manual_trigger":{"enabledWorkflows":[]},"_links":{"self":[{"href":"https:\/\/hlrnet.com\/sites\/alt164\/wp-json\/wp\/v2\/pages\/11774","targetHints":{"allow":["GET"]}}],"collection":[{"href":"https:\/\/hlrnet.com\/sites\/alt164\/wp-json\/wp\/v2\/pages"}],"about":[{"href":"https:\/\/hlrnet.com\/sites\/alt164\/wp-json\/wp\/v2\/types\/page"}],"author":[{"embeddable":true,"href":"https:\/\/hlrnet.com\/sites\/alt164\/wp-json\/wp\/v2\/users\/1"}],"replies":[{"embeddable":true,"href":"https:\/\/hlrnet.com\/sites\/alt164\/wp-json\/wp\/v2\/comments?post=11774"}],"version-history":[{"count":4,"href":"https:\/\/hlrnet.com\/sites\/alt164\/wp-json\/wp\/v2\/pages\/11774\/revisions"}],"predecessor-version":[{"id":26051,"href":"https:\/\/hlrnet.com\/sites\/alt164\/wp-json\/wp\/v2\/pages\/11774\/revisions\/26051"}],"wp:attachment":[{"href":"https:\/\/hlrnet.com\/sites\/alt164\/wp-json\/wp\/v2\/media?parent=11774"}],"curies":[{"name":"wp","href":"https:\/\/api.w.org\/{rel}","templated":true}]}}