{"id":11764,"date":"2018-04-19T17:08:46","date_gmt":"2018-04-19T17:08:46","guid":{"rendered":"http:\/\/hlrnet.com\/sites\/alt164\/?page_id=11764"},"modified":"2026-03-20T19:21:45","modified_gmt":"2026-03-20T19:21:45","slug":"literatura-en-espanol-en-internet","status":"publish","type":"page","link":"https:\/\/hlrnet.com\/sites\/alt164\/literatura-en-espanol-en-internet\/","title":{"rendered":"Literatura en espa\u00f1ol en Internet"},"content":{"rendered":"<ul>\n<li>Bibliotecas virtuales\n<ul>\n<li><a href=\"https:\/\/www.ciudadseva.com\/bdcs\/bdcs.htm\">Biblioteca Digital Ciudad Seva<\/a><\/li>\n<li><a href=\"https:\/\/www.bne.es\/es\/catalogos\/biblioteca-digital-hispanica\">Biblioteca Digital Hisp\u00e1nica (BNE)<\/a><\/li>\n<li><a href=\"https:\/\/www.analitica.com\/bitblioteca\/home\/\">BitBiblioteca<\/a> (Analitica Venezuela)<\/li>\n<li><a href=\"https:\/\/www.bieses.net\/\">Bieses: bibliograf\u00eda de escritores espa\u00f1oles<\/a><\/li>\n<li><a href=\"https:\/\/cervantesvirtual.com\/\" target=\"_blank\" rel=\"noopener noreferrer\">Cervantes virtual: biblioteca virtual con textos en l\u00ednea<\/a><\/li>\n<li><a href=\"https:\/\/ficticia.com\/\" target=\"_blank\" rel=\"noopener noreferrer\">Ficticia (biblioteca en l\u00ednea con rese\u00f1as)<\/a><\/li>\n<li><a href=\"https:\/\/libroselectronicos.cervantes.es\/\">Libros electr\u00f3nicos<\/a> (biblioteca virtual del Instituto Cervantes)<\/li>\n<li><a href=\"https:\/\/www.literatura.us\/\">Literatura.us<\/a><\/li>\n<li><a href=\"https:\/\/www.ensayistas.org\/\">Proyecto Ensayo Hisp\u00e1nico<\/a><\/li>\n<li><a href=\"https:\/\/es.wikibooks.org\/\">Wikilibros: biblioteca libre <\/a><\/li>\n<li><a href=\"https:\/\/es.wikisource.org\/\" target=\"_blank\" rel=\"noopener noreferrer\">Wikisource<\/a>: biblioteca libre<\/li>\n<li>V\u00e9ase tambi\u00e9n: <a href=\"file:\/\/\/C:\/Users\/hlr\/OneDrive\/-MAIN-\/lalite.htm\">textos en l\u00ednea<\/a><\/li>\n<\/ul>\n<\/li>\n<li>E-books\n<ul>\n<li><a href=\"https:\/\/www.amabook.com\/\">Amabook<\/a><\/li>\n<li><a href=\"https:\/\/www.cervantesvirtual.com\/\">Biblioteca Cervantes<\/a><\/li>\n<li><a href=\"https:\/\/www.casadellibro.com\/libros-ebooks-gratis\/184?gclid=cjugt--v6a8cfqhcfaod3zb32q\">Casa del Libro<\/a><\/li>\n<li><a href=\"https:\/\/www.clubdelebook.com\/\">Club del ebook<\/a><\/li>\n<li><a href=\"https:\/\/www.digitalbook.io\/\">Digital Books<\/a><\/li>\n<li><a href=\"https:\/\/ebooks-espanol.com\/\">Ebooks espa\u00f1ol<\/a> (Smashwords)<\/li>\n<li><a href=\"https:\/\/www.elejandria.com\/\">Elejandr\u00eda<\/a><\/li>\n<li><a href=\"https:\/\/www.europeana.eu\/es\">Europeana<\/a><\/li>\n<li><a href=\"https:\/\/www.free-ebooks.net\/\">Free-ebooks <\/a><\/li>\n<li><a href=\"https:\/\/www.gutenberg.org\">Gutenberg<\/a><\/li>\n<li><a href=\"https:\/\/www.libroteca.net\/\">Libroteca<\/a><\/li>\n<li><a href=\"https:\/\/literaturascomlibros.es\/\">Literaturas com libros<\/a><\/li>\n<li><a href=\"https:\/\/www.loyalbooks.com\/\">Loyal Books<\/a><\/li>\n<li><a href=\"https:\/\/tarheelreader.org\/find\/?search=&amp;category=Fict&amp;reviewed=R&amp;audience=E&amp;language=es&amp;page=1\">Tar Heel Reader<\/a><\/li>\n<li><a href=\"https:\/\/www.textos.info\/\">Textos.info<\/a><\/li>\n<\/ul>\n<\/li>\n<li>Bibliotecas\n<ul>\n<li><a href=\"https:\/\/www.uazuay.edu.ec\/bibliotecas\/uda.htm\">Biblioteca digital de la UDA<\/a> (EC)<\/li>\n<li><a href=\"https:\/\/www.bne.es\/\">Biblioteca Nacional de Espa\u00f1a<\/a><\/li>\n<\/ul>\n<\/li>\n<li>Editoriales\n<ul>\n<li><a href=\"https:\/\/www.librosaguilar.com\/\">Aguilar<\/a><\/li>\n<li><a href=\"https:\/\/www.alfaguara.com\/\">Alfaguara<\/a><\/li>\n<li><a href=\"https:\/\/books4pocket.com\/\">Books4pocket<\/a><\/li>\n<li><a href=\"https:\/\/www.penguinlibros.com\/es\/11379-ediciones-b#\">Ediciones B<\/a><\/li>\n<li><a href=\"https:\/\/www.edhasa.es\/\">Edhasa<\/a><\/li>\n<li><a href=\"https:\/\/www.menoscuarto.es\/\">Menoscuarto<\/a><\/li>\n<li><a href=\"https:\/\/www.planeta.es\/\">Planeta<\/a><\/li>\n<li><a href=\"https:\/\/www.planetadelibros.com\/\">Planeta de libros<\/a><\/li>\n<li><a href=\"https:\/\/www.rbalibros.com\/\">RBA Libros<\/a><\/li>\n<li><a href=\"https:\/\/www.editorialrenacimiento.com\/\">Renacimiento<\/a><\/li>\n<li><a href=\"https:\/\/rocabolsillo.com\/\">Rocabolsillo<\/a><\/li>\n<li><a href=\"https:\/\/www.planetadelibros.com\/editorial\/seix-barral\/9\">Seix Barral<\/a><\/li>\n<li><a href=\"https:\/\/www.torremozas.com\/\">Torremozas<\/a>: mujeres escritoras<\/li>\n<li><a href=\"https:\/\/www.planetadelibros.com\/editorial\/tusquets-editores\/59\">Tusquets<\/a><\/li>\n<\/ul>\n<\/li>\n<li>Editoriales \/ colecciones de libros de bolsillo\n<ul>\n<li><a href=\"https:\/\/www.planetadelibros.com\/editorial\/booket\/22\">Booket<\/a><\/li>\n<li><a href=\"https:\/\/www.books4pocket.com\/\">Books4pocket<\/a><\/li>\n<li><a href=\"https:\/\/www.catedra.com\/\">Catedra<\/a><\/li>\n<li><a href=\"https:\/\/www.planetadelibros.com\/\">Planeta de Libros<\/a><\/li>\n<li><a href=\"https:\/\/www.planetadelibros.com\/editorial\/seix-barral\/9\">Seix Barral<\/a><\/li>\n<li><a href=\"https:\/\/www.planetadelibros.com\/editorial\/tusquets-editores\/59\">Tusquets<\/a><\/li>\n<\/ul>\n<\/li>\n<li>Sitios generales\n<ul>\n<li><a href=\"https:\/\/algundiaenalgunaparte.com\/\">Alg\u00fan d\u00eda en alguna parte<\/a><\/li>\n<li><a href=\"https:\/\/www.cervantesvirtual.com\/bib\/seccion\/literatura\/\">Cervantes virtual: portales tem\u00e1ticos<\/a><\/li>\n<li><a href=\"https:\/\/www.diversidadliteraria.com\/\">Diversidad literaria<\/a><\/li>\n<li><a href=\"https:\/\/www.escritores.org\/\">Escritores.org<\/a><\/li>\n<li><a href=\"https:\/\/www.estandarte.com\/\">Estandarte<\/a>: pasi\u00f3n por leer &#8211; pasi\u00f3n por escribir<\/li>\n<li><a href=\"https:\/\/elestanteliterario.com\/\">El estante literario<\/a><\/li>\n<li><a href=\"https:\/\/www.esferalibros.com\/\">La esfera de los libros<\/a><\/li>\n<li><a href=\"https:\/\/lectorconsentido.blogspot.com\/\">Lector consentido<\/a><\/li>\n<li><a href=\"https:\/\/www.lecturalia.com\/\">Lecturalia<\/a>: rinc\u00f3n de amantes de los libros y de la literatura<\/li>\n<li><a href=\"https:\/\/lecturaserrantes.blogspot.com\/\">Lecturas errantes<\/a><\/li>\n<li><a href=\"https:\/\/leeresvivirdosveces.com\/\">Leer es vivir dos veces<\/a>: blog de literatura<\/li>\n<li><a href=\"https:\/\/www.lalibreriadejavier.com\/\">La librer\u00eda de Javier<\/a><\/li>\n<li><a href=\"https:\/\/libroresumen.com\/\">Libro resumen<\/a><\/li>\n<li><a href=\"https:\/\/librosyliteratura.es\/\">Libros y literatura<\/a><\/li>\n<li><a href=\"https:\/\/novelanegraycinenegro.blogspot.com\/\">Novela negra y cine negro<\/a><\/li>\n<li><a href=\"https:\/\/parnaseo.uv.es\/\">Parnaseo<\/a>: ciber-paseo de la literatura (Universidad de Valencia)<\/li>\n<li><a href=\"https:\/\/perdidaentrelibros.blogspot.com\/\">Perdidaentrelibros<\/a>: blog<\/li>\n<li><a href=\"https:\/\/www.elplacerdelalectura.com\/\">El placer de la lectura<\/a><\/li>\n<li><a href=\"https:\/\/www.que-leer.com\/\">Que Leer<\/a><\/li>\n<li><a href=\"https:\/\/www.quelibroleo.com\/\">QueLibroLeo<\/a><\/li>\n<li><a href=\"https:\/\/leemos.foroactivo.com\/\">\u00bfQu\u00e9 quieres leer?: foro<\/a><\/li>\n<li><a href=\"https:\/\/www.elresumen.com\/\">El Resumen<\/a>: res\u00famenes<\/li>\n<li><a href=\"https:\/\/sobreleyendas.com\/\">Sobre leyendas<\/a><\/li>\n<li><a href=\"https:\/\/www.solodelibros.es\/\">Solo de libros<\/a><\/li>\n<li><a href=\"https:\/\/sololiteratura.com\/\">SoloLiteratura hispanoamericana<\/a><\/li>\n<li><a href=\"https:\/\/enanosenelefante.blogspot.be\/\">El teclado exc\u00e9ntrico<\/a>: Escrituras del afuera. Escribir en castellano en pa\u00edses de otras lenguas<\/li>\n<li><a href=\"https:\/\/www.wattpad.com\/\">Wattpad<\/a>: comunidad de lectores y autores<\/li>\n<li><a href=\"https:\/\/www.zendalibros.com\/\">Zenda<\/a>: autores, libros y compa\u00f1\u00eda<\/li>\n<\/ul>\n<\/li>\n<li>Autores\n<ul>\n<li><a href=\"https:\/\/www.vallenajerilla.com\/berceo\/\" target=\"_blank\" rel=\"noopener noreferrer\">Biblioteca Gonzalo de Berceo &#8211; obras completas<\/a><\/li>\n<li><a href=\"https:\/\/carlos-fuentes.tripod.com\/\" target=\"_blank\" rel=\"noopener noreferrer\">Carlos Fuentes<\/a><\/li>\n<li><a href=\"https:\/\/www.fcbonald.com\/\">Fundaci\u00f3n Caballero Bonald<\/a><\/li>\n<li><a href=\"https:\/\/www.fundacion-jrj.es\/\" target=\"_blank\" rel=\"noopener noreferrer\">Fundaci\u00f3n Juan Ram\u00f3n Jim\u00e9nez<\/a><\/li>\n<li><a href=\"https:\/\/www.fundacionjmlara.es\/\">Fundaci\u00f3n Jos\u00e9 Mar\u00eda Lara<\/a><\/li>\n<li>Lope de Vega: <a href=\"https:\/\/artelope.uv.es\/\">Artelope<\/a> &#8211; Base de datos y argumentos del teatro de Lope de Vega<\/li>\n<li><a href=\"https:\/\/www.penguinlibros.com\/es\/758-julia-navarro\">Julia Navarro<\/a><\/li>\n<li><a href=\"https:\/\/www.perezreverte.com\/\" target=\"_blank\" rel=\"noopener noreferrer\">Arturo P\u00e9rez Reverte<\/a><\/li>\n<li><a href=\"https:\/\/www.perezreverte.com\/\">P\u00e9rez Reverte<\/a><\/li>\n<li><a href=\"https:\/\/www.lorenzo-silva.com\/\">Lorenzo Silva<\/a><\/li>\n<li><a href=\"https:\/\/www.usc.es\/quevedo\">Grupo de investigaci\u00f3n Francisco de Quevedo<\/a><\/li>\n<li>Quijote\n<ul>\n<li><a href=\"https:\/\/www.aache.com\/quijote\/\" target=\"_blank\" rel=\"noopener noreferrer\">Don Quijote de La Mancha<\/a><\/li>\n<\/ul>\n<\/li>\n<\/ul>\n<\/li>\n<\/ul>\n<ul>\n<li>Obras\n<ul>\n<li><a href=\"https:\/\/celestinavisual.org\/\">Celestina Visual. 500 a\u00f1os de im\u00e1genes de La Celestina<\/a><\/li>\n<li><a href=\"https:\/\/www.elaleph.com\/\" target=\"_blank\" rel=\"noopener noreferrer\">El Aleph<\/a>, portal literario<\/li>\n<li><a href=\"https:\/\/www.youtube.com\/elquijote\">El Quijote en YouTube<\/a><\/li>\n<li><a href=\"https:\/\/68voces.mx\/\">68 voces<\/a> es una serie de cuentos ind\u00edgenas animados narrados en su lengua originaria<\/li>\n<\/ul>\n<\/li>\n<li>Escritura\n<ul>\n<li><a href=\"https:\/\/escueladeescritores.com\/\">Escuela de escritores<\/a><\/li>\n<\/ul>\n<\/li>\n<li>Historia\n<ul>\n<li><a href=\"https:\/\/www.monografias.com\/trabajos38\/la-literatura\/la-literatura.shtml\">Monografias.com<\/a><\/li>\n<li><a href=\"https:\/\/apuntes.rincondelvago.com\/historia-de-la-literatura_2.html\">Rinc\u00f3n del Vago<\/a><\/li>\n<li><a href=\"https:\/\/www.slideshare.net\/olahjl\/historia-de-la-literatura\">Slideshare<\/a><\/li>\n<\/ul>\n<\/li>\n<li>Aspectos\n<ul>\n<li><a href=\"https:\/\/asetel.org\">ASETEL \u2013 Asociaci\u00f3n espa\u00f1ola de teor\u00eda de la literatura<\/a><\/li>\n<\/ul>\n<\/li>\n<li>G\u00e9neros\n<ul>\n<li>Literatura infantil\n<ul>\n<li><a href=\"https:\/\/biblioabrazo.wordpress.com\/\">Biblioabrazo<\/a>: Blog sobre biblioteca escolar y literatura infantil<\/li>\n<li><a href=\"https:\/\/www.cervantesvirtual.com\/bib\/seccion\/bibinfantil\/\">Biblioteca de literature infantil y juvenil<\/a><\/li>\n<li><a href=\"https:\/\/www.bosquedefantasias.com\/\">Bosque de Fantas\u00eda<\/a><\/li>\n<li><a href=\"https:\/\/www.suiteson.com\/\">Cuerdas<\/a>: cuento interactivo<\/li>\n<li><a href=\"https:\/\/cuatrogatos.org\/\" target=\"_blank\" rel=\"noopener noreferrer\">Cuatrogatos<\/a>: literatura infantil<\/li>\n<li><a href=\"https:\/\/www.imaginaria.com.ar\/\" target=\"_blank\" rel=\"noopener noreferrer\">Imaginaria<\/a>: revista quincenal sobre literature infantil y juvenil<\/li>\n<li><a href=\"https:\/\/www.loqueleo.com\/\">Loqueleo<\/a><\/li>\n<li><a href=\"https:\/\/www.mamalisa.com\/\">Mam\u00e1 Lisa\u2019s World<\/a>, que alberga la mayor colecci\u00f3n de canciones infantiles internacionales de todo el internet<\/li>\n<li><a href=\"https:\/\/www.poemitas.com\/\" target=\"_blank\" rel=\"noopener noreferrer\">Poemitas<\/a>: poes\u00eda y teatro infantil<\/li>\n<li><a href=\"https:\/\/www.poesia-infantil.com\/\" target=\"_blank\" rel=\"noopener noreferrer\">Poes\u00eda infantil<\/a><\/li>\n<li><a href=\"https:\/\/www.cuentacuentos.eu\/\">Red de cuentacuentos<\/a><\/li>\n<\/ul>\n<\/li>\n<li>Cuentos\n<ul>\n<li>Informaciones<\/li>\n<li><a href=\"https:\/\/es.wikipedia.org\/wiki\/Cuento\">Cuento<\/a> (Wikipedia)<\/li>\n<li><a href=\"https:\/\/www.monografias.com\/trabajos\/cuentolatam\/cuentolatam.shtml\">El cuento en latinoam\u00e9rica<\/a> (monograf\u00edas.com)<\/li>\n<li>Textos<\/li>\n<li><a href=\"https:\/\/www.badosa.com\/?l=es&amp;m=010100\">Badosa<\/a><\/li>\n<li><a href=\"https:\/\/www.loscuentos.net\/\">Comunidad de Cuentos<\/a><\/li>\n<li><a href=\"https:\/\/servicioskoinonia.org\/cuentoscortos\/\">Cuentos cortos latinoamericanos<\/a><\/li>\n<li><a href=\"https:\/\/www.grimmstories.com\/es\/grimm_cuentos\/index\">Cuentos de Grimm<\/a><\/li>\n<li><a href=\"https:\/\/www.elhuevodechocolate.com\/cuentos.htm\">El huevo de chocolate: cuentos para ni\u00f1os<\/a><\/li>\n<li><a href=\"https:\/\/www.encuentos.com\/\">Encuentos<\/a><\/li>\n<li><a href=\"https:\/\/maratondeloscuentos.org\/\">Marat\u00f3n de los cuentos de Guadalajara<\/a><\/li>\n<li><a href=\"https:\/\/www.losmejorescuentos.com\/\">Los mejores cuentos<\/a><\/li>\n<li><a href=\"https:\/\/www.mundolatino.org\/category\/cuentos\/\">Mundolatino: cuentos para ni\u00f1os<\/a><\/li>\n<li><a href=\"https:\/\/narrativabreve.com\/\">NarrativaBreve<\/a><\/li>\n<li><a href=\"https:\/\/lanovelacorta.com\/\">La novela corta<\/a><\/li>\n<li>Microcuentos \/ microrrelatos<\/li>\n<li><a href=\"https:\/\/www.365microcuentos.com\/\">365microcuentos.com<\/a><\/li>\n<li><a href=\"https:\/\/cuentocorto.es\/\">Cuentos cortos y relatos breves<\/a><\/li>\n<li><a href=\"https:\/\/narrativabreve.com\/microrrelatos\">Narrativabreve<\/a><\/li>\n<\/ul>\n<\/li>\n<li>Novela polic\u00edaca\n<ul>\n<li>Informaciones<\/li>\n<li><a href=\"https:\/\/www.bne.es\/es\/Micrositios\/Guias\/novela_policiaca\/\">Biblioteca Nacional de Espa\u00f1a: novela polic\u00edaca<\/a><\/li>\n<li><a href=\"https:\/\/www.elmundo.es\/elmundo\/novelanegra.html\">Cultura: novela negra<\/a> (El mundo)<\/li>\n<li><a href=\"https:\/\/es.wikipedia.org\/wiki\/Novela_polic%C3%ADaca\">Novela polic\u00edaca<\/a> (Wikipedia)<\/li>\n<li><a href=\"https:\/\/www.sherlock-holmes.es\/\">Sherlock-Holmes.es<\/a><\/li>\n<li>Editoriales y distribuidores<\/li>\n<li><a href=\"https:\/\/www.bubok.es\/tienda\/Narrativa\/Novela-policiaca\">Librer\u00eda Bubok<\/a><\/li>\n<li><a href=\"https:\/\/www.casadellibro.com\/libros\/narrativa-policiaca-novela-negra\/126000000\/2\/2\">Casa del libro: narrativa polic\u00edaca, novela negra<\/a><\/li>\n<li><a href=\"https:\/\/www.serienegra.es\/\">Serie negra<\/a><\/li>\n<\/ul>\n<\/li>\n<li>Poes\u00eda\n<ul>\n<li><a href=\"https:\/\/www.buscapoemas.net\/\">Buscapoemas<\/a><\/li>\n<li><a href=\"https:\/\/cienpoemaszen.wordpress.com\/\">Cien poemas zen<\/a><\/li>\n<li><a href=\"https:\/\/circulodepoesia.com\/\">C\u00edrculo de Poes\u00eda<\/a><\/li>\n<li><a href=\"http:\/\/amediavoz.com\/\">A media voz<\/a><\/li>\n<li><a href=\"https:\/\/www.mundopoesia.com\/\" target=\"_blank\" rel=\"noopener noreferrer\">Mundopoes\u00eda<\/a><\/li>\n<li><a href=\"https:\/\/www.palabravirtual.com\/\" target=\"_blank\" rel=\"noopener noreferrer\">Palabra virtual: antolog\u00eda de la poes\u00eda latinoamericana<\/a><\/li>\n<li><a href=\"https:\/\/www.poemasde.net\/\">Poemas de<\/a><\/li>\n<li><a href=\"https:\/\/www.poemas-del-alma.com\/\">Poemas del alma<\/a><\/li>\n<li><a href=\"https:\/\/www.poesi.as\/\" target=\"_blank\" rel=\"noopener noreferrer\">Poes\u00ed.as<\/a><\/li>\n<li><a href=\"https:\/\/www.poesiacastellana.es\/\">Poes\u00eda castellana<\/a><\/li>\n<li><a href=\"https:\/\/educomunicacion.es\/poesiaenlasaulas.htm\">Poes\u00eda en las aulas<\/a><\/li>\n<li><a href=\"https:\/\/www.poesia-castellana.com\/\" target=\"_blank\" rel=\"noopener noreferrer\">Poes\u00eda rom\u00e1ntica castellana<\/a><\/li>\n<li><a href=\"https:\/\/poesiavirtual.com\/\" target=\"_blank\" rel=\"noopener noreferrer\">Poes\u00eda virtual<\/a><\/li>\n<li><a href=\"https:\/\/poetavirtual.com\/\">Poeta virtual<\/a><\/li>\n<li><a href=\"https:\/\/www.monografias.com\/trabajos11\/tralengu\/tralengu.shtml\" target=\"_blank\" rel=\"noopener noreferrer\">Historia de la poes\u00eda<\/a> (monograf\u00edas.com)<\/li>\n<li><a href=\"https:\/\/enanosenelefante.blogspot.be\/\">El teclado exc\u00e9ntrico<\/a>: Escrituras del afuera. Cr\u00edtica en hipertexto de poes\u00eda expatriada<\/li>\n<\/ul>\n<\/li>\n<\/ul>\n<\/li>\n<\/ul>\n<ul>\n<li style=\"list-style-type: none;\">\n<ul>\n<li style=\"list-style-type: none;\">\n<ul>\n<li>Teatro\n<ul>\n<li><a href=\"https:\/\/journals.ku.edu\/index.php\/latr\">Latin American Theatre Review (LATR)<\/a><\/li>\n<\/ul>\n<\/li>\n<li>C\u00f3mic\n<ul>\n<li><a href=\"https:\/\/www.cachislamar.com\/\">Cachislamar<\/a><\/li>\n<li><a href=\"http:\/\/www.guiadelcomic.es\/\">Gu\u00eda del c\u00f3mic<\/a><\/li>\n<li><a href=\"https:\/\/www.tebeosfera.com\/\">Tebeosfera<\/a><\/li>\n<li><a href=\"https:\/\/es.wikipedia.org\/wiki\/Historieta\">Wikipedia<\/a><\/li>\n<li>Blogs\n<ul>\n<li><a href=\"https:\/\/blog.adlo.es\/\">Adlo<\/a><\/li>\n<li><a href=\"https:\/\/blogs.grupojoly.com\/alsurdelostebeos\/\">Al sur de los tebeos<\/a><\/li>\n<li><a href=\"https:\/\/charrandodetebeos.blogspot.be\/\">Charrando de tebeos<\/a><\/li>\n<li><a href=\"https:\/\/coleccionistatebeos.blogspot.be\/\">Coleccionista de tebeos<\/a><\/li>\n<li><a href=\"https:\/\/ellectorimpaciente.blogspot.be\/\">El lector impaciente<\/a><\/li>\n<li><a href=\"https:\/\/www.fancueva.com\/\">Fancueva<\/a><\/li>\n<li><a href=\"https:\/\/lamontanadetebeos.wordpress.com\/\">La monta\u00f1a de tebeos<\/a><\/li>\n<li><a href=\"https:\/\/leyendotebeos.blogspot.be\/\">Leyendo tebeos<\/a><\/li>\n<li><a href=\"https:\/\/loschicosquecoleccionabantebeos.tumblr.com\/\">Los chicos que coleccionaban tebeos<\/a><\/li>\n<li><a href=\"https:\/\/tebeosmalavida.blogspot.be\/\">Malavida<\/a><\/li>\n<li><a href=\"https:\/\/tebeosbajosospecha.blogspot.be\/\">Tebeos bajo sospecha<\/a><\/li>\n<li><a href=\"https:\/\/tetezeta.blogspot.be\/\">Tertulia de tebeos de Zaragoza<\/a><\/li>\n<\/ul>\n<\/li>\n<li>Editoriales y distribuidoras\n<ul>\n<li><a href=\"https:\/\/apaapacomics.com\/\">Apa apa<\/a><\/li>\n<li><a href=\"https:\/\/edicionesvalientes.tumblr.com\/\">Ediciones Valientes<\/a><\/li>\n<li><a href=\"https:\/\/fatbottombooks.com\/\">Fatbottom<\/a><\/li>\n<li><a href=\"https:\/\/fosfatina.es\/\">Fosfatina<\/a><\/li>\n<li><a href=\"https:\/\/www.paninicomics.es\/\">Panini Comics<\/a><\/li>\n<li><a href=\"https:\/\/tenderetefestival.tumblr.com\/\">Tenderete<\/a><\/li>\n<li><a href=\"https:\/\/zanganocomix.blogspot.be\/\">Zanganocomix<\/a><\/li>\n<\/ul>\n<\/li>\n<\/ul>\n<\/li>\n<\/ul>\n<\/li>\n<li>Revistas\n<ul>\n<li><a href=\"https:\/\/www.452f.com\/\">452\u00baF Revista de Teor\u00eda de la Literatura y Literatura Comparada<\/a><\/li>\n<li><a href=\"https:\/\/revistas.uam.es\/actionova\">Actio Nova: Revista de Teor\u00eda de la Literatura y Literatura Comparada<\/a><\/li>\n<li><a href=\"http:\/\/www.adversus.org\/\">Adversis: revista de semi\u00f3tica<\/a><\/li>\n<li><a href=\"https:\/\/www.oei.es\/cl17.htm\">Alpha. Revista de artes, letras y filosof\u00eda<\/a><\/li>\n<li><a href=\"https:\/\/www.anagnorisis.es\/\">Anagn\u00f3risis. Revista digital de investigaci\u00f3n teatral<\/a><\/li>\n<li><a href=\"https:\/\/revistas.uma.es\/index.php\/analecta\" target=\"_blank\" rel=\"noopener noreferrer\">Analecta Malacitana: <\/a>Revista de la secci\u00f3n de filolog\u00eda de la Facultad de Filosof\u00eda y Letras de la Universidad de M\u00e1laga<\/li>\n<li><a href=\"https:\/\/www.ut.edu.co\/\">Aquelarre. Revista de la Universidad del Tolima<\/a><\/li>\n<li><a href=\"https:\/\/www.auroraboreal.net\/\">Aurora boreal<\/a><\/li>\n<li><a href=\"https:\/\/revistazularte.blogia.com\/\">Azul@rte<\/a><\/li>\n<li><a href=\"https:\/\/revistes.uab.cat\/brumal\/index\">Brumal: revista de investigaci\u00f3n sobre lo fant\u00e1stico<\/a><\/li>\n<li><a href=\"https:\/\/www.cancioneros.org\/\">Cancioneros<\/a><\/li>\n<li><a href=\"https:\/\/dialnet.unirioja.es\/servlet\/revista?codigo=275\">Castilla: estudios de Literatura<\/a><\/li>\n<li><a href=\"https:\/\/web.ua.es\/es\/centrobenedetti\/\">Bolet\u00edn CEMAB: Centro de Estudios Iberoamericanos Mario Benedetti<\/a><\/li>\n<li><a href=\"file:\/\/\/C:\/Users\/hlr\/OneDrive\/-MAIN-\/www.educatt.it\/libri\/centroamericana\">Centroamericana<\/a><\/li>\n<li><a href=\"https:\/\/www.ciberayllu.org\/\" target=\"_blank\" rel=\"noopener noreferrer\">Ciberallyu: revista literaria peruana<\/a><\/li>\n<li><a href=\"https:\/\/sites.google.com\/site\/chasquirll\/\">Chasqui. Revista de Literatura Latinoamericana<\/a><\/li>\n<li><a href=\"http:\/\/www.lacoronica.org\/\">La cor\u00f3nica<\/a>: a Journal of Medieval Hispanic Languages, Literatures and Cultures<\/li>\n<li><a href=\"https:\/\/revistas.javeriana.edu.co\/index.php\/cualit\/index\">Cuadernos de Literatura<\/a><\/li>\n<li><a href=\"https:\/\/cuadernoshispanoamericanos.com\/\">Cuadernos Hispanoamericanos<\/a><\/li>\n<li><a href=\"https:\/\/revistas.fuesp.com\/cilh\">Cuadernos para investigaci\u00f3n de la literatura hisp\u00e1nica<\/a><\/li>\n<li><a href=\"https:\/\/www.decimononica.org\/\">Decimon\u00f3nica<\/a>: revista de producci\u00f3n cultural hisp\u00e1nica decimon\u00f3nica<\/li>\n<li><a href=\"https:\/\/teatro.es\/contenidos\/donGalan\/\">Don Gal\u00e1n. Revista de Investigaci\u00f3n Teatral<\/a><\/li>\n<li><a href=\"https:\/\/www.ehumanista.ucsb.edu\/\">eHumanista<\/a><\/li>\n<li><a href=\"https:\/\/encuentrosconlasletras.blogspot.com\/\" target=\"_blank\" rel=\"noopener noreferrer\">Encuentros de lecturas y lectores<\/a>: revista de literatura<\/li>\n<li><a href=\"https:\/\/e-spania.revues.org\/\">e-Spania: Revue interdisciplinaire d&#8217;\u00e9tudes hispaniques m\u00e9di\u00e9vales et modernes<\/a><\/li>\n<li><a href=\"https:\/\/fh.mdp.edu.ar\/revistas\/index.php\/etl\/index\">Estudios de Teor\u00eda Literaria<\/a><\/li>\n<li><a href=\"https:\/\/revistas.um.es\/estudiosromanicos\/\">Estudios Rom\u00e1nicos<\/a><\/li>\n<li><a href=\"https:\/\/p3.usal.edu.ar\/index.php\/gramma\">Gramma. Revista de la Escuela de Letras<\/a><\/li>\n<li><a href=\"https:\/\/hr.pennpress.org\/home\/\">Hispanic Review<\/a><\/li>\n<li><a href=\"https:\/\/romlpub.unc.edu\/hispanofila\/\">Hispan\u00f3fila<\/a><\/li>\n<li><a href=\"https:\/\/www.revistahipogrifo.com\/\">Hipogrifo. Revista de literatura y cultura del Siglo de Oro<\/a><\/li>\n<li><a href=\"https:\/\/journals.openedition.org\/hispanismes\/\">HispanimeS<\/a>: revue des hispanistes fran\u00e7ais<\/li>\n<li><a href=\"https:\/\/historiasfingidas.dlls.univr.it\">Historias fingidas<\/a>: ricerche sul romanzo cavalleresco spagnolo come fenomeno europeo, al di l\u00e0 di frontiere geografiche e linguistiche e di barriere critiche precostituite tra i generi letterari e tra le discipline<\/li>\n<li><a href=\"file:\/\/\/C:\/Users\/hlr\/OneDrive\/-MAIN-\/www.journal-hispanic-modernism.org\">Journal of Hispanic Modernism<\/a><\/li>\n<li><a href=\"https:\/\/lejana.elte.hu\/\">Lejana: Revista Cr\u00edtica de Narrativa Breve<\/a><\/li>\n<li><a href=\"https:\/\/letraceluloide.blogspot.com\/\">Letraceluloide<\/a>: Revista virtual de cine y literatura<\/li>\n<li><a href=\"https:\/\/www.redalyc.org\/revista.oa?id=5037\">Literatura: teor\u00eda, historia, cr\u00edtica<\/a> (Universidad Nacional de Colombia)<\/li>\n<li><a href=\"https:\/\/magazinemodernista.com\/\">Magazine Modernista<\/a><\/li>\n<li><a href=\"https:\/\/www.lamaquinadeltiempo.com\/\" target=\"_blank\" rel=\"noopener noreferrer\">La M\u00e1quina del Tiempo<\/a>: revista de literatura<\/li>\n<li><a href=\"https:\/\/revistes.uab.cat\/mitologias\/index\">Mitolog\u00edas hoy<\/a>. Revista de pensamiento, cr\u00edtica y estudios literarios latinoamericanos<\/li>\n<li><a href=\"https:\/\/www.revistanarrativas.com\/\">Narrativas. Revista de narrativa contempor\u00e1nea en castellano<\/a><\/li>\n<li><a href=\"https:\/\/uknowledge.uky.edu\/naeh\/\">Nomenclatura: aproximaciones a los estudios hisp\u00e1nicos<\/a><\/li>\n<li><a href=\"https:\/\/revistaperifrasis.uniandes.edu.co\/\">Per\u00edfrasis<\/a>: revista de literatura, teor\u00eda y cr\u00edtica<\/li>\n<li><a href=\"https:\/\/poetasnovohispanas.wordpress.com\/\">Poetas novohispanas<\/a><\/li>\n<li><a href=\"https:\/\/www.revistaaleph.com.co\/\">Revista Aleph<\/a><\/li>\n<li><a href=\"https:\/\/www.saber.ula.ve\/contexto\/\">Revista Anual de Estudios Literarios<\/a><\/li>\n<li><a href=\"https:\/\/www.revistaliteratura.uchile.cl\/\">Revista chilena de literatura<\/a><\/li>\n<li><a href=\"https:\/\/www.casamuseoblascoibanez.com\/\">Revista de Estudios sobre Blasco Ib\u00e1\u00f1ez \/ Journal of Blasco Ib\u00e1\u00f1ez Studies<\/a><\/li>\n<li><a href=\"https:\/\/rhm.pennpress.org\/\">Revista Hisp\u00e1nica Moderna<\/a><\/li>\n<li><a href=\"https:\/\/www.liverpooluniversitypress.co.uk\/loi\/revista\">Revista Iberoamericana<\/a><\/li>\n<li><a href=\"https:\/\/revistalaboratorio.udp.cl\/\">Revista Laboratorio<\/a><\/li>\n<li><a href=\"https:\/\/revistaseug.ugr.es\/index.php\/letral\">Revista Letral<\/a><\/li>\n<li><a href=\"https:\/\/revistasic.uy\/ojs\/index.php\/sic\/\">Revista [sic]<\/a><\/li>\n<li><a href=\"http:\/\/www.saltana.org\/\" target=\"_blank\" rel=\"noopener noreferrer\">Saltana<\/a>: revista de literatura y traducci\u00f3n<\/li>\n<li><a href=\"https:\/\/www.siglodiecinueve.com\/\">Siglo Diecinueve<\/a><\/li>\n<li><a href=\"https:\/\/riviste.unimi.it\/index.php\/tintas\/index\">Tintas. Quaderni di Letterature Iberiche e Iberoamericane<\/a><\/li>\n<li><a href=\"https:\/\/www.semiotica.buap.mx\/\">T\u00f3picos del seminario<\/a>: revista de semi\u00f3tica<\/li>\n<li><a href=\"https:\/\/www.revistas.uma.es\/index.php\/trasvases\/\">Trasvases entre la literatura y el cine<\/a><\/li>\n<li><a href=\"https:\/\/bop.unibe.ch\/versants\/index\">Versants<\/a>: Revista suiza de literaturas rom\u00e1nicas<\/li>\n<li><a href=\"https:\/\/www.zonamoebius.com\/\" target=\"_blank\" rel=\"noopener noreferrer\">Zona Moebius<\/a>: literatura, poes\u00eda, arte y cultura<\/li>\n<\/ul>\n<\/li>\n<li>Asociaciones de estudio\n<ul>\n<li><a href=\"https:\/\/www.asetel.org\/\">Asociaci\u00f3n Espa\u00f1ola de Teor\u00eda de la Literatura (ASETEL)<\/a><\/li>\n<li><a href=\"https:\/\/www.ahlm.es\/\">Asociaci\u00f3n Hisp\u00e1nica de Literatura Medieval (AHLM)<\/a><\/li>\n<li><a href=\"https:\/\/www.galdosistas.org\/\">Asociaci\u00f3n Internacional de Galdosistas<\/a><\/li>\n<li><a href=\"https:\/\/asociacioninternacionaldehispanistas.org\/\">Asociaci\u00f3n Internacional de Hispanistas (AIH)<\/a><\/li>\n<li><a href=\"https:\/\/www.asociacion-aiso.org\/\">Asociaci\u00f3n Internacional Siglo de Oro (AISO)<\/a><\/li>\n<li><a href=\"https:\/\/www.adlaf.de\/\">Arbeitsgemeinschaft Deutsche Lateinamerika-Forschung &#8211; ADLAF (Asociaci\u00f3n Alemana de Investigaci\u00f3n sobre Am\u00e9rica Latina)<\/a><\/li>\n<\/ul>\n<\/li>\n<li>Otros\n<ul>\n<li><a href=\"https:\/\/www.abretelibro.com\/foro\/viewtopic.php?t=14165\">Abretelibro<\/a>: foro sobre libros y literatura<\/li>\n<li><a href=\"https:\/\/audiomol.com\/\">Audiomol: audiolibros<\/a><\/li>\n<li><a href=\"https:\/\/www.bubok.es\/\">Bubok<\/a>: publica tu propio libro<\/li>\n<li><a href=\"https:\/\/www.comentariosdelibros.com\/\">Comentarios de libros<\/a><\/li>\n<li><a href=\"https:\/\/www.elcultural.es\/\">El Cultural<\/a><\/li>\n<li><a href=\"https:\/\/cvc.cervantes.es\/aula\/lecturas\/\" target=\"_blank\" rel=\"noopener noreferrer\">CVC: lecturas paso a paso<\/a><\/li>\n<li><a href=\"https:\/\/www.eldigoras.com\/lite.html\" target=\"_blank\" rel=\"noopener noreferrer\">Eld\u00edgoras<\/a>: portal de literatura<\/li>\n<li><a href=\"https:\/\/www.escueladeescritores.com\/\" target=\"_blank\" rel=\"noopener noreferrer\">Escuela de Escritores<\/a>: taller de escritura<\/li>\n<li><a href=\"https:\/\/exocanon.usal.es\/\">Exocan\u00f3nicos<\/a> \u2013 M\u00e1rgenes y descentramiento en la literatura en espa\u00f1ol del siglo XXI.html<\/li>\n<li><a href=\"https:\/\/www.elazarillo.net\/\" target=\"_blank\" rel=\"noopener noreferrer\">eLazarillo<\/a>: un autor para L\u00e1zaro<\/li>\n<li><a href=\"https:\/\/www.alonsoquijano.org\/\">Fundaci\u00f3n Alonso Quijano para el fomento de la literatura<\/a><\/li>\n<li><a href=\"https:\/\/gacetaliterariavirtual.blogspot.com\/\">Gaceta Literaria Virtual<\/a><\/li>\n<li><a href=\"https:\/\/books.google.es\/\" target=\"_blank\" rel=\"noopener noreferrer\">Google &#8211; b\u00fasqueda de libros<\/a><\/li>\n<li><a href=\"https:\/\/grisounav.wordpress.com\/\">GRISO<\/a>: Blog del Grupo de Investigaci\u00f3n Siglo de Oro-Universidad de Navarra<\/li>\n<li><a href=\"https:\/\/hispanismo.cervantes.es\/\" target=\"_blank\" rel=\"noopener noreferrer\">Instituto Cervantes: Portal del Hispanismo<\/a><\/li>\n<li><a href=\"https:\/\/www.letraslibres.com\/\">Letras libres<\/a><\/li>\n<li><a href=\"https:\/\/manuspanicos.hypotheses.org\/\">Manuspanicos XIX-XXI<\/a>: Cr\u00edtica gen\u00e9tica hisp\u00e1nica: cuaderno de bit\u00e1cora<\/li>\n<li><a href=\"https:\/\/www.mundolatino.org\/\" target=\"_blank\" rel=\"noopener noreferrer\">Mundo latino &#8211; rinc\u00f3n literatura<\/a><\/li>\n<li><a href=\"https:\/\/parnaseo.uv.es\/\" target=\"_blank\" rel=\"noopener noreferrer\">Parnaseo: un ciber paseo por la literatura<\/a><\/li>\n<li><a href=\"https:\/\/www.epdlp.com\/\" target=\"_blank\" rel=\"noopener noreferrer\">El Poder de la Palabra<\/a> (con una lista de escritores y mucho m\u00e1s)<\/li>\n<li><a href=\"https:\/\/www.guia-editores.org\/\">Gu\u00eda de Editores de Espa\u00f1a<\/a><\/li>\n<li><a href=\"https:\/\/www.rinconcastellano.com\/\" target=\"_blank\" rel=\"noopener noreferrer\">Rinc\u00f3n castellano<\/a>: cronolog\u00eda de la literatura espa\u00f1ola<\/li>\n<li><a href=\"https:\/\/unavezlei.blogspot.be\/\">Una vez le\u00ed<\/a><\/li>\n<\/ul>\n<\/li>\n<\/ul>\n<\/li>\n<li>Creaci\u00f3n\n<ul>\n<li><a href=\"https:\/\/escueladeescritores.com\/\">Escuela de Escritores<\/a><\/li>\n<li><a href=\"https:\/\/www.escritores.org\">Escritores.org<\/a><\/li>\n<li><a href=\"https:\/\/megustaescribir.com\/\">Megustaescribir<\/a>: abrir un blog literario<\/li>\n<li><a href=\"https:\/\/www.sinjania.com\/\">Sinjania Formaci\u00f3n para Escritores<\/a><\/li>\n<li><a href=\"https:\/\/fuentetajaliteraria.com\/\">Taller de escritura creativa Fuentetaja<\/a><\/li>\n<li>Libros: t\u00e9cnicas T \/ creatividad C\n<ul>\n<li>C Escritura creativa: cuaderno de ideas<\/li>\n<li>C La escritura en el taller<\/li>\n<li>C Taller de escritura: 1303 actividades de creaci\u00f3n literaria<\/li>\n<\/ul>\n<\/li>\n<\/ul>\n<\/li>\n<li>Y adem\u00e1s\n<ul>\n<li><a href=\"https:\/\/hlrnet.com\/sites\/alt164\/librerias-y-editoriales-espanolas-e-hispanicas\/\">Librer\u00edas y editoriales<\/a><\/li>\n<li>Textos en l\u00ednea<\/li>\n<\/ul>\n<\/li>\n<\/ul>\n<span class=\"last-modified-timestamp\">Mar 20, 2026 @ 7:21 pm<\/span>\n","protected":false},"excerpt":{"rendered":"<p>Bibliotecas virtuales Biblioteca Digital Ciudad Seva Biblioteca Digital Hisp\u00e1nica (BNE) BitBiblioteca (Analitica Venezuela) Bieses: bibliograf\u00eda de escritores espa\u00f1oles Cervantes virtual: biblioteca virtual con textos en l\u00ednea Ficticia (biblioteca en l\u00ednea con rese\u00f1as) Libros electr\u00f3nicos (biblioteca virtual del Instituto Cervantes) <a href=\"http:\/\/Literatura.us\" class=\"autohyperlink\">Literatura.us<\/a> Proyecto Ensayo Hisp\u00e1nico Wikilibros: biblioteca libre Wikisource: biblioteca libre V\u00e9ase<\/p>\n","protected":false},"author":1,"featured_media":0,"parent":0,"menu_order":0,"comment_status":"closed","ping_status":"closed","template":"","meta":{"iawp_total_views":7,"footnotes":"","_wp_rev_ctl_limit":""},"class_list":["post-11764","page","type-page","status-publish","hentry"],"publishpress_future_action":{"enabled":false,"date":"2026-05-07 15:47:03","action":"change-status","newStatus":"draft","terms":[],"taxonomy":"","extraData":[]},"publishpress_future_workflow_manual_trigger":{"enabledWorkflows":[]},"_links":{"self":[{"href":"https:\/\/hlrnet.com\/sites\/alt164\/wp-json\/wp\/v2\/pages\/11764","targetHints":{"allow":["GET"]}}],"collection":[{"href":"https:\/\/hlrnet.com\/sites\/alt164\/wp-json\/wp\/v2\/pages"}],"about":[{"href":"https:\/\/hlrnet.com\/sites\/alt164\/wp-json\/wp\/v2\/types\/page"}],"author":[{"embeddable":true,"href":"https:\/\/hlrnet.com\/sites\/alt164\/wp-json\/wp\/v2\/users\/1"}],"replies":[{"embeddable":true,"href":"https:\/\/hlrnet.com\/sites\/alt164\/wp-json\/wp\/v2\/comments?post=11764"}],"version-history":[{"count":5,"href":"https:\/\/hlrnet.com\/sites\/alt164\/wp-json\/wp\/v2\/pages\/11764\/revisions"}],"predecessor-version":[{"id":27780,"href":"https:\/\/hlrnet.com\/sites\/alt164\/wp-json\/wp\/v2\/pages\/11764\/revisions\/27780"}],"wp:attachment":[{"href":"https:\/\/hlrnet.com\/sites\/alt164\/wp-json\/wp\/v2\/media?parent=11764"}],"curies":[{"name":"wp","href":"https:\/\/api.w.org\/{rel}","templated":true}]}}