{"id":11698,"date":"2018-04-19T16:46:15","date_gmt":"2018-04-19T16:46:15","guid":{"rendered":"http:\/\/hlrnet.com\/sites\/alt164\/?page_id=11698"},"modified":"2026-03-20T19:23:12","modified_gmt":"2026-03-20T19:23:12","slug":"vivir-en-espanol","status":"publish","type":"page","link":"https:\/\/hlrnet.com\/sites\/alt164\/vivir-en-espanol\/","title":{"rendered":"Vivir en espa\u00f1ol"},"content":{"rendered":"<ul>\n<li><a href=\"https:\/\/hlrnet.com\/sites\/alt164\/la-cocina\/\">La comida<\/a><\/li>\n<li><a href=\"https:\/\/hlrnet.com\/sites\/alt164\/la-casa-y-la-vivienda\/\">La casa y la vivienda<\/a><\/li>\n<li><a href=\"https:\/\/hlrnet.com\/sites\/alt164\/el-trabajo-y-el-empleo\/\"> El trabajo y el empleo<\/a><\/li>\n<li><a href=\"https:\/\/hlrnet.com\/sites\/alt164\/transportes\/\">Transportes<\/a><\/li>\n<li>Asociaciones de hispanohablantes en B\u00e9lgica\n<ul>\n<li><a href=\"https:\/\/www.abia.be\/\">ABIA: Asociaci\u00f3n belgo-ibero-americana<\/a><\/li>\n<li><a href=\"https:\/\/www.casanica.org\/\">Casa Nicaragua de Lieja<\/a><\/li>\n<li><a href=\"https:\/\/www.charlotte-ecuador.org\/\">Fundaci\u00f3n Charlotte &#8211; Ecuador<\/a><\/li>\n<li>y <a href=\"https:\/\/www.hispagenda.com\/\">Hispagenda<\/a><\/li>\n<\/ul>\n<\/li>\n<li>Calendario de fiestas\n<ul>\n<li><a href=\"https:\/\/www.100x35.com\/Entre\/fiestas\/\">Calendario de fiestas patronales y festivales en Puerto Rico<\/a><\/li>\n<li><a href=\"https:\/\/www.cuandopasa.com\/\">CuandoPasa<\/a><\/li>\n<li><a href=\"https:\/\/www.corazones.org\/santos\/a_santos.htm\">Corazones: lista de santos<\/a><\/li>\n<li><a href=\"http:\/\/www.fiestas.net\/\">Fiestas.net<\/a><\/li>\n<li><a href=\"https:\/\/www.revistaiberica.com\/fiestas\/interes_turistico.htm\">Revista ib\u00e9rica: calendario de fiestas<\/a><\/li>\n<\/ul>\n<\/li>\n<li>Todos los Santos\n<ul>\n<li><a href=\"https:\/\/es.wikipedia.org\/wiki\/Todos_los_Santos\">Wikipedia: Todos los Santos<\/a><\/li>\n<li><a href=\"https:\/\/es.wikipedia.org\/wiki\/Todos_los_Santos\">Wikipedia: D\u00eda de Muertos<\/a><\/li>\n<li><a href=\"https:\/\/www.corazones.org\/biblia_y_liturgia\/liturgia\/todos_los_santos.htm\">Corazones<\/a><\/li>\n<\/ul>\n<\/li>\n<li>Navidad\n<ul>\n<li><a href=\"https:\/\/www.euroresidentes.com\/navidad\/navidad.html\">Euroresidentes<\/a><\/li>\n<li><a href=\"https:\/\/www.navidaddigital.com\/\" target=\"_blank\" rel=\"noopener noreferrer\">Navidad digital<\/a><\/li>\n<li><a href=\"https:\/\/www.contactomagazine.com\/navidad.htm\" target=\"_blank\" rel=\"noopener noreferrer\">La Navidad en el Mundo Hispanoamericano<\/a><\/li>\n<li><a href=\"https:\/\/navidad.es\/\">Navidad.es<\/a><\/li>\n<\/ul>\n<\/li>\n<li>Los reyes\n<ul>\n<li><a href=\"https:\/\/www.elhuevodechocolate.com\/reyes_magos1.htm\" target=\"_blank\" rel=\"noopener noreferrer\">El huevo de chocolate<\/a><\/li>\n<\/ul>\n<\/li>\n<li>San Valent\u00edn\n<ul>\n<li><a href=\"https:\/\/elalmanaque.com\/libros\/sanvalentin.htm\" target=\"_blank\" rel=\"noopener noreferrer\">Especial San Valent\u00edn<\/a><\/li>\n<li><a href=\"https:\/\/www.euroresidentes.com\/Diversion\/Frases\/frases_san_valentin.htm\">Frases de San Valent\u00edn (Euroresidentes)<\/a><\/li>\n<li><a href=\"https:\/\/www.euroresidentes.com\/Diversion\/historia-dia-san-valentin.htm\">Historia de San Valent\u00edn (Euroresidentes)<\/a><\/li>\n<li><a href=\"https:\/\/www.sanvalentin.org\/\" target=\"_blank\" rel=\"noopener noreferrer\">San Valent\u00edn.org<\/a><\/li>\n<li><a href=\"https:\/\/www.significados.com\/dia-de-san-valentin\/\">Significado de San Valent\u00edn<\/a><\/li>\n<li><a href=\"https:\/\/es.wikipedia.org\/wiki\/D%C3%ADa_de_San_Valent%C3%ADn\">Wikipedia<\/a><\/li>\n<\/ul>\n<\/li>\n<li>Carnaval\n<ul>\n<li><a href=\"https:\/\/www.carnavaldebarranquilla.org\/\" target=\"_blank\" rel=\"noopener noreferrer\">Carnaval de Barranquilla<\/a><\/li>\n<li><a href=\"https:\/\/www.diariosur.es\/local\/carnaval\/\">Carnaval de M\u00e1laga<\/a><\/li>\n<li><a href=\"https:\/\/www.carnavaldeltoro.es\/\">Carnaval del Toro<\/a> (Ciudad Rodrigo)<\/li>\n<li><a href=\"https:\/\/www.livio.com\/carnaval\/\">El Carnaval vegano en la Rep\u00fablica Dominicana<\/a><\/li>\n<li><a href=\"https:\/\/www.esmadrid.com\/agenda\/carnaval-madrid\">Esmadrid<\/a><\/li>\n<li><a href=\"https:\/\/www.elespanol.com\/temas\/carnavales\/\">Elespa\u00f1ol<\/a><\/li>\n<li><a href=\"https:\/\/es.wikipedia.org\/wiki\/Carnaval\">Wikipedia: Carnaval<\/a><\/li>\n<li><a href=\"https:\/\/es.wikipedia.org\/wiki\/Carnaval_en_Espa%C3%B1a\">Wikipedia: Carnaval en Espa\u00f1a<\/a><\/li>\n<\/ul>\n<\/li>\n<li>Fallas\n<ul>\n<li><a href=\"https:\/\/www.comunitatvalenciana.com\/\">Comunitat Valenciana: Fallas<\/a><\/li>\n<li><a href=\"https:\/\/www.fallas.com\/\">Fallas.com<\/a> &#8211; Junta Central Fallera<\/li>\n<\/ul>\n<\/li>\n<li>Semana Santa y Pascua\n<ul>\n<li><a href=\"https:\/\/www.agrupaciondecofradias.es\/\">Agrupaci\u00f3n de Cofrad\u00edas de Semana Santa de M\u00e1laga<\/a><\/li>\n<li><a href=\"https:\/\/www.corazones.org\/biblia_y_liturgia\/liturgia\/pascua.htm\">Corazones.org<\/a><\/li>\n<li><a href=\"https:\/\/www.hermandades-de-sevilla.org\/\">Hermandades de Sevilla<\/a><\/li>\n<li><a href=\"https:\/\/www.semana-santa.org\/\">Semana Santa Sevilla<\/a><\/li>\n<\/ul>\n<\/li>\n<li>Feria de abril en Sevilla\n<ul>\n<li><a href=\"https:\/\/www.elalmanaque.com\/feria\/\">El almanaque<\/a><\/li>\n<li><a href=\"https:\/\/feriadesevilla.andalunet.com\/\">Feria de Sevilla<\/a><\/li>\n<li><a href=\"https:\/\/www.sevilla.org\/fiestas-de-la-ciudad\/feria-de-sevilla\">Sevilla.org<\/a><\/li>\n<li><a href=\"https:\/\/visitasevilla.es\/la-feria-de-abril\/\">Visita Sevilla<\/a><\/li>\n<\/ul>\n<\/li>\n<li>San Ferm\u00edn\n<ul>\n<li><a href=\"https:\/\/www.pamplona.es\/turismo\/sanfermin\">Pamplona.es<\/a><\/li>\n<li><a href=\"https:\/\/www.sanfermin.com\/\">sanfermin.com<\/a><\/li>\n<li><a href=\"https:\/\/www.visitnavarra.es\/es\/sanfermines\">Visit Navarra<\/a><\/li>\n<\/ul>\n<\/li>\n<li>M\u00e1s sobre cultura <a href=\"https:\/\/hlrnet.com\/sites\/alt164\/cultura-con-n\/\">aqu\u00ed<\/a><\/li>\n<\/ul>\n<span class=\"last-modified-timestamp\">Mar 20, 2026 @ 7:23 pm<\/span>\n","protected":false},"excerpt":{"rendered":"<p>La comida La casa y la vivienda El trabajo y el empleo Transportes Asociaciones de hispanohablantes en B\u00e9lgica ABIA: Asociaci\u00f3n belgo-ibero-americana Casa Nicaragua de Lieja Fundaci\u00f3n Charlotte &#8211; Ecuador y Hispagenda Calendario de fiestas Calendario de fiestas patronales y festivales en Puerto Rico CuandoPasa Corazones: lista de santos <a href=\"http:\/\/Fiestas.net\" class=\"autohyperlink\">Fiestas.net<\/a> Revista<\/p>\n","protected":false},"author":1,"featured_media":0,"parent":0,"menu_order":0,"comment_status":"closed","ping_status":"closed","template":"","meta":{"iawp_total_views":6,"footnotes":"","_wp_rev_ctl_limit":""},"class_list":["post-11698","page","type-page","status-publish","hentry"],"publishpress_future_action":{"enabled":false,"date":"2026-05-04 05:42:10","action":"change-status","newStatus":"draft","terms":[],"taxonomy":"","extraData":[]},"publishpress_future_workflow_manual_trigger":{"enabledWorkflows":[]},"_links":{"self":[{"href":"https:\/\/hlrnet.com\/sites\/alt164\/wp-json\/wp\/v2\/pages\/11698","targetHints":{"allow":["GET"]}}],"collection":[{"href":"https:\/\/hlrnet.com\/sites\/alt164\/wp-json\/wp\/v2\/pages"}],"about":[{"href":"https:\/\/hlrnet.com\/sites\/alt164\/wp-json\/wp\/v2\/types\/page"}],"author":[{"embeddable":true,"href":"https:\/\/hlrnet.com\/sites\/alt164\/wp-json\/wp\/v2\/users\/1"}],"replies":[{"embeddable":true,"href":"https:\/\/hlrnet.com\/sites\/alt164\/wp-json\/wp\/v2\/comments?post=11698"}],"version-history":[{"count":5,"href":"https:\/\/hlrnet.com\/sites\/alt164\/wp-json\/wp\/v2\/pages\/11698\/revisions"}],"predecessor-version":[{"id":27783,"href":"https:\/\/hlrnet.com\/sites\/alt164\/wp-json\/wp\/v2\/pages\/11698\/revisions\/27783"}],"wp:attachment":[{"href":"https:\/\/hlrnet.com\/sites\/alt164\/wp-json\/wp\/v2\/media?parent=11698"}],"curies":[{"name":"wp","href":"https:\/\/api.w.org\/{rel}","templated":true}]}}