{"id":2631,"date":"2018-04-25T12:55:38","date_gmt":"2018-04-25T12:55:38","guid":{"rendered":"http:\/\/hlrnet.com\/sites\/alt128\/?page_id=2631"},"modified":"2026-01-10T17:08:34","modified_gmt":"2026-01-10T17:08:34","slug":"litterature","status":"publish","type":"page","link":"https:\/\/hlrnet.com\/sites\/alt128\/litterature\/","title":{"rendered":"Litt\u00e9rature"},"content":{"rendered":"<ul>\n<li><a href=\"http:\/\/cedric.cnam.fr\/\" target=\"_blank\" rel=\"noopener noreferrer\">ABU<\/a>: la biblioth\u00e8que universelle<\/li>\n<li><a href=\"http:\/\/www.academieroyale.be\/\">Acad\u00e9mie royale des Sciences, des Lettres et des Beaux-Arts de Belgique<\/a><\/li>\n<li><a href=\"https:\/\/www.actualitte.com\/\">ActuaLitt\u00e9<\/a><\/li>\n<li><a href=\"http:\/\/www.alloprof.qc.ca\/\">Alloprof<\/a><\/li>\n<li><a href=\"http:\/\/www.alire.com\/\" target=\"_blank\" rel=\"noopener noreferrer\">Alire.COM<\/a><\/li>\n<li><a href=\"http:\/\/www.amazon.fr\/\" target=\"_blank\" rel=\"noopener noreferrer\">Amazon.fr<\/a>: librairie virtuelle<\/li>\n<li><a href=\"https:\/\/www.audible.fr\/\">Audible<\/a>: livres audio et podcasts<\/li>\n<li><a href=\"https:\/\/www.audiocite.net\/\">Audiocit\u00e9<\/a>: livres audio gratuits en mp3<\/li>\n<li><a href=\"http:\/\/www.audiolib.fr\/\">Audiolib<\/a>: livres \u00e0 \u00e9couter<\/li>\n<li>Auteurs\n<ul>\n<li><a href=\"https:\/\/www.mimesisjournals.com\/ojs\/index.php\/bachelardstudies\/index\">Etudes bachelardiennes<\/a><\/li>\n<li><a href=\"https:\/\/classiques-garnier.com\/bulletin-de-la-societe-paul-claudel.html\">Bulletin de la Soci\u00e9t\u00e9 Paul Claudel<\/a><\/li>\n<li><a href=\"http:\/\/flaubert.univ-rouen.fr\/\" target=\"_blank\" rel=\"noopener noreferrer\">Gustave Flaubert<\/a><\/li>\n<li><a href=\"http:\/\/maupassantiana.fr\/\">Maupassantiana<\/a><\/li>\n<li><a href=\"http:\/\/maupassant.free.fr\/\" target=\"_blank\" rel=\"noopener noreferrer\">Maupassant par les textes<\/a><\/li>\n<li><a href=\"http:\/\/yvesdewilliencourt.fr\/\">Yves de Williencourt<\/a>: nouvelles de Maupassent \u00e0 \u00e9couter<\/li>\n<\/ul>\n<\/li>\n<li><a href=\"http:\/\/www.babelio.com\/\">Babelio<\/a>: d\u00e9couvrez, partagez, d\u00e9nichez<\/li>\n<li>La <a href=\"http:\/\/www.bnf.fr\/\" target=\"_blank\" rel=\"noopener noreferrer\">Biblioth\u00e8que Nationale<\/a><\/li>\n<li><a href=\"http:\/\/bruitdespages.blogspot.be\/\">Le bruit des pages<\/a>: blogs<\/li>\n<li><a href=\"http:\/\/www.lacauselitteraire.fr\/\">La cause litt\u00e9raire<\/a><\/li>\n<li><a href=\"http:\/\/www.crlv.org\/\">Centre de Recherche sur la Litt\u00e9rature de Voyages<\/a><\/li>\n<li>Citations\n<ul>\n<li><a href=\"https:\/\/www.abc-citations.com\/\">abc-citations<\/a><\/li>\n<li><a href=\"https:\/\/www.babelio.com\/dernierescitations.php\">Babelio<\/a><\/li>\n<li><a href=\"http:\/\/www.bellescitations.com\/\">Bellescitations<\/a><\/li>\n<li><a href=\"https:\/\/www.brainyquote.com\/fr\/\">BrainyQuote<\/a><\/li>\n<li><a href=\"https:\/\/www.citationbonheur.fr\/\">Citations Bonheur<\/a><\/li>\n<li><a href=\"http:\/\/dicocitations.lemonde.fr\/\">Dico-citations<\/a><\/li>\n<li><a href=\"http:\/\/www.espacefrancais.com\/espace-des-citations-les-themes\/\">Espace fran\u00e7ais<\/a><\/li>\n<li><a href=\"https:\/\/www.intoxitation.com\/\">Intoxitation<\/a><\/li>\n<li><a href=\"http:\/\/www.proverbes-citations.com\/\">Proverbes-citations<\/a><\/li>\n<li><a href=\"http:\/\/evene.lefigaro.fr\/citations\">Le Figaro<\/a><\/li>\n<li><a href=\"http:\/\/dicocitations.lemonde.fr\/\">Le Monde<\/a><\/li>\n<li><a href=\"http:\/\/citation-celebre.leparisien.fr\/\">Le Parisien<\/a><\/li>\n<li><a href=\"https:\/\/www.lexilogos.com\/citations.htm\">Lexilogos<\/a><\/li>\n<li><a href=\"http:\/\/www.linternaute.com\/citation\/\">Linternaute<\/a><\/li>\n<li><a href=\"http:\/\/www.mon-poeme.fr\/dico-des-citations\/\">Mon Po\u00e8me<\/a><\/li>\n<li><a href=\"https:\/\/citations.ouest-france.fr\/\">Ouest-France<\/a><\/li>\n<li><a href=\"https:\/\/www.proverbes-citations.com\/\">Proverbes et citations<\/a><\/li>\n<li><a href=\"http:\/\/www.proverbes-francais.fr\/\">Proverbes fran\u00e7ais<\/a><\/li>\n<li><a href=\"https:\/\/www.senscritique.com\/liste\/Citations_litteraires_cultes\/56830\">Senscritique<\/a><\/li>\n<li><a href=\"http:\/\/sos.philosophie.free.fr\/citation.htm\">SOS Philosophie<\/a><\/li>\n<li><a href=\"https:\/\/fr.wikiquote.org\/\">Wikiquote<\/a><\/li>\n<\/ul>\n<\/li>\n<li><a href=\"http:\/\/clicnet.swarthmore.edu\/\" target=\"_blank\" rel=\"noopener noreferrer\">Clicnet<\/a>: site culturel et litt\u00e9raire francophone<\/li>\n<li><a href=\"https:\/\/colin.ex-situ.info\/s\/colin\/page\/accueil\">Catalogue des \u0153uvres litt\u00e9raires num\u00e9riques (COLiN)<\/a> &#8211; Construire le corpus du Qu\u00e9bec<\/li>\n<li><a href=\"http:\/\/www.critiqueslibres.com\/\">Critiques libres<\/a><\/li>\n<li><a href=\"https:\/\/www.cyrano.education\/\">Cyrano<\/a>: plateforme vid\u00e9o de th\u00e9\u00e2tre \u00e0 destination des enseignants.<\/li>\n<li><a href=\"https:\/\/www.de-plume-en-plume.fr\/\">De plume en plume<\/a>: site litt\u00e9raire participatif<\/li>\n<li><a href=\"http:\/\/dicocitations.lemonde.fr\/\">Dico-citations<\/a> (Le Monde)<\/li>\n<li><a href=\"http:\/\/www.ebooksgratuits.org\/\" target=\"_blank\" rel=\"noopener noreferrer\">Ebooks libres et gratuits<\/a><\/li>\n<li>Editeurs\n<ul>\n<li><a href=\"https:\/\/www.lisez.com\/1018\/16\">10-18<\/a><\/li>\n<li><a href=\"http:\/\/www.actes-sud.fr\/\">Actes Sud<\/a><\/li>\n<li><a href=\"http:\/\/www.belfond.fr\/\">Belfond<\/a><\/li>\n<li><a href=\"https:\/\/www.lisez.com\/editeurs\/bouquins\">Bouquins<\/a><\/li>\n<li><a href=\"https:\/\/classiques-garnier.com\/\">Classiques Garnier<\/a><\/li>\n<li><a href=\"http:\/\/calmann-levy.fr\/\">Calmann-L\u00e9vy<\/a><\/li>\n<li><a href=\"https:\/\/www.decitre.fr\/\">Decitre<\/a><\/li>\n<li><a href=\"https:\/\/www.editis.com\/\">Editis (Univers Poche)<\/a><\/li>\n<li><a href=\"http:\/\/www.lesescales.fr\/\">Les Escales<\/a><\/li>\n<li><a href=\"http:\/\/www.fayard.fr\/\">Fayard<\/a><\/li>\n<li><a href=\"https:\/\/editions.flammarion.com\/\">Flammarion<\/a><\/li>\n<li><a href=\"http:\/\/www.gallimard.fr\/\">Gallimard<\/a><\/li>\n<li><a href=\"https:\/\/www.grasset.fr\/\">Grasset<\/a><\/li>\n<li><a href=\"http:\/\/www.julliard.fr\/\">Julliard<\/a><\/li>\n<li><a href=\"https:\/\/www.lisez.com\/editeurs\/robert-laffont\">Robert Laffont<\/a><\/li>\n<li><a href=\"http:\/\/www.editions-jclattes.fr\/\">JC Latt\u00e8s<\/a><\/li>\n<li><a href=\"http:\/\/www.editionslucpire.be\/\">Luc Pire<\/a><\/li>\n<li><a href=\"http:\/\/www.albin-michel.fr\/\">Albin Michel<\/a><\/li>\n<li><a href=\"http:\/\/www.payot-rivages.fr\/\">Payot&amp; Rivages<\/a><\/li>\n<li><a href=\"http:\/\/www.editions-perrin.fr\/\">Perrin<\/a><\/li>\n<li><a href=\"http:\/\/www.piranha.fr\/\">Piranha<\/a><\/li>\n<li><a href=\"http:\/\/www.plon.fr\/\">Plon<\/a><\/li>\n<li><a href=\"http:\/\/www.racine.be\/\">Racine<\/a><\/li>\n<li><a href=\"http:\/\/www.seuil.com\/\">Seuil<\/a><\/li>\n<li><a href=\"http:\/\/short-edition.com\/\">Short-edition<\/a>: litt\u00e9rature courte<\/li>\n<li><a href=\"http:\/\/www.editions-stock.fr\/\">Stock<\/a><\/li>\n<\/ul>\n<\/li>\n<li>Le monde des \u00e9diteurs\n<ul>\n<li><a href=\"http:\/\/pilen.be\/\">PILEn<\/a>: partenariat interprofessionnel du livre et de l&rsquo;\u00e9dition num\u00e9rique<\/li>\n<\/ul>\n<\/li>\n<li><a href=\"http:\/\/www.etudes-litteraires.com\/\" target=\"_blank\" rel=\"noopener noreferrer\"><strong>Etudes-litt\u00e9raires.com<\/strong><\/a><\/li>\n<li><a href=\"http:\/\/www.e-litterature.net\/\">e-litt\u00e9rature<\/a><\/li>\n<li><a href=\"http:\/\/www.fabula.org\/\">Fabula<\/a>: la recherche en litt\u00e9rature<\/li>\n<li><a href=\"http:\/\/www.flb.be\/\">Foire du Livre de Bruxelles<\/a><\/li>\n<li><a href=\"http:\/\/www.fnac.fr\/\" target=\"_blank\" rel=\"noopener noreferrer\">FNAC<\/a><\/li>\n<li><a href=\"http:\/\/gallica.bnf.fr\/\" target=\"_blank\" rel=\"noopener noreferrer\">Gallica<\/a><\/li>\n<li><a href=\"http:\/\/books.google.fr\/\" target=\"_blank\" rel=\"noopener noreferrer\">Google: recherche de livres <\/a><\/li>\n<li><a href=\"http:\/\/www.grasset.fr\/\" target=\"_blank\" rel=\"noopener noreferrer\">Grasset<\/a><\/li>\n<li>Histoire de la litt\u00e9rature\n<ul>\n<li>G\u00e9n\u00e9rale<\/li>\n<li><a href=\"https:\/\/www.laculturegenerale.com\/classiques-litterature-francaise\/\">162 classiques de la litt\u00e9rature fran\u00e7aise<\/a><\/li>\n<li><a href=\"http:\/\/www.cosmovisions.com\/litteratureFrancaise.htm\">Cosmovisions<\/a><\/li>\n<li><a href=\"https:\/\/geudensherman.wordpress.com\/\">Herman Geudens<\/a><\/li>\n<li><a href=\"http:\/\/www.histoiredumonde.net\/\">HistoireduMonde<\/a><\/li>\n<li><a href=\"http:\/\/la-litterature.com\/\">La-litt\u00e9rature<\/a><\/li>\n<li><a href=\"https:\/\/www.peren-revues.fr\/figures-historiques\/\">Les grandes figures historiques dans les lettres et les arts<\/a><\/li>\n<li><a href=\"https:\/\/www.cairn.info\/revue-d-histoire-litteraire-de-la-france.htm\">Revue d&rsquo;histoire litt\u00e9raire de la France<\/a><\/li>\n<li><a href=\"https:\/\/read.dukeupress.edu\/romanic-review\/\">Romanic Review<\/a><\/li>\n<li><a href=\"https:\/\/www.senscritique.com\/top\/resultats\/Les_classiques_de_la_litterature_francaise\/354108\">Top 50 des meilleurs classiques de la litt\u00e9rature fran\u00e7aise<\/a><\/li>\n<li><a href=\"https:\/\/fr.wikipedia.org\/wiki\/Litt%C3%A9rature_fran%C3%A7aise\">Wikipedia<\/a><\/li>\n<li>Moyen Age<\/li>\n<li><a href=\"https:\/\/effervescencesmedievales.home.blog\/\">Effervescences m\u00e9di\u00e9vales: plateforme collaborative et interdisciplinaire sur le Moyen Age<\/a><\/li>\n<li><a href=\"https:\/\/geudensherman.wordpress.com\/lit-ma-fr\/\">Herman Geudens<\/a><\/li>\n<li><a href=\"https:\/\/fr.wikipedia.org\/wiki\/Litt%C3%A9rature_fran%C3%A7aise_du_Moyen_%C3%82ge\">Wikipedia<\/a><\/li>\n<li>XVIe<\/li>\n<li><a href=\"https:\/\/classiques-garnier.com\/l-annee-rabelaisienne.html\">L&rsquo;ann\u00e9e rabelaisienne<\/a><\/li>\n<li><a href=\"https:\/\/classiques-garnier.com\/bulletin-de-la-societe-internationale-des-amis-de-montaigne.html\">Bulletin de la Soci\u00e9t\u00e9 internationale des amis de Montaigne<\/a><\/li>\n<li><a href=\"http:\/\/cornucopia16.com\/\">Cornucopia (XVIe)<\/a><\/li>\n<li><a href=\"https:\/\/cosmovisions.com\/litteratureFrancaise16.htm\">Cosmovision<\/a><\/li>\n<li><a href=\"https:\/\/geudensherman.wordpress.com\/lit-16-fr\/\">Herman Geudens<\/a><\/li>\n<li><a href=\"https:\/\/fr.wikipedia.org\/wiki\/Litt%C3%A9rature_fran%C3%A7aise_du_XVIe_si%C3%A8cle\">Wikipedia<\/a><\/li>\n<li>XVIIe<\/li>\n<li><a href=\"http:\/\/www.17esiecle.fr\">Soci\u00e9t\u00e9 d\u2019\u00c9tude du XVIIe si\u00e8cle<\/a><\/li>\n<li><a href=\"https:\/\/cosmovisions.com\/litteratureFrancaise17.htm\">Cosmovision<\/a><\/li>\n<li><a href=\"https:\/\/www.universalis.fr\/encyclopedie\/litterature-francaise-xviie-s\/\">Encyclopedia Universalis<\/a><\/li>\n<li><a href=\"https:\/\/geudensherman.wordpress.com\/lit-17-fr\/\">Herman Geudens<\/a><\/li>\n<li><a href=\"https:\/\/www.cairn.info\/revue-dix-septieme-siecle.htm\">Revue Dix-septi\u00e8me si\u00e8cle<\/a><\/li>\n<li><a href=\"https:\/\/fr.wikipedia.org\/wiki\/Litt%C3%A9rature_fran%C3%A7aise_du_XVIIe_si%C3%A8cle\">Wikipedia<\/a><\/li>\n<li>XVIIIe<\/li>\n<li><a href=\"http:\/\/www.cosmovisions.com\/litteratureFrancaise18.htm\">Cosmovisions<\/a><\/li>\n<li><a href=\"http:\/\/www.global18.org\/\">Global18<\/a><\/li>\n<li><a href=\"https:\/\/geudensherman.wordpress.com\/lit-18-fr\/\">Herman Geudens<\/a><\/li>\n<li><a href=\"https:\/\/www.cairn.info\/revue-dix-huitieme-siecle.htm\">Revue Dix-huiti\u00e8me si\u00e8cle<\/a><\/li>\n<li><a href=\"https:\/\/sfeds.fr\/\">Soci\u00e9t\u00e9 Fran\u00e7aise d&rsquo;Etudes du Dix-huiti\u00e8me si\u00e8cle (SFEDS)<\/a><\/li>\n<li><a href=\"https:\/\/fr.wikipedia.org\/wiki\/Litt%C3%A9rature_fran%C3%A7aise_du_XVIIIe_si%C3%A8cle\">Wikipedia<\/a><\/li>\n<li>XIXe<\/li>\n<li><a href=\"https:\/\/classiques-garnier.com\/cahiers-alexandre-dumas.html\">Cahiers Alexandre Dumas<\/a><\/li>\n<li><a href=\"https:\/\/cosmovisions.com\/litteratureFrancaise19.htm\">Cosmovision<\/a><\/li>\n<li><a href=\"https:\/\/classiques-garnier.com\/etudes-romantiques-et-dix-neuviemistes.html\">\u00c9tudes romantiques et dix-neuvi\u00e9mistes<\/a><\/li>\n<li><a href=\"https:\/\/classiques-garnier.com\/etudes-stephane-mallarme.html\">\u00c9tudes St\u00e9phane Mallarm\u00e9<\/a><\/li>\n<li><a href=\"https:\/\/geudensherman.wordpress.com\/lit-19-fr\/\">Herman Geudens<\/a><\/li>\n<li><a href=\"http:\/\/www.ncfs-journal.org\/\">Nineteenth-Century French Studies<\/a><\/li>\n<li><a href=\"https:\/\/classiques-garnier.com\/revue-nerval.html\">Revue Nerval<\/a><\/li>\n<li><a href=\"https:\/\/classiques-garnier.com\/revue-verlaine.html\">Revue Verlaine<\/a><\/li>\n<li><a href=\"https:\/\/classiques-garnier.com\/revue-d-etudes-proustiennes.html\">Revue d&rsquo;\u00e9tudes proustiennes<\/a><\/li>\n<li><a href=\"https:\/\/www.cairn.info\/revue-romantisme.htm\">Romantisme (revue)<\/a><\/li>\n<li><a href=\"https:\/\/litterature.savoir.fr\/mouvement-litteraire-19eme-siecle\/\">Savoir.fr<\/a><\/li>\n<li><a href=\"https:\/\/fr.wikipedia.org\/wiki\/Litt%C3%A9rature_fran%C3%A7aise_du_XIXe_si%C3%A8cle\">Wikipedia<\/a><\/li>\n<li>XXe<\/li>\n<li><a href=\"http:\/\/classes.bnf.fr\/echo\/\">Entendre le th\u00e9\u00e2tre: un voyage sonore dans le th\u00e9\u00e2tre fran\u00e7ais au XXe si\u00e8cle<\/a><\/li>\n<li><a href=\"https:\/\/geudensherman.wordpress.com\/lit-20-fr\/\">Herman Geudens<\/a><\/li>\n<li>XXIe<\/li>\n<li><a href=\"https:\/\/journals.openedition.org\/elfe\/\">Elfe XX-XXI &#8211; \u00c9tudes de la litt\u00e9rature fran\u00e7aise des XXe et XXIe si\u00e8cles<\/a><\/li>\n<li><a href=\"https:\/\/geudensherman.wordpress.com\/lit-21-fr\/\">Herman Geudens<\/a><\/li>\n<\/ul>\n<\/li>\n<li><a href=\"http:\/\/www.jailu.com\/\">J&rsquo;ai lu<\/a><\/li>\n<li><a href=\"http:\/\/www.lakube.com\/\">Kube<\/a>: box livre personnalis\u00e9e<\/li>\n<li><a href=\"http:\/\/www.lecteurs.com\/\">Lecteurs.com<\/a><\/li>\n<li><a href=\"https:\/\/www.lepetitlitteraire.fr\/\">LePetitLitt\u00e9raire<\/a>: analyses de livres, r\u00e9sum\u00e9s, &#8230;<\/li>\n<li>Librairies importantes pour apprenants belges\n<ul>\n<li><a href=\"http:\/\/www.filigranes.be\/fr\/\">Filigranes<\/a><\/li>\n<li><a href=\"http:\/\/www.fnac.be\/\">Fnac<\/a><\/li>\n<li><a href=\"https:\/\/www.furet.com\/\">Le Furet du Nord<\/a><\/li>\n<\/ul>\n<\/li>\n<li>Librairies en ligne\n<ul>\n<li><a href=\"http:\/\/www.chapitre.com\/\" target=\"_blank\" rel=\"noopener noreferrer\">Chapitre.com<\/a>: livres anciens et neufs, livres introuvables<\/li>\n<li><a href=\"https:\/\/www.cultura.com\/\">Cultura.com<\/a><\/li>\n<li><a href=\"https:\/\/www.decitre.fr\/\">Decitre<\/a><\/li>\n<li><a href=\"http:\/\/www.fnac.fr\/\">Fnac<\/a><\/li>\n<li><a href=\"https:\/\/www.furet.com\/\">Le Furet du Nord<\/a><\/li>\n<li><a href=\"http:\/\/www.librairie-kleber.com\/\">Kl\u00e9ber<\/a><\/li>\n<li><a href=\"https:\/\/www.librairielaforge.fr\/\">La Forge<\/a><\/li>\n<li><a href=\"http:\/\/www.mollat.com\/\">Mollat<\/a><\/li>\n<li><a href=\"http:\/\/www.ombres-blanches.fr\/\">Ombres Blanches<\/a><\/li>\n<li><a href=\"http:\/\/www.sauramps.com\/\">Sauramps<\/a><\/li>\n<\/ul>\n<\/li>\n<li>E-books (et <a href=\"https:\/\/hlrnet.com\/sites\/e-books\/\">davantage ici<\/a>)\n<ul>\n<li><a href=\"http:\/\/www.atramenta.net\/lecture-libre\/\">Atramenta<\/a><\/li>\n<li><a href=\"http:\/\/www.ebooks-bnr.com\/\">Biblioth\u00e8que num\u00e9rique romande<\/a><\/li>\n<li><a href=\"http:\/\/www.bibebook.com\/\">Bibebook<\/a><\/li>\n<li><a href=\"https:\/\/www.decitre.fr\/ebook.html\">Decitre<\/a><\/li>\n<li><a href=\"http:\/\/www.ebooksgratuits.com\/\">ebooksgratuits<\/a><\/li>\n<li><a href=\"https:\/\/www.epagine.fr\/\">ePAGINE<\/a><\/li>\n<li><a href=\"http:\/\/www4.fnac.com\/telecharger-ebook.asp\">Fnac<\/a><\/li>\n<li><a href=\"https:\/\/www.furet.com\/ebooks.html\">Furet<\/a><\/li>\n<li><a href=\"https:\/\/www.librel.be\/\">Librel<\/a> portail num\u00e9rique des libraires francophones de Belgique<\/li>\n<li><a href=\"http:\/\/www.meslivresnumeriques.be\/\">Mes livres num\u00e9riques<\/a><\/li>\n<li><a href=\"https:\/\/nextory.com\/be-fr\">Nextory<\/a><\/li>\n<li><a href=\"http:\/\/www.numilog.com\/\">NumiLog<\/a><\/li>\n<\/ul>\n<\/li>\n<li><a href=\"https:\/\/www.larepubliquedeslivres.com\">La r\u00e9publique des livres<\/a><\/li>\n<li><a href=\"https:\/\/www.laviedesidees.fr\">La vie des id\u00e9es (Coll\u00e8ge de France)<\/a><\/li>\n<li><a href=\"http:\/\/www.liege-lettres.be\/\">L\u00e8ge-lettres<\/a><\/li>\n<li><a href=\"http:\/\/aflit.arts.uwa.edu.au\/FEMEChome.html\" target=\"_blank\" rel=\"noopener noreferrer\">Lire les femmes \u00e9crivains et les litt\u00e9ratures africaines<\/a><\/li>\n<li><a href=\"http:\/\/www.lirelire.net\/\">Lirelire<\/a><\/li>\n<li><a href=\"https:\/\/litteratube.net\/\">Litt\u00e9raTube<\/a><\/li>\n<li><a href=\"http:\/\/www.litteraturesmodesdemploi.org\/\">Litt\u00e9ratures modes d&#8217;emploi<\/a><\/li>\n<li><a href=\"http:\/\/www.meslivresnumeriques.be\/\">Mes livres num\u00e9riques<\/a><\/li>\n<li><a href=\"http:\/\/www.litteratureetfrancais.com\/\">Litt\u00e9rature et fran\u00e7ais<\/a>: blog d&rsquo;un professeur de lettres<\/li>\n<li><a href=\"http:\/\/www.livresse.com\/\" target=\"_blank\" rel=\"noopener noreferrer\">Livresse &#8211; magazine litt\u00e9raire<\/a><\/li>\n<li><a href=\"http:\/\/magazine-litteraire.com\/\">Magazine litt\u00e9raire<\/a><\/li>\n<li><a href=\"http:\/\/www.lamaisondulivre.be\/\">Maison du Livre<\/a> (BE)<\/li>\n<li><a href=\"http:\/\/marquepages.free.fr\/\" target=\"_blank\" rel=\"noopener noreferrer\">Marquepages<\/a><\/li>\n<li><a href=\"http:\/\/mythologica.fr\/\">Mythologica<\/a><\/li>\n<li>Livres de poche\n<ul>\n<li><a href=\"http:\/\/www.10-18.fr\/\">10-18<\/a><\/li>\n<li><a href=\"http:\/\/www.folio-lesite.fr\/\">Folio<\/a><\/li>\n<li><a href=\"http:\/\/lecerclepoints.com\/\">Le Cercle Points<\/a><\/li>\n<li><a href=\"http:\/\/www.livredepoche.com\/\">Livre de poche<\/a><\/li>\n<li><a href=\"http:\/\/www.pocket.fr\/\">Pocket.fr<\/a><\/li>\n<\/ul>\n<\/li>\n<li>Pour des auteurs et aspirants \u00e0 auteurs\n<ul>\n<li><a href=\"http:\/\/www.aproposdecriture.com\/\">A propos d&rsquo;\u00e9criture<\/a><\/li>\n<li><a href=\"http:\/\/ecriture-livres.fr\/\">Ecriture (tiret) livres<\/a><\/li>\n<li><a href=\"http:\/\/www.monbestseller.com\/\">mon Bestseller<\/a><\/li>\n<\/ul>\n<\/li>\n<li>Po\u00e9sie\n<ul>\n<li><a href=\"http:\/\/www.friches.org\/\">Friches<\/a>: revue<\/li>\n<li><a href=\"http:\/\/www.poesie.net\/\" target=\"_blank\" rel=\"noopener noreferrer\">Po\u00e9sie<\/a>: Club des po\u00e8tes<\/li>\n<li><a href=\"http:\/\/www.mplf.be\/\">Maison de la po\u00e9sie Namur<\/a><\/li>\n<li><a href=\"http:\/\/www.poesie.org\/\" target=\"_blank\" rel=\"noopener noreferrer\">Po\u00e9sie.org<\/a><\/li>\n<li><a href=\"http:\/\/www.poesieetcitationsdamour.com\/\" target=\"_blank\" rel=\"noopener noreferrer\">Po\u00e9sie et Citations d&rsquo;Amour<\/a><\/li>\n<li><a href=\"https:\/\/classiques-garnier.com\/revue-europeenne-de-recherches-sur-la-poesie.html\">Revue europ\u00e9enne de recherches sur la po\u00e9sie<\/a><\/li>\n<li><a href=\"http:\/\/www.revuefpc.net\/\" target=\"_blank\" rel=\"noopener noreferrer\">Revue FPC<\/a> (Formes po\u00e9tiques contemporaines)<\/li>\n<\/ul>\n<\/li>\n<li><a href=\"http:\/\/www.lepublieur.com\/\" target=\"_blank\" rel=\"noopener noreferrer\">Le publieur<\/a>: \u00e9dition, r\u00e9\u00e9dition, auto-\u00e9dition<\/li>\n<li>Nouvelles et textes courts\n<ul>\n<li><a href=\"https:\/\/www.etudes-litteraires.com\/\">Etudes litt\u00e9raires<\/a><\/li>\n<li><a href=\"https:\/\/www.recit-page.fr\/\">R\u00e9cit-page<\/a><\/li>\n<li><a href=\"https:\/\/fr.wikipedia.org\/wiki\/Nouvelle\">Wikipedia<\/a><\/li>\n<li>Chez les libraires\n<ul>\n<li><a href=\"http:\/\/www.babelio.com\/liste\/2586\/Livres-courts\">Babelio<\/a><\/li>\n<\/ul>\n<\/li>\n<li>Editeurs\n<ul>\n<li><a href=\"http:\/\/www.emoticourt.fr\/\">Emoticourt<\/a><\/li>\n<li><a href=\"https:\/\/www.passages-et-traverses.com\/\">Passage(s) et Traverse(s)<\/a><\/li>\n<\/ul>\n<\/li>\n<\/ul>\n<\/li>\n<li>R\u00e9cits tr\u00e8s courts\n<ul>\n<li><a href=\"https:\/\/www.de-plume-en-plume.fr\/Parcourir\/Histoires\/Histoires-Tres-Courtes\">De plume en plume<\/a><\/li>\n<li><a href=\"http:\/\/short-edition.com\/\">Short edition<\/a><\/li>\n<li>et: <a href=\"http:\/\/www.editions-humanis.com\/premier-roman-court.php\">Humanis &#8211; comment l&rsquo;\u00e9crire<\/a><\/li>\n<\/ul>\n<\/li>\n<li><a href=\"https:\/\/relire.bnf.fr\/\">ReLIRE\u00a0 Registre des Livres Indisponibles en R\u00e9\u00e9dition \u00c9lectronique\u00a0 BnF<\/a><\/li>\n<li><a href=\"https:\/\/wp.unil.ch\/narratologie\/renaf\/\">R\u00e9seau des narratologues francophones (R\u00e9NaF)<\/a><\/li>\n<li>Revues\n<ul>\n<li>L&rsquo;\u00e9diteur <a href=\"https:\/\/classiques-garnier.com\/litteratures.html\">Classiques Garnier<\/a><\/li>\n<li><a href=\"https:\/\/www.unilim.fr\/actes-semiotiques\/index.php\">Actes s\u00e9miotiques<\/a><\/li>\n<li><a href=\"https:\/\/journals.library.ualberta.ca\/af\/index.php\/af\">Alternative francophone<\/a>: pour une francophonie en mode mineu<\/li>\n<li><a href=\"http:\/\/revue-approches.fr\/\">Approches: litt\u00e9rature et sceinces humaines<\/a><\/li>\n<li><a href=\"https:\/\/atlante.univ-lille.fr\">Atlante<\/a><\/li>\n<li><a href=\"http:\/\/babel.revues.org\/\">Babel, revue multilingue de litt\u00e9rature compar\u00e9e<\/a><\/li>\n<li><a href=\"https:\/\/classiques-garnier.com\/cahiers-de-litterature-francaise.html\">Cahiers de litt\u00e9rature fran\u00e7aise<\/a><\/li>\n<li><a href=\"https:\/\/journals.openedition.org\/narratologie\/\">Cahiers de Narratologie<\/a><\/li>\n<li><a href=\"https:\/\/www.ejournals.eu\/CahiersERTA\">Cahiers ERTA<\/a>: une plate-forme d\u2019\u00e9change scientifique sur la litt\u00e9rature francophone moderne et contemporaine<\/li>\n<li><a href=\"http:\/\/revuecaptures.org\/\">Captures<\/a><\/li>\n<li><a href=\"https:\/\/journals.openedition.org\/coma\/\">Continents manuscrits &#8211; G\u00e9n\u00e9tique des textes litt\u00e9raires \u2013 Afrique, Cara\u00efbe, diaspora<\/a><\/li>\n<li><a href=\"https:\/\/www.en-attendant-nadeau.fr\/\">En attendant Nadeau<\/a><\/li>\n<li><a href=\"https:\/\/epistemocritique.org\/\">\u00c9pist\u00e9mocritique. Revue de litt\u00e9rature et savoirs<\/a><\/li>\n<li><a href=\"https:\/\/journals.openedition.org\/essais\/\">Essais. Revue interdisciplinaire d&rsquo;Humanit\u00e9s<\/a><\/li>\n<li><a href=\"https:\/\/ff.pennpress.org\/home\/\">French Forum<\/a><\/li>\n<li><a href=\"https:\/\/journals.openedition.org\/imagesrevues\/\">Images Re-vues &#8211; Histoire, anthropologie et th\u00e9orie de l&rsquo;art<\/a><\/li>\n<li><a href=\"http:\/\/www.interferenceslitteraires.be\/\">Interf\u00e9rences Litt\u00e9raires<\/a><\/li>\n<li><a href=\"https:\/\/revues.imist.ma\/index.php?journal=L2C\">L2C: Langues et Cultures et Communications<\/a><\/li>\n<li><a href=\"https:\/\/www.cairn.info\/revue-langage-et-societe.htm\">Revue Langage et soci\u00e9t\u00e9<\/a> | <a href=\"http:\/\/Cairn.info\" class=\"autohyperlink\">Cairn.info<\/a><\/li>\n<li><a href=\"http:\/\/www.lire.fr\/\" target=\"_blank\" rel=\"noopener noreferrer\">Lire: magazine litt\u00e9raire<\/a><\/li>\n<li><a href=\"http:\/\/www.litteraturesmodesdemploi.org\/\">Litt\u00e9ratures mode d&#8217;emploi<\/a><\/li>\n<li><a href=\"https:\/\/www.lisez.com\/\">Lisez<\/a><\/li>\n<li><a href=\"http:\/\/musemedusa.com\/\">MuseMedusa<\/a><\/li>\n<li><a href=\"http:\/\/narratologie.ehess.fr\/\">Narratolgies<\/a><\/li>\n<li><a href=\"https:\/\/respalitt.hypotheses.org\/\">PatrimoniaLitt\u00e9<\/a>: carnet de recherche<\/li>\n<li><a href=\"https:\/\/www.cairn.info\/revue-nord.htm\">Revue Nord&rsquo;: Revue de critique litt\u00e9raire des Hauts-de-France<\/a><\/li>\n<li><a href=\"https:\/\/www.cairn.info\/revue-nouvelle-revue-d-esthetique.htm\">Nouvelle Revue d&rsquo;Esth\u00e9tique<\/a><\/li>\n<li><a href=\"https:\/\/journals.openedition.org\/peme\/\">Perspectives M\u00e9di\u00e9vales. Revue d&rsquo;\u00e9pist\u00e9mologie des langues et lit\u00e9tratures du Moyen \u00c2ge<\/a><\/li>\n<li><a href=\"http:\/\/post-scriptum.org\/\">Post-scriptum<\/a><\/li>\n<li><a href=\"http:\/\/revuepostures.com\/\">Postures: critique litt\u00e9raire<\/a><\/li>\n<li><a href=\"https:\/\/czasopisma.kul.pl\/ql\">Qu\u00eates litt\u00e9raires (PL)<\/a><\/li>\n<li><a href=\"https:\/\/www.erudit.org\/fr\/revues\/rssi\/\">Recherches s\u00e9miotiques \/ Semiotic inquiry<\/a><\/li>\n<li><a href=\"http:\/\/www.revue-relief.org\/\" target=\"_blank\" rel=\"noopener noreferrer\">Relief<\/a>: revue \u00e9lectronique de litt\u00e9rature fran\u00e7aise<\/li>\n<li><a href=\"https:\/\/www.cairn.info\/revue-critique.htm\">Revue Critique<\/a><\/li>\n<li><a href=\"https:\/\/classiques-garnier.com\/la-revue-des-lettres-modernes.html\">Revue des Lettres modernes<\/a><\/li>\n<li><a href=\"https:\/\/www.cairn.info\/revue-droit-et-litterature.htm\">Revue Droit &amp; Litt\u00e9rature<\/a><\/li>\n<li><a href=\"https:\/\/classiques-garnier.com\/revue-d-histoire-litteraire-de-la-france.html\">Revue d&rsquo;Histoire litt\u00e9raire de la France<\/a><\/li>\n<\/ul>\n<ul>\n<li><a href=\"https:\/\/classiques-garnier.com\/romanesques.html\">Romanesques<\/a><\/li>\n<li><a href=\"https:\/\/savoirsenprisme.com\/\">Savoirs en Prisme<\/a><\/li>\n<li><a href=\"http:\/\/www.signata.ulg.ac.be\/\">Signata. Annales de s\u00e9miotique<\/a><\/li>\n<li><a href=\"https:\/\/journals.openedition.org\/skenegraphie\/\">Sk\u00e9n&amp;graphie &#8211; Coulisses des arts du spectacle et des sc\u00e8nes \u00e9mergentes<\/a><\/li>\n<li><a href=\"http:\/\/revues-msh.uca.fr\/sociopoetiques\/\">Sociopo\u00e9tiques<\/a><\/li>\n<li><a href=\"https:\/\/revistas.ucm.es\/index.php\/THEL\/index\">Th\u00e9l\u00e8me. Revista Complutense de Estudios Franceses<\/a><\/li>\n<li><a href=\"http:\/\/www.revuetraitsdunion.org\">Traints d&rsquo;union<\/a><\/li>\n<li><a href=\"https:\/\/journals.openedition.org\/trans\/\">TRANS- &#8211; Revue de litt\u00e9rature g\u00e9n\u00e9rale et compar\u00e9e<\/a><\/li>\n<\/ul>\n<\/li>\n<li><a href=\"https:\/\/www.senscritique.com\/\">SensCritique<\/a>: avis de musiques, films, jeux vid\u00e9o, BD, livres<\/li>\n<li><a href=\"http:\/\/www.lib.uchicago.edu\/efts\/ARTFL\/projects\/TLA\/\" target=\"_blank\" rel=\"noopener noreferrer\">Textes de fran\u00e7ais ancien<\/a><\/li>\n<li><a href=\"http:\/\/www.variance.ch\/\">Variance<\/a>: plateforme de publication<\/li>\n<li><a href=\"https:\/\/www.wattpad.com\/\">Wattpad<\/a>: communaut\u00e9 de lecteurs et d&rsquo;\u00e9crivains<\/li>\n<li><a href=\"http:\/\/weblettres.net\/\">Weblettres<\/a>: portail de l&rsquo;enseignement des lettres<\/li>\n<li><a href=\"http:\/\/fr.wikisource.org\/\" target=\"_blank\" rel=\"noopener noreferrer\">Wikisource<\/a>: biblioth\u00e8que libre<\/li>\n<li>Nous avons \u00e9labor\u00e9 deux genres: <a href=\"file:\/\/\/H:\/notities\/rs%20-%20OneDrive-2018-04-24\/rslitrp.htm\">Le polar<\/a> &#8211; <a href=\"file:\/\/\/H:\/notities\/rs%20-%20OneDrive-2018-04-24\/rsbd.htm\">La BD<\/a><\/li>\n<li>Vous trouverez des <b>textes<\/b> dans le <a href=\"http:\/\/www.gutenberg.org\/\" target=\"_blank\" rel=\"noopener noreferrer\">Projet Gutenberg<\/a> et ailleurs<\/li>\n<\/ul>\n<span class=\"last-modified-timestamp\">Jan 10, 2026 @ 5:08 pm<\/span>\n","protected":false},"excerpt":{"rendered":"<p>ABU: la biblioth\u00e8que universelle Acad\u00e9mie royale des Sciences, des Lettres et des Beaux-Arts de Belgique ActuaLitt\u00e9 Alloprof <a href=\"http:\/\/Alire.COM\" class=\"autohyperlink\">Alire.COM<\/a> Amazon.fr: librairie virtuelle Audible: livres audio et podcasts Audiocit\u00e9: livres audio gratuits en mp3 Audiolib: livres \u00e0 \u00e9couter Auteurs Etudes bachelardiennes Bulletin de la Soci\u00e9t\u00e9 Paul Claudel Gustave Flaubert Maupassantiana Maupassant par<\/p>\n","protected":false},"author":1,"featured_media":0,"parent":0,"menu_order":0,"comment_status":"closed","ping_status":"closed","template":"","meta":{"footnotes":"","_wp_rev_ctl_limit":""},"class_list":["post-2631","page","type-page","status-publish","hentry"],"publishpress_future_action":{"enabled":false,"date":"2026-05-02 09:15:19","action":"change-status","newStatus":"draft","terms":[],"taxonomy":"","extraData":[]},"publishpress_future_workflow_manual_trigger":{"enabledWorkflows":[]},"_links":{"self":[{"href":"https:\/\/hlrnet.com\/sites\/alt128\/wp-json\/wp\/v2\/pages\/2631","targetHints":{"allow":["GET"]}}],"collection":[{"href":"https:\/\/hlrnet.com\/sites\/alt128\/wp-json\/wp\/v2\/pages"}],"about":[{"href":"https:\/\/hlrnet.com\/sites\/alt128\/wp-json\/wp\/v2\/types\/page"}],"author":[{"embeddable":true,"href":"https:\/\/hlrnet.com\/sites\/alt128\/wp-json\/wp\/v2\/users\/1"}],"replies":[{"embeddable":true,"href":"https:\/\/hlrnet.com\/sites\/alt128\/wp-json\/wp\/v2\/comments?post=2631"}],"version-history":[{"count":216,"href":"https:\/\/hlrnet.com\/sites\/alt128\/wp-json\/wp\/v2\/pages\/2631\/revisions"}],"predecessor-version":[{"id":6685,"href":"https:\/\/hlrnet.com\/sites\/alt128\/wp-json\/wp\/v2\/pages\/2631\/revisions\/6685"}],"wp:attachment":[{"href":"https:\/\/hlrnet.com\/sites\/alt128\/wp-json\/wp\/v2\/media?parent=2631"}],"curies":[{"name":"wp","href":"https:\/\/api.w.org\/{rel}","templated":true}]}}